{"version":"1.0","provider_name":"Av. Deniz Can K\u0131z\u0131l","provider_url":"https:\/\/denizcankizil.tr\/uk","author_name":"admin","author_url":"https:\/\/denizcankizil.tr\/uk\/author\/admin\/","title":"Antalya'da \u0130cra, \u0130flas ve Konkordato Davalar\u0131 Hakk\u0131nda","type":"rich","width":600,"height":338,"html":"<blockquote class=\"wp-embedded-content\" data-secret=\"UaFpnqADBg\"><a href=\"https:\/\/denizcankizil.tr\/uk\/seo\/antalyada-icra-iflas-ve-konkordato-davalari-hakkinda\/\">Antalya&#8217;da \u0130cra, \u0130flas ve Konkordato Davalar\u0131 Hakk\u0131nda<\/a><\/blockquote><iframe sandbox=\"allow-scripts\" security=\"restricted\" src=\"https:\/\/denizcankizil.tr\/uk\/seo\/antalyada-icra-iflas-ve-konkordato-davalari-hakkinda\/embed\/#?secret=UaFpnqADBg\" width=\"600\" height=\"338\" title=\"&#8220;Antalya&#8217;da \u0130cra, \u0130flas ve Konkordato Davalar\u0131 Hakk\u0131nda&#8221; &#8212; Av. Deniz Can K\u0131z\u0131l\" data-secret=\"UaFpnqADBg\" frameborder=\"0\" marginwidth=\"0\" marginheight=\"0\" scrolling=\"no\" class=\"wp-embedded-content\"><\/iframe><script>\n\/*! This file is auto-generated *\/\n!function(d,l){\"use strict\";l.querySelector&&d.addEventListener&&\"undefined\"!=typeof URL&&(d.wp=d.wp||{},d.wp.receiveEmbedMessage||(d.wp.receiveEmbedMessage=function(e){var t=e.data;if((t||t.secret||t.message||t.value)&&!\/[^a-zA-Z0-9]\/.test(t.secret)){for(var s,r,n,a=l.querySelectorAll('iframe[data-secret=\"'+t.secret+'\"]'),o=l.querySelectorAll('blockquote[data-secret=\"'+t.secret+'\"]'),c=new RegExp(\"^https?:$\",\"i\"),i=0;i<o.length;i++)o[i].style.display=\"none\";for(i=0;i<a.length;i++)s=a[i],e.source===s.contentWindow&&(s.removeAttribute(\"style\"),\"height\"===t.message?(1e3<(r=parseInt(t.value,10))?r=1e3:~~r<200&&(r=200),s.height=r):\"link\"===t.message&&(r=new URL(s.getAttribute(\"src\")),n=new URL(t.value),c.test(n.protocol))&&n.host===r.host&&l.activeElement===s&&(d.top.location.href=t.value))}},d.addEventListener(\"message\",d.wp.receiveEmbedMessage,!1),l.addEventListener(\"DOMContentLoaded\",function(){for(var e,t,s=l.querySelectorAll(\"iframe.wp-embedded-content\"),r=0;r<s.length;r++)(t=(e=s[r]).getAttribute(\"data-secret\"))||(t=Math.random().toString(36).substring(2,12),e.src+=\"#?secret=\"+t,e.setAttribute(\"data-secret\",t)),e.contentWindow.postMessage({message:\"ready\",secret:t},\"*\")},!1)))}(window,document);\n\/\/# sourceURL=https:\/\/denizcankizil.tr\/wp-includes\/js\/wp-embed.min.js\n<\/script>","thumbnail_url":"https:\/\/denizcankizil.tr\/wp-content\/uploads\/2024\/10\/3812-antalyada-icra-iflas-ve-konkordato-davalari-hakkinda.jpg","thumbnail_width":800,"thumbnail_height":800,"description":"Antalya'da icra, iflas ve konkordato davalar\u0131, ekonomik zorluklar ya\u015fayan bor\u00e7lular i\u00e7in \u00f6nemli hukuki s\u00fcre\u00e7lerdir. Bu davalar, bor\u00e7lar\u0131n yeniden yap\u0131land\u0131r\u0131lmas\u0131 ve alacakl\u0131larla uzla\u015fma sa\u011flamay\u0131 ama\u00e7lar. Yasal s\u00fcrecin do\u011fru y\u00f6netilmesi, taraflar\u0131n haklar\u0131n\u0131 korumak a\u00e7\u0131s\u0131ndan kritik \u00f6neme sahiptir."}