{"version":"1.0","provider_name":"Av. Deniz Can K\u0131z\u0131l","provider_url":"https:\/\/denizcankizil.tr\/uk","author_name":"Hukuki Haber.net","author_url":"https:\/\/denizcankizil.tr\/uk\/author\/hukukihabernet\/","title":"Sakarya Barosu'nun yeni Ba\u015fkan\u0131 avukat Musa Ad\u0131yaman oldu","type":"rich","width":600,"height":338,"html":"<blockquote class=\"wp-embedded-content\" data-secret=\"wPWkkL5t3e\"><a href=\"https:\/\/denizcankizil.tr\/uk\/hukukihaber\/sakarya-barosunun-yeni-baskani-avukat-musa-adiyaman-oldu\/\">Sakarya Barosu&#8217;nun yeni Ba\u015fkan\u0131 avukat Musa Ad\u0131yaman oldu<\/a><\/blockquote><iframe sandbox=\"allow-scripts\" security=\"restricted\" src=\"https:\/\/denizcankizil.tr\/uk\/hukukihaber\/sakarya-barosunun-yeni-baskani-avukat-musa-adiyaman-oldu\/embed\/#?secret=wPWkkL5t3e\" width=\"600\" height=\"338\" title=\"&#8220;Sakarya Barosu&#8217;nun yeni Ba\u015fkan\u0131 avukat Musa Ad\u0131yaman oldu&#8221; &#8212; Av. Deniz Can K\u0131z\u0131l\" data-secret=\"wPWkkL5t3e\" frameborder=\"0\" marginwidth=\"0\" marginheight=\"0\" scrolling=\"no\" class=\"wp-embedded-content\"><\/iframe><script>\n\/*! This file is auto-generated *\/\n!function(d,l){\"use strict\";l.querySelector&&d.addEventListener&&\"undefined\"!=typeof URL&&(d.wp=d.wp||{},d.wp.receiveEmbedMessage||(d.wp.receiveEmbedMessage=function(e){var t=e.data;if((t||t.secret||t.message||t.value)&&!\/[^a-zA-Z0-9]\/.test(t.secret)){for(var s,r,n,a=l.querySelectorAll('iframe[data-secret=\"'+t.secret+'\"]'),o=l.querySelectorAll('blockquote[data-secret=\"'+t.secret+'\"]'),c=new RegExp(\"^https?:$\",\"i\"),i=0;i<o.length;i++)o[i].style.display=\"none\";for(i=0;i<a.length;i++)s=a[i],e.source===s.contentWindow&&(s.removeAttribute(\"style\"),\"height\"===t.message?(1e3<(r=parseInt(t.value,10))?r=1e3:~~r<200&&(r=200),s.height=r):\"link\"===t.message&&(r=new URL(s.getAttribute(\"src\")),n=new URL(t.value),c.test(n.protocol))&&n.host===r.host&&l.activeElement===s&&(d.top.location.href=t.value))}},d.addEventListener(\"message\",d.wp.receiveEmbedMessage,!1),l.addEventListener(\"DOMContentLoaded\",function(){for(var e,t,s=l.querySelectorAll(\"iframe.wp-embedded-content\"),r=0;r<s.length;r++)(t=(e=s[r]).getAttribute(\"data-secret\"))||(t=Math.random().toString(36).substring(2,12),e.src+=\"#?secret=\"+t,e.setAttribute(\"data-secret\",t)),e.contentWindow.postMessage({message:\"ready\",secret:t},\"*\")},!1)))}(window,document);\n\/\/# sourceURL=https:\/\/denizcankizil.tr\/wp-includes\/js\/wp-embed.min.js\n<\/script>","description":"T\u00f6ren sonras\u0131 vefat eden avukatlar; Nadir Latif \u0130slam, \u0130srafil Kaya, Sadettin Bilgin, \u0130smail G\u00f6rg\u00fcl\u00fc, Yunus Emre Baki, Yusuf Topalo\u011flu, Bedri Ayta\u00e7, \u00d6zdemir Apayd\u0131n ve Fatma Nedret Karaku\u015f i\u00e7in Atat\u00fcrk An\u0131t\u0131\u2019na k\u0131rm\u0131z\u0131 g\u00fcl b\u0131rak\u0131ld\u0131. Genel Kurulun birinci g\u00fcn\u00fcnde divan ba\u015fkan\u0131 ve \u00fcyeleri se\u00e7ilerek g\u00fcndem maddeleri g\u00f6r\u00fc\u015f\u00fcld\u00fc. \u0130kinci g\u00fcnde ise baro ba\u015fkanl\u0131\u011f\u0131,\u00a0y\u00f6netim kurulu, denetleme kurulu, disiplin kurulu ve T\u00fcrkiye Barolar Birli\u011fi delege se\u00e7imleri yap\u0131ld\u0131. 902 oy alan Av. Musa Ad\u0131yaman, Sakarya Barosu\u2019nun yeni Ba\u015fkan\u0131 se\u00e7ildi. Ad\u0131yaman, se\u00e7ime tek aday olarak girdi. Se\u00e7imde toplam 1002 ki\u015fi oy kulland\u0131. Genel kurulda a\u00e7\u0131klamalar bulunan Ba\u015fkan Ad\u0131yaman, \u201cCumhuriyetimizin kurulu\u015f felsefesine ve kurucu de\u011ferlerine uygun olarak, hukukun \u00fcst\u00fcnl\u00fc\u011f\u00fcn\u00fc savunma ve insan haklar\u0131n\u0131 koruma \u00f6devi ile 1954 y\u0131l\u0131ndan bu yana faaliyetini s\u00fcrd\u00fcren baromuzun 56. Ola\u011fan Genel Kurulunun hay\u0131rl\u0131 olmas\u0131n\u0131 diliyor, hepinize ho\u015f geldiniz diyorum. \u00d6ncelikle, y\u0131llar i\u00e7erisinde baromuz i\u00e7in birlikte \u00e7al\u0131\u015fmaktan b\u00fcy\u00fck onur duydu\u011fum komisyon ve merkezlerde g\u00f6revli arkada\u015flar\u0131m ile; \u00e7al\u0131\u015fmalar\u0131m\u0131z esnas\u0131nda her t\u00fcrl\u00fc kolayl\u0131\u011f\u0131 sa\u011flayan, desteklerini hi\u00e7bir zaman esirgemeyen baro ba\u015fkan\u0131m\u0131z, \u00f6nceki d\u00f6nem baro ba\u015fkanlar\u0131m\u0131z ve y\u00f6netim kurullar\u0131m\u0131za te\u015fekk\u00fcr ediyorum. Baromuzda, bug\u00fcne kadar avukatl\u0131k mesle\u011finin ruhuna uygun \u015fekilde, mesle\u011fimizin onuru ve itibar\u0131 i\u00e7in emek harcayarak dayan\u0131\u015fma ve yard\u0131mla\u015fmadan ka\u00e7\u0131nmam\u0131\u015f t\u00fcm meslekta\u015flar\u0131ma, sayg\u0131 ve \u015f\u00fckranlar\u0131m\u0131 sunuyorum. K\u0131ymetli meslekta\u015flar\u0131m, meslek hayat\u0131m boyunca G\u00fc\u00e7l\u00fc baro, g\u00fc\u00e7l\u00fc avukat d\u00fcsturuna y\u00fcrekten inand\u0131m. &hellip;"}