{"version":"1.0","provider_name":"Av. Deniz Can K\u0131z\u0131l","provider_url":"https:\/\/denizcankizil.tr\/uk","author_name":"Hukuki Haber.net","author_url":"https:\/\/denizcankizil.tr\/uk\/author\/hukukihabernet\/","title":"AYM'nin 2021\/4722 ba\u015fvuru numaral\u0131 karar\u0131","type":"rich","width":600,"height":338,"html":"<blockquote class=\"wp-embedded-content\" data-secret=\"INxmOOwmgN\"><a href=\"https:\/\/denizcankizil.tr\/uk\/hukukihaber\/aymnin-2021-4722-basvuru-numarali-karari\/\">AYM&#8217;nin 2021\/4722 ba\u015fvuru numaral\u0131 karar\u0131<\/a><\/blockquote><iframe sandbox=\"allow-scripts\" security=\"restricted\" src=\"https:\/\/denizcankizil.tr\/uk\/hukukihaber\/aymnin-2021-4722-basvuru-numarali-karari\/embed\/#?secret=INxmOOwmgN\" width=\"600\" height=\"338\" title=\"&#8220;AYM&#8217;nin 2021\/4722 ba\u015fvuru numaral\u0131 karar\u0131&#8221; &#8212; Av. Deniz Can K\u0131z\u0131l\" data-secret=\"INxmOOwmgN\" frameborder=\"0\" marginwidth=\"0\" marginheight=\"0\" scrolling=\"no\" class=\"wp-embedded-content\"><\/iframe><script>\n\/*! This file is auto-generated *\/\n!function(d,l){\"use strict\";l.querySelector&&d.addEventListener&&\"undefined\"!=typeof URL&&(d.wp=d.wp||{},d.wp.receiveEmbedMessage||(d.wp.receiveEmbedMessage=function(e){var t=e.data;if((t||t.secret||t.message||t.value)&&!\/[^a-zA-Z0-9]\/.test(t.secret)){for(var s,r,n,a=l.querySelectorAll('iframe[data-secret=\"'+t.secret+'\"]'),o=l.querySelectorAll('blockquote[data-secret=\"'+t.secret+'\"]'),c=new RegExp(\"^https?:$\",\"i\"),i=0;i<o.length;i++)o[i].style.display=\"none\";for(i=0;i<a.length;i++)s=a[i],e.source===s.contentWindow&&(s.removeAttribute(\"style\"),\"height\"===t.message?(1e3<(r=parseInt(t.value,10))?r=1e3:~~r<200&&(r=200),s.height=r):\"link\"===t.message&&(r=new URL(s.getAttribute(\"src\")),n=new URL(t.value),c.test(n.protocol))&&n.host===r.host&&l.activeElement===s&&(d.top.location.href=t.value))}},d.addEventListener(\"message\",d.wp.receiveEmbedMessage,!1),l.addEventListener(\"DOMContentLoaded\",function(){for(var e,t,s=l.querySelectorAll(\"iframe.wp-embedded-content\"),r=0;r<s.length;r++)(t=(e=s[r]).getAttribute(\"data-secret\"))||(t=Math.random().toString(36).substring(2,12),e.src+=\"#?secret=\"+t,e.setAttribute(\"data-secret\",t)),e.contentWindow.postMessage({message:\"ready\",secret:t},\"*\")},!1)))}(window,document);\n\/\/# sourceURL=https:\/\/denizcankizil.tr\/wp-includes\/js\/wp-embed.min.js\n<\/script>","description":"T\u00dcRK\u0130YE CUMHUR\u0130YET\u0130 ANAYASA MAHKEMES\u0130 \u00a0 \u00a0 \u0130K\u0130NC\u0130 B\u00d6L\u00dcM \u00a0 KARAR \u00a0 HAKAN \u0130NC\u0130 BA\u015eVURUSU (Ba\u015fvuru Numaras\u0131: 2021\/4722) \u00a0 Karar Tarihi: 11\/12\/2024 \u0130K\u0130NC\u0130 B\u00d6L\u00dcM \u00a0 KARAR \u00a0 Ba\u015fkan : Basri BA\u011eCI \u00dcyeler : Engin YILDIRIM \u00a0 \u00a0 Kenan YA\u015eAR \u00a0 \u00a0 \u00d6mer \u00c7INAR \u00a0 \u00a0 Metin KIRATLI Raport\u00f6r : R\u0131dvan DEM\u0130R Ba\u015fvurucu : Hakan \u0130NC\u0130 Vekili : Av. Seda \u015eARALDI \u00a0 I. BA\u015eVURUNUN KONUSU 1. Ba\u015fvuru, ceza infaz kurumunda tutulan tutuklunun fiziksel sald\u0131r\u0131ya u\u011framas\u0131 ve bu olay hakk\u0131nda etkili bir ceza soru\u015fturmas\u0131 y\u00fcr\u00fct\u00fclmemesi nedeniyle k\u00f6t\u00fc muamele yasa\u011f\u0131n\u0131n ihlal edildi\u011fi iddias\u0131na ili\u015fkindir. 2. Ba\u015fvurucu, silahl\u0131 ter\u00f6r \u00f6rg\u00fct\u00fcne \u00fcye olma su\u00e7unu i\u015fledi\u011fi iddias\u0131yla Adana F Tipi Ceza \u0130nfaz Kurumunda tutuklu iken tahliyesine karar verilmesi \u00fczerine 19\/7\/2019 tarihinde adli bir su\u00e7a ili\u015fkin mahsup i\u015flemlerinin yap\u0131lmas\u0131 amac\u0131yla Adana E Tipi Ceza \u0130nfaz Kurumuna (Ceza \u0130nfaz Kurumu) nakledilmi\u015ftir. 3. Ba\u015fvurucunun beyanlar\u0131na g\u00f6re 20\/7\/2019 tarihinde, bulundu\u011fu ko\u011fu\u015fa gelen infaz ve koruma g\u00f6revlilerinin aya\u011fa kalkmas\u0131n\u0131 istemesine kar\u015f\u0131 \u00e7\u0131km\u0131\u015ft\u0131r. Bu sebeple fiziksel \u015fiddete u\u011fram\u0131\u015f ve tek ki\u015filik bir ko\u011fu\u015fa g\u00f6t\u00fcr\u00fclm\u00fc\u015ft\u00fcr. Ayr\u0131ca 21\/7\/2019 tarihinde Ceza \u0130nfaz Kurumu m\u00fcd\u00fcr\u00fcn\u00fcn g\u00f6zetimi alt\u0131nda h\u00fccreye al\u0131nm\u0131\u015f, h\u00fccrede elleri arkadan kelep\u00e7elenerek falakaya yat\u0131r\u0131lm\u0131\u015f, copla ayaklar\u0131n\u0131n alt\u0131na vurulmu\u015f, tuzlu suda z\u0131plat\u0131lm\u0131\u015f, bay\u0131lana kadar darbedilmi\u015ftir. 4. 20\/7\/2019 ve 21\/7\/2019 tarihlerinde Ceza \u0130nfaz Kurumunda g\u00f6revli infaz koruma memurlar\u0131 &hellip;"}