{"version":"1.0","provider_name":"Av. Deniz Can K\u0131z\u0131l","provider_url":"https:\/\/denizcankizil.tr\/uk","author_name":"Hukuki Haber.net","author_url":"https:\/\/denizcankizil.tr\/uk\/author\/hukukihabernet\/","title":"AYM'nin 2020\/26192 ba\u015fvuru numaral\u0131 karar\u0131","type":"rich","width":600,"height":338,"html":"<blockquote class=\"wp-embedded-content\" data-secret=\"dJSEyOLi0p\"><a href=\"https:\/\/denizcankizil.tr\/uk\/hukukihaber\/aymnin-2020-26192-basvuru-numarali-karari\/\">AYM&#8217;nin 2020\/26192 ba\u015fvuru numaral\u0131 karar\u0131<\/a><\/blockquote><iframe sandbox=\"allow-scripts\" security=\"restricted\" src=\"https:\/\/denizcankizil.tr\/uk\/hukukihaber\/aymnin-2020-26192-basvuru-numarali-karari\/embed\/#?secret=dJSEyOLi0p\" width=\"600\" height=\"338\" title=\"&#8220;AYM&#8217;nin 2020\/26192 ba\u015fvuru numaral\u0131 karar\u0131&#8221; &#8212; Av. Deniz Can K\u0131z\u0131l\" data-secret=\"dJSEyOLi0p\" frameborder=\"0\" marginwidth=\"0\" marginheight=\"0\" scrolling=\"no\" class=\"wp-embedded-content\"><\/iframe><script>\n\/*! This file is auto-generated *\/\n!function(d,l){\"use strict\";l.querySelector&&d.addEventListener&&\"undefined\"!=typeof URL&&(d.wp=d.wp||{},d.wp.receiveEmbedMessage||(d.wp.receiveEmbedMessage=function(e){var t=e.data;if((t||t.secret||t.message||t.value)&&!\/[^a-zA-Z0-9]\/.test(t.secret)){for(var s,r,n,a=l.querySelectorAll('iframe[data-secret=\"'+t.secret+'\"]'),o=l.querySelectorAll('blockquote[data-secret=\"'+t.secret+'\"]'),c=new RegExp(\"^https?:$\",\"i\"),i=0;i<o.length;i++)o[i].style.display=\"none\";for(i=0;i<a.length;i++)s=a[i],e.source===s.contentWindow&&(s.removeAttribute(\"style\"),\"height\"===t.message?(1e3<(r=parseInt(t.value,10))?r=1e3:~~r<200&&(r=200),s.height=r):\"link\"===t.message&&(r=new URL(s.getAttribute(\"src\")),n=new URL(t.value),c.test(n.protocol))&&n.host===r.host&&l.activeElement===s&&(d.top.location.href=t.value))}},d.addEventListener(\"message\",d.wp.receiveEmbedMessage,!1),l.addEventListener(\"DOMContentLoaded\",function(){for(var e,t,s=l.querySelectorAll(\"iframe.wp-embedded-content\"),r=0;r<s.length;r++)(t=(e=s[r]).getAttribute(\"data-secret\"))||(t=Math.random().toString(36).substring(2,12),e.src+=\"#?secret=\"+t,e.setAttribute(\"data-secret\",t)),e.contentWindow.postMessage({message:\"ready\",secret:t},\"*\")},!1)))}(window,document);\n\/\/# sourceURL=https:\/\/denizcankizil.tr\/wp-includes\/js\/wp-embed.min.js\n<\/script>","description":"T\u00dcRK\u0130YE CUMHUR\u0130YET\u0130 ANAYASA MAHKEMES\u0130 \u00a0 \u00a0 \u0130K\u0130NC\u0130 B\u00d6L\u00dcM \u00a0 KARAR \u00a0 ENG\u0130N G\u00d6KO\u011eLU BA\u015eVURUSU (Ba\u015fvuru Numaras\u0131: 2020\/26192) \u00a0 Karar Tarihi: 17\/12\/2024 \u0130K\u0130NC\u0130 B\u00d6L\u00dcM \u00a0 KARAR \u00a0 \u00a0 Ba\u015fkan : Basri BA\u011eCI \u00dcyeler : Engin YILDIRIM \u00a0 \u00a0 Kenan YA\u015eAR \u00a0 \u00a0 \u00d6mer \u00c7INAR \u00a0 \u00a0 Metin KIRATLI Raport\u00f6r : Mustafa Erdem ATLIHAN Ba\u015fvurucu : Engin G\u00d6KO\u011eLU Vekili : Av. Nazan Bet\u00fcl VANG\u00d6L\u00dc KOZA\u011eA\u00c7LI \u00a0 I. BA\u015eVURUNUN \u00d6ZET\u0130 1. Ba\u015fvuru, ceza infaz kurumunda protesto eylemine yap\u0131lan m\u00fcdahale s\u0131ras\u0131nda infaz koruma g\u00f6revlilerinin haks\u0131z g\u00fc\u00e7 kullanmas\u0131 sebebiyle bir ki\u015finin v\u00fccudunda kemik k\u0131r\u0131\u011f\u0131 olu\u015facak \u015fekilde yaralanmas\u0131 ve bu olay hakk\u0131nda y\u00fcr\u00fct\u00fclen ceza soru\u015fturmas\u0131n\u0131n etkisizli\u011fi nedeniyle eziyet yasa\u011f\u0131n\u0131n ihlal edildi\u011fi iddias\u0131na ili\u015fkindir. 2. Ba\u015fvurucu, DHKP-C silahl\u0131 ter\u00f6r \u00f6rg\u00fct\u00fc \u00fcyesi oldu\u011fu gerek\u00e7esiyle 21\/9\/2017 tarihinde tutuklanm\u0131\u015ft\u0131r. Ba\u015fvuru tarihi itibar\u0131yla tutuklu s\u0131fat\u0131yla Tekirda\u011f 2 No.lu T Tipi Kapal\u0131 Ceza \u0130nfaz Kurumunda (\u0130nfaz Kurumu) bar\u0131nd\u0131r\u0131lan ba\u015fvurucu, ba\u015fvurunun incelenme tarihi itibar\u0131yla sil\u00e2hl\u0131 ter\u00f6r \u00f6rg\u00fct\u00fcne \u00fcye olma su\u00e7unu i\u015flemi\u015f oldu\u011fu gerek\u00e7esiyle hapis cezas\u0131na mahk\u00fbm edilmi\u015f olup h\u00fck\u00fcml\u00fc s\u0131fat\u0131yla Tekirda\u011f 1 No.lu F Tipi Y\u00fcksek G\u00fcvenlikli Kapal\u0131 Ceza \u0130nfaz Kurumunda bar\u0131nd\u0131r\u0131lmaktad\u0131r. 3. \u0130nfaz koruma g\u00f6revlileri ba\u015fvuruya konu olay hakk\u0131nda 30\/10\/2017 tarihli bir tutanak tutmu\u015ftur. Bu tutana\u011fa g\u00f6re; &#8220;&#8230;oda de\u011fi\u015fikli\u011fi yap\u0131lan Sol Ter\u00f6r \u00d6rg\u00fct\u00fc h\u00fck\u00fcml\u00fc tutuklular\u0131 [A.D.], [M.D.], Engin G\u00f6ko\u011flu, [B.G.]&#8217;in kalmakta oldu\u011fu &hellip;"}