{"version":"1.0","provider_name":"Av. Deniz Can K\u0131z\u0131l","provider_url":"https:\/\/denizcankizil.tr\/uk","author_name":"Hukuki Haber.net","author_url":"https:\/\/denizcankizil.tr\/uk\/author\/hukukihabernet\/","title":"AYM'nin 2019\/23084 ba\u015fvuru numaral\u0131 karar\u0131","type":"rich","width":600,"height":338,"html":"<blockquote class=\"wp-embedded-content\" data-secret=\"mLuu1KSxm3\"><a href=\"https:\/\/denizcankizil.tr\/uk\/hukukihaber\/aymnin-2019-23084-basvuru-numarali-karari\/\">AYM&#8217;nin 2019\/23084 ba\u015fvuru numaral\u0131 karar\u0131<\/a><\/blockquote><iframe sandbox=\"allow-scripts\" security=\"restricted\" src=\"https:\/\/denizcankizil.tr\/uk\/hukukihaber\/aymnin-2019-23084-basvuru-numarali-karari\/embed\/#?secret=mLuu1KSxm3\" width=\"600\" height=\"338\" title=\"&#8220;AYM&#8217;nin 2019\/23084 ba\u015fvuru numaral\u0131 karar\u0131&#8221; &#8212; Av. Deniz Can K\u0131z\u0131l\" data-secret=\"mLuu1KSxm3\" frameborder=\"0\" marginwidth=\"0\" marginheight=\"0\" scrolling=\"no\" class=\"wp-embedded-content\"><\/iframe><script>\n\/*! This file is auto-generated *\/\n!function(d,l){\"use strict\";l.querySelector&&d.addEventListener&&\"undefined\"!=typeof URL&&(d.wp=d.wp||{},d.wp.receiveEmbedMessage||(d.wp.receiveEmbedMessage=function(e){var t=e.data;if((t||t.secret||t.message||t.value)&&!\/[^a-zA-Z0-9]\/.test(t.secret)){for(var s,r,n,a=l.querySelectorAll('iframe[data-secret=\"'+t.secret+'\"]'),o=l.querySelectorAll('blockquote[data-secret=\"'+t.secret+'\"]'),c=new RegExp(\"^https?:$\",\"i\"),i=0;i<o.length;i++)o[i].style.display=\"none\";for(i=0;i<a.length;i++)s=a[i],e.source===s.contentWindow&&(s.removeAttribute(\"style\"),\"height\"===t.message?(1e3<(r=parseInt(t.value,10))?r=1e3:~~r<200&&(r=200),s.height=r):\"link\"===t.message&&(r=new URL(s.getAttribute(\"src\")),n=new URL(t.value),c.test(n.protocol))&&n.host===r.host&&l.activeElement===s&&(d.top.location.href=t.value))}},d.addEventListener(\"message\",d.wp.receiveEmbedMessage,!1),l.addEventListener(\"DOMContentLoaded\",function(){for(var e,t,s=l.querySelectorAll(\"iframe.wp-embedded-content\"),r=0;r<s.length;r++)(t=(e=s[r]).getAttribute(\"data-secret\"))||(t=Math.random().toString(36).substring(2,12),e.src+=\"#?secret=\"+t,e.setAttribute(\"data-secret\",t)),e.contentWindow.postMessage({message:\"ready\",secret:t},\"*\")},!1)))}(window,document);\n\/\/# sourceURL=https:\/\/denizcankizil.tr\/wp-includes\/js\/wp-embed.min.js\n<\/script>","description":"T\u00dcRK\u0130YE CUMHUR\u0130YET\u0130 ANAYASA MAHKEMES\u0130 \u00a0 \u00a0 \u0130K\u0130NC\u0130 B\u00d6L\u00dcM \u00a0 KARAR \u00a0 ADNAN ATA\u00c7 BA\u015eVURUSU (Ba\u015fvuru Numaras\u0131: 2019\/23084) \u00a0 Karar Tarihi: 11\/12\/2024 \u0130K\u0130NC\u0130 B\u00d6L\u00dcM \u00a0 KARAR \u00a0 \u00a0 Ba\u015fkan : Basri BA\u011eCI \u00dcyeler : Engin YILDIRIM \u00a0 \u00a0 Kenan YA\u015eAR \u00a0 \u00a0 \u00d6mer \u00c7INAR \u00a0 \u00a0 Metin KIRATLI Raport\u00f6r : Tu\u011fba YILDIZ Ba\u015fvurucu : Adnan ATA\u00c7 Vekili : Av. \u0130kbal \u00d6zlem G\u00dcRAN \u00a0 I. BA\u015eVURUNUN KONUSU 1. Ba\u015fvuru, tam yarg\u0131 davas\u0131nda yarg\u0131laman\u0131n sonucuna etkili belgelerin tebli\u011f edilmemesi nedeniyle \u0131slah imk\u00e2n\u0131n\u0131n kulland\u0131r\u0131lmamas\u0131n\u0131n mahkemeye eri\u015fim hakk\u0131n\u0131 ihlal etti\u011fi iddias\u0131na ili\u015fkindir. II. BA\u015eVURU S\u00dcREC\u0130 2. Ba\u015fvuru 9\/7\/2019 tarihinde yap\u0131lm\u0131\u015ft\u0131r. 3. Komisyon, ba\u015fvurunun kabul edilebilirlik ve esas incelemesinin B\u00f6l\u00fcm taraf\u0131ndan yap\u0131lmas\u0131na karar vermi\u015ftir. 4. Ba\u015fvuru belgelerinin bir \u00f6rne\u011fi, bilgi i\u00e7in Adalet Bakanl\u0131\u011f\u0131na (Bakanl\u0131k) g\u00f6nderilmi\u015ftir. Bakanl\u0131k g\u00f6r\u00fc\u015f\u00fcn\u00fc bildirmi\u015ftir. III. OLAY VE OLGULAR 5. Ba\u015fvuru formu ve eklerinde ifade edildi\u011fi \u015fekliyle ilgili olaylar \u00f6zetle \u015f\u00f6yledir: 6. Ba\u015fvurucu 8\/6\/1949 tarihli ve 5434 say\u0131l\u0131 T\u00fcrkiye Cumhuriyeti Emekli Sand\u0131\u011f\u0131 Kanunu kapsam\u0131nda emekli olarak emekli ayl\u0131\u011f\u0131 almaya hak kazanm\u0131\u015ft\u0131r. 7. Anayasa Mahkemesinin 25\/12\/2014 tarihli ve E.2013\/111, K.2014\/195 say\u0131l\u0131 karar\u0131 ile 5434 say\u0131l\u0131 Kanun&#8217;un 89. maddesinin d\u00f6rd\u00fcnc\u00fc f\u0131kras\u0131n\u0131n birinci c\u00fcmlesinde yer alan emekli ikramiyesinin hesab\u0131nda otuz fiili hizmet y\u0131l\u0131ndan fazla ge\u00e7en s\u00fcrelerin dikkate al\u0131nmayaca\u011f\u0131na ili\u015fkin d\u00fczenleme iptal edilmi\u015ftir. 8. Ba\u015fvurucu, Anayasa Mahkemesinin &hellip;"}