{"version":"1.0","provider_name":"Av. Deniz Can K\u0131z\u0131l","provider_url":"https:\/\/denizcankizil.tr\/uk","author_name":"Hukuki Haber.net","author_url":"https:\/\/denizcankizil.tr\/uk\/author\/hukukihabernet\/","title":"AYM'nin 2018\/24266 ba\u015fvuru numaral\u0131 karar\u0131","type":"rich","width":600,"height":338,"html":"<blockquote class=\"wp-embedded-content\" data-secret=\"EuUPf1WraO\"><a href=\"https:\/\/denizcankizil.tr\/uk\/hukukihaber\/aymnin-2018-24266-basvuru-numarali-karari\/\">AYM&#8217;nin 2018\/24266 ba\u015fvuru numaral\u0131 karar\u0131<\/a><\/blockquote><iframe sandbox=\"allow-scripts\" security=\"restricted\" src=\"https:\/\/denizcankizil.tr\/uk\/hukukihaber\/aymnin-2018-24266-basvuru-numarali-karari\/embed\/#?secret=EuUPf1WraO\" width=\"600\" height=\"338\" title=\"&#8220;AYM&#8217;nin 2018\/24266 ba\u015fvuru numaral\u0131 karar\u0131&#8221; &#8212; Av. Deniz Can K\u0131z\u0131l\" data-secret=\"EuUPf1WraO\" frameborder=\"0\" marginwidth=\"0\" marginheight=\"0\" scrolling=\"no\" class=\"wp-embedded-content\"><\/iframe><script>\n\/*! This file is auto-generated *\/\n!function(d,l){\"use strict\";l.querySelector&&d.addEventListener&&\"undefined\"!=typeof URL&&(d.wp=d.wp||{},d.wp.receiveEmbedMessage||(d.wp.receiveEmbedMessage=function(e){var t=e.data;if((t||t.secret||t.message||t.value)&&!\/[^a-zA-Z0-9]\/.test(t.secret)){for(var s,r,n,a=l.querySelectorAll('iframe[data-secret=\"'+t.secret+'\"]'),o=l.querySelectorAll('blockquote[data-secret=\"'+t.secret+'\"]'),c=new RegExp(\"^https?:$\",\"i\"),i=0;i<o.length;i++)o[i].style.display=\"none\";for(i=0;i<a.length;i++)s=a[i],e.source===s.contentWindow&&(s.removeAttribute(\"style\"),\"height\"===t.message?(1e3<(r=parseInt(t.value,10))?r=1e3:~~r<200&&(r=200),s.height=r):\"link\"===t.message&&(r=new URL(s.getAttribute(\"src\")),n=new URL(t.value),c.test(n.protocol))&&n.host===r.host&&l.activeElement===s&&(d.top.location.href=t.value))}},d.addEventListener(\"message\",d.wp.receiveEmbedMessage,!1),l.addEventListener(\"DOMContentLoaded\",function(){for(var e,t,s=l.querySelectorAll(\"iframe.wp-embedded-content\"),r=0;r<s.length;r++)(t=(e=s[r]).getAttribute(\"data-secret\"))||(t=Math.random().toString(36).substring(2,12),e.src+=\"#?secret=\"+t,e.setAttribute(\"data-secret\",t)),e.contentWindow.postMessage({message:\"ready\",secret:t},\"*\")},!1)))}(window,document);\n\/\/# sourceURL=https:\/\/denizcankizil.tr\/wp-includes\/js\/wp-embed.min.js\n<\/script>","description":"T\u00dcRK\u0130YE CUMHUR\u0130YET\u0130 ANAYASA MAHKEMES\u0130 \u00a0 \u00a0 B\u0130R\u0130NC\u0130 B\u00d6L\u00dcM \u00a0 KARAR \u00a0 TURGUT YOKU\u015e BA\u015eVURUSU (2) (Ba\u015fvuru Numaras\u0131: 2018\/24266) \u00a0 Karar Tarihi: 18\/12\/2024 B\u0130R\u0130NC\u0130 B\u00d6L\u00dcM \u00a0 KARAR \u00a0 \u00a0 Ba\u015fkan : Hasan Tahsin G\u00d6KCAN \u00dcyeler : Recai AKYEL \u00a0 \u00a0 Yusuf \u015eevki HAKYEMEZ \u00a0 \u00a0 Selahaddin MENTE\u015e \u00a0 \u00a0 Y\u0131lmaz AK\u00c7\u0130L Raport\u00f6r : Ali Erdem \u015eAH\u0130N Ba\u015fvurucu : Turgut YOKU\u015e Vekili : Av. \u0130lkay BAH\u00c7ETEPE KARAKURT \u00a0 I. BA\u015eVURUNUN \u00d6ZET\u0130 1. Ba\u015fvuru, kamu g\u00f6revlisinin kat\u0131ld\u0131\u011f\u0131 toplant\u0131dan dolay\u0131 il d\u0131\u015f\u0131na naklen atanmas\u0131 nedeniyle sendika hakk\u0131n\u0131n ihlal edildi\u011fi iddias\u0131na ili\u015fkindir. 2. Ba\u015fvurucu, ba\u015fvuruya konu olaylar\u0131n ya\u015fand\u0131\u011f\u0131 tarihte \u0130stanbul&#8217;daki bir ilkokulda s\u0131n\u0131f \u00f6\u011fretmeni olarak g\u00f6rev yapmaktad\u0131r. Ba\u015fvurucu ayn\u0131 zamanda E\u011fitim ve Bilim Emek\u00e7ileri Sendikas\u0131 (E\u011e\u0130T\u0130M SEN) \u0130stanbul 2 No.lu \u015eubenin ba\u015fkan\u0131d\u0131r. 3. Somut olay 2015 y\u0131l\u0131 Haziran ay\u0131ndan itibaren yo\u011fun bir \u015fekilde maruz kal\u0131nan ter\u00f6r eylemleriyle m\u00fccadele kapsam\u0131nda baz\u0131 il\u00e7elerde soka\u011fa \u00e7\u0131kma yasa\u011f\u0131 ilan edilmesi etraf\u0131nda \u015fekillenmi\u015ftir (arka plan bilgisi i\u00e7in bkz. Dilek Kaya, B. No: 2018\/14313, 17\/7\/2019, \u00a7\u00a7 8-11). An\u0131lan olaylar kapsam\u0131nda Cizre ve Silopi&#8217;deki \u00f6\u011fretmenlere hizmet i\u00e7i e\u011fitime al\u0131nd\u0131klar\u0131n\u0131n bildirilmesi \u00fczerine Sendika 21\/12\/2015 tarihinde eylem karar\u0131 alm\u0131\u015ft\u0131r. An\u0131lan eylem karar\u0131 \u015f\u00f6yledir: &#8220;Cizre ve Silopi&#8217;deki \u00f6\u011fretmenlere il\u00e7e milli e\u011fitim m\u00fcd\u00fcr\u00fcl\u00fckleri taraf\u0131ndan g\u00f6nderilenSMS ile hizmet i\u00e7i e\u011fitimde g\u00f6revlendirildikleri ve bu e\u011fitimi gidecekleri illerde alabilecekleri &hellip;"}