{"version":"1.0","provider_name":"Av. Deniz Can K\u0131z\u0131l","provider_url":"https:\/\/denizcankizil.tr\/uk","author_name":"Antalya K\u00f6rfez","author_url":"https:\/\/denizcankizil.tr\/uk\/author\/www-antalyakorfez-com\/","title":"Zeytin kanunu b\u00f6yle delindi!","type":"rich","width":600,"height":338,"html":"<blockquote class=\"wp-embedded-content\" data-secret=\"CnWgCaX1J3\"><a href=\"https:\/\/denizcankizil.tr\/uk\/haberler\/gundem\/zeytin-kanunu-boyle-delindi\/\">Zeytin kanunu b\u00f6yle delindi!<\/a><\/blockquote><iframe sandbox=\"allow-scripts\" security=\"restricted\" src=\"https:\/\/denizcankizil.tr\/uk\/haberler\/gundem\/zeytin-kanunu-boyle-delindi\/embed\/#?secret=CnWgCaX1J3\" width=\"600\" height=\"338\" title=\"&#8220;Zeytin kanunu b\u00f6yle delindi!&#8221; &#8212; Av. Deniz Can K\u0131z\u0131l\" data-secret=\"CnWgCaX1J3\" frameborder=\"0\" marginwidth=\"0\" marginheight=\"0\" scrolling=\"no\" class=\"wp-embedded-content\"><\/iframe><script>\n\/*! This file is auto-generated *\/\n!function(d,l){\"use strict\";l.querySelector&&d.addEventListener&&\"undefined\"!=typeof URL&&(d.wp=d.wp||{},d.wp.receiveEmbedMessage||(d.wp.receiveEmbedMessage=function(e){var t=e.data;if((t||t.secret||t.message||t.value)&&!\/[^a-zA-Z0-9]\/.test(t.secret)){for(var s,r,n,a=l.querySelectorAll('iframe[data-secret=\"'+t.secret+'\"]'),o=l.querySelectorAll('blockquote[data-secret=\"'+t.secret+'\"]'),c=new RegExp(\"^https?:$\",\"i\"),i=0;i<o.length;i++)o[i].style.display=\"none\";for(i=0;i<a.length;i++)s=a[i],e.source===s.contentWindow&&(s.removeAttribute(\"style\"),\"height\"===t.message?(1e3<(r=parseInt(t.value,10))?r=1e3:~~r<200&&(r=200),s.height=r):\"link\"===t.message&&(r=new URL(s.getAttribute(\"src\")),n=new URL(t.value),c.test(n.protocol))&&n.host===r.host&&l.activeElement===s&&(d.top.location.href=t.value))}},d.addEventListener(\"message\",d.wp.receiveEmbedMessage,!1),l.addEventListener(\"DOMContentLoaded\",function(){for(var e,t,s=l.querySelectorAll(\"iframe.wp-embedded-content\"),r=0;r<s.length;r++)(t=(e=s[r]).getAttribute(\"data-secret\"))||(t=Math.random().toString(36).substring(2,12),e.src+=\"#?secret=\"+t,e.setAttribute(\"data-secret\",t)),e.contentWindow.postMessage({message:\"ready\",secret:t},\"*\")},!1)))}(window,document);\n\/\/# sourceURL=https:\/\/denizcankizil.tr\/wp-includes\/js\/wp-embed.min.js\n<\/script>","description":"Mu\u011fla\u2019n\u0131n Milas il\u00e7esi b\u00f6lgedeki \u00f6nemli zeytin \u00fcretim merkezlerinden biri. T\u00fcrkiye\u2019de \u00fcretilen her on tane zeytinden biri Milas\u2019tan sofralara ula\u015f\u0131yor. Mu\u011fla genelindeki zeytincili\u011fin y\u00fczde seksenini kar\u015f\u0131layan Milas\u2019ta yakla\u015f\u0131k 53 bin hektarl\u0131k alanda zeytincilik yap\u0131l\u0131yor ve y\u0131lda yakla\u015f\u0131k 100 bin ton zeytin \u00fcretiliyor. Yap\u0131lan bilimsel \u00e7al\u0131\u015fmalarda b\u00f6lgedeki varl\u0131\u011f\u0131 yakla\u015f\u0131k 8 bin y\u0131l \u00f6ncesine kadar uzanan zeytin a\u011fa\u00e7lar\u0131, Milas\u2019ta g\u00fcn\u00fcm\u00fczde yakla\u015f\u0131k 7,8 milyon zeytin a\u011fac\u0131 bulunuyor. Milas Kaymakaml\u0131\u011f\u0131\u2019n\u0131n verilerine g\u00f6re il\u00e7ede y\u0131lda 80 bin tonun \u00fczerinde zeytinya\u011f\u0131 \u00fcretiliyor. SOFRALARIMIZDAK\u0130 ZEYT\u0130N\u0130N ANAVATANI OLAN TOPRAKLAR Antalya K\u00f6rfez Gazetesi muhabiri Yusuf Yavuz&#8217;un haberine g\u00f6re;\u00a0 Anavatan\u0131 G\u00fcneydo\u011fu Anadolu B\u00f6lgesini de kapsayan Do\u011fu Akdeniz ve Yukar\u0131 Mezopotamya b\u00f6lgesi olan zeytin, t\u00fcm d\u00fcnyada sadece belirli b\u00f6lgelerde yeti\u015fiyor. Oleace familyas\u0131na ait Olea cinsinin bir t\u00fcr\u00fc olan \u2018Olea europaea L.\u2019, bug\u00fcn sofralar\u0131m\u0131zda t\u00fcketti\u011fimiz zeytin ve zeytinya\u011f\u0131n\u0131n kayna\u011f\u0131n\u0131 olu\u015fturuyor. Ege\u2019den Akdeniz adalar\u0131na binlerce y\u0131ll\u0131k zeytin a\u011fa\u00e7lar\u0131n\u0131n varl\u0131\u011f\u0131, kurakl\u0131\u011fa ve zorlu iklim \u015fartlar\u0131na dayan\u0131kl\u0131 bu t\u00fcre \u00f6lmez a\u011fac\u0131 denilmesine neden olan etkenlerden biri. Zeytin a\u011fac\u0131, kendini yenileyebilen \u00f6zelli\u011fi ve sundu\u011fu bereket ile binlerce y\u0131ld\u0131r Kud\u00fcs\u2019ten Roma\u2019ya, Kartaca\u2019dan End\u00fcl\u00fcs\u2019e, Antakya\u2019dan Sicilya\u2019ya, Girit\u2019ten \u0130zmir\u2019e t\u00fcm Akdeniz co\u011frafyas\u0131nda ya\u015fam k\u00fclt\u00fcr\u00fcn\u00fcn \u00f6nemli bir par\u00e7as\u0131 olmu\u015f. CUMHUR\u0130YET D\u00d6NEM\u0130NDE B\u0130R A\u011eACI KORUMAK \u0130\u00c7\u0130N \u00c7IKAIRLAN YASA T\u00fcrkiye\u2019de zeytin a\u011fac\u0131yla ilgili 1939\u2019da \u00e7\u0131kar\u0131lan ve k\u0131saca \u2018Zeytin Kanunu\u2019 olarak an\u0131lan \u2018Zeytincili\u011fin Islah\u0131 &hellip;"}