{"version":"1.0","provider_name":"Av. Deniz Can K\u0131z\u0131l","provider_url":"https:\/\/denizcankizil.tr\/uk","author_name":"Antalya K\u00f6rfez","author_url":"https:\/\/denizcankizil.tr\/uk\/author\/www-antalyakorfez-com\/","title":"Zeydan Karalar da g\u00f6revden uzakla\u015ft\u0131r\u0131ld\u0131","type":"rich","width":600,"height":338,"html":"<blockquote class=\"wp-embedded-content\" data-secret=\"GcFZJ0ynX2\"><a href=\"https:\/\/denizcankizil.tr\/uk\/haberler\/gundem\/zeydan-karalar-da-gorevden-uzaklastirildi\/\">Zeydan Karalar da g\u00f6revden uzakla\u015ft\u0131r\u0131ld\u0131<\/a><\/blockquote><iframe sandbox=\"allow-scripts\" security=\"restricted\" src=\"https:\/\/denizcankizil.tr\/uk\/haberler\/gundem\/zeydan-karalar-da-gorevden-uzaklastirildi\/embed\/#?secret=GcFZJ0ynX2\" width=\"600\" height=\"338\" title=\"&#8220;Zeydan Karalar da g\u00f6revden uzakla\u015ft\u0131r\u0131ld\u0131&#8221; &#8212; Av. Deniz Can K\u0131z\u0131l\" data-secret=\"GcFZJ0ynX2\" frameborder=\"0\" marginwidth=\"0\" marginheight=\"0\" scrolling=\"no\" class=\"wp-embedded-content\"><\/iframe><script>\n\/*! This file is auto-generated *\/\n!function(d,l){\"use strict\";l.querySelector&&d.addEventListener&&\"undefined\"!=typeof URL&&(d.wp=d.wp||{},d.wp.receiveEmbedMessage||(d.wp.receiveEmbedMessage=function(e){var t=e.data;if((t||t.secret||t.message||t.value)&&!\/[^a-zA-Z0-9]\/.test(t.secret)){for(var s,r,n,a=l.querySelectorAll('iframe[data-secret=\"'+t.secret+'\"]'),o=l.querySelectorAll('blockquote[data-secret=\"'+t.secret+'\"]'),c=new RegExp(\"^https?:$\",\"i\"),i=0;i<o.length;i++)o[i].style.display=\"none\";for(i=0;i<a.length;i++)s=a[i],e.source===s.contentWindow&&(s.removeAttribute(\"style\"),\"height\"===t.message?(1e3<(r=parseInt(t.value,10))?r=1e3:~~r<200&&(r=200),s.height=r):\"link\"===t.message&&(r=new URL(s.getAttribute(\"src\")),n=new URL(t.value),c.test(n.protocol))&&n.host===r.host&&l.activeElement===s&&(d.top.location.href=t.value))}},d.addEventListener(\"message\",d.wp.receiveEmbedMessage,!1),l.addEventListener(\"DOMContentLoaded\",function(){for(var e,t,s=l.querySelectorAll(\"iframe.wp-embedded-content\"),r=0;r<s.length;r++)(t=(e=s[r]).getAttribute(\"data-secret\"))||(t=Math.random().toString(36).substring(2,12),e.src+=\"#?secret=\"+t,e.setAttribute(\"data-secret\",t)),e.contentWindow.postMessage({message:\"ready\",secret:t},\"*\")},!1)))}(window,document);\n\/\/# sourceURL=https:\/\/denizcankizil.tr\/wp-includes\/js\/wp-embed.min.js\n<\/script>","description":"\u0130stanbul merkezli yolsuzluk soru\u015fturmalar\u0131nda g\u00f6zalt\u0131na al\u0131nan Adana B\u00fcy\u00fck\u015fehir Belediye Ba\u015fkan\u0131 Zeydan Karalar ve B\u00fcy\u00fck\u00e7ekmece Belediye Ba\u015fkan Vekili Ahmet \u015eahin d\u00fcn tutuklanm\u0131\u015ft\u0131. \u0130\u00e7i\u015fleri Bakanl\u0131\u011f\u0131, tutuklanan Adana B\u00fcy\u00fck\u015fehir Belediye Ba\u015fkan\u0131 Karalar ve B\u00fcy\u00fck\u00e7ekmece Belediye Ba\u015fkanvekili \u015eahin&#8217;in ge\u00e7ici tedbirle g\u00f6revlerinden uzakla\u015ft\u0131r\u0131ld\u0131\u011f\u0131n\u0131 bildirdi. \u0130\u00c7\u0130\u015eLER\u0130 BAKANLI\u011eI\u2019NIN A\u00c7IKLAMASI \u0130\u00e7i\u015fler bakanl\u0131\u011f\u0131 yapt\u0131\u011f\u0131 a\u00e7\u0131klamada, \u201cAdana B\u00fcy\u00fck\u015fehir Belediye Ba\u015fkan\u0131 Zeydan KARALAR hakk\u0131nda \u201c\u0130cbar Suretiyle \u0130rtikap&#8221; su\u00e7undan y\u00fcr\u00fct\u00fclen soru\u015fturma kapsam\u0131nda \u0130stanbul 8. Sulh Ceza Hakimli\u011finin 8 Temmuz 2025 tarih ve 2025\/856 sorgu numaral\u0131 karar\u0131 ile tutuklanmas\u0131 \u00fczerine, Anayasa&#8217;n\u0131n 127&#8217;inci maddesi ile 5393 say\u0131l\u0131 Belediye Kanunu&#8217;nun 47&#8217;inci maddesi gere\u011fince ge\u00e7ici bir tedbir olarak \u0130\u00e7i\u015fleri Bakanl\u0131\u011f\u0131&#8217;nca g\u00f6revden uzakla\u015ft\u0131r\u0131lm\u0131\u015ft\u0131r\u201d denildi. Adana B\u00fcy\u00fck\u015fehir Belediye Ba\u015fkan\u0131 ve B\u00fcy\u00fck\u00e7ekmece Belediye Ba\u015fkan Vekilinin \u0130\u00e7i\u015fleri Bakanl\u0131\u011f\u0131nca G\u00f6revden Uzakla\u015ft\u0131r\u0131lmas\u0131na Dair Bas\u0131n A\u00e7\u0131klamas\u0131: pic.twitter.com\/eWqGXmPYJT \u2014 T.C. \u0130\u00e7i\u015fleri Bakanl\u0131\u011f\u0131 (@TC_icisleri) July 9, 2025 \u200b\u0130\u00e7i\u015fleri Bakanl\u0131\u011f\u0131, Antalya B\u00fcy\u00fck\u015fehir Belediye Ba\u015fkan\u0131 Muhittin B\u00f6cek ve Manavgat Belediye Ba\u015fkan\u0131 Niyazi Nefi Kara&#8217;dan sonra Adana B\u00fcy\u00fck\u015fehir Belediye Ba\u015fkan\u0131 Zeydan Karalar i\u00e7in de ge\u00e7ici tedbirle g\u00f6revden uzakla\u015ft\u0131rma karar\u0131 verdi.\u00a0 \u200bHaberin Al\u0131nt\u0131land\u0131\u011f\u0131 Kaynak: www.antalyakorfez.com"}