{"version":"1.0","provider_name":"Av. Deniz Can K\u0131z\u0131l","provider_url":"https:\/\/denizcankizil.tr\/uk","author_name":"admin","author_url":"https:\/\/denizcankizil.tr\/uk\/author\/admin\/","title":"Y\u00fckseli\u015f Koleji\u2019ne Te\u015fekk\u00fcr Plaketi","type":"rich","width":600,"height":338,"html":"<blockquote class=\"wp-embedded-content\" data-secret=\"v0NlreGi5l\"><a href=\"https:\/\/denizcankizil.tr\/uk\/haberler\/gundem\/yukselis-kolejine-tesekkur-plaketi\/\">Y\u00fckseli\u015f Koleji\u2019ne Te\u015fekk\u00fcr Plaketi<\/a><\/blockquote><iframe sandbox=\"allow-scripts\" security=\"restricted\" src=\"https:\/\/denizcankizil.tr\/uk\/haberler\/gundem\/yukselis-kolejine-tesekkur-plaketi\/embed\/#?secret=v0NlreGi5l\" width=\"600\" height=\"338\" title=\"&#8220;Y\u00fckseli\u015f Koleji\u2019ne Te\u015fekk\u00fcr Plaketi&#8221; &#8212; Av. Deniz Can K\u0131z\u0131l\" data-secret=\"v0NlreGi5l\" frameborder=\"0\" marginwidth=\"0\" marginheight=\"0\" scrolling=\"no\" class=\"wp-embedded-content\"><\/iframe><script>\n\/*! This file is auto-generated *\/\n!function(d,l){\"use strict\";l.querySelector&&d.addEventListener&&\"undefined\"!=typeof URL&&(d.wp=d.wp||{},d.wp.receiveEmbedMessage||(d.wp.receiveEmbedMessage=function(e){var t=e.data;if((t||t.secret||t.message||t.value)&&!\/[^a-zA-Z0-9]\/.test(t.secret)){for(var s,r,n,a=l.querySelectorAll('iframe[data-secret=\"'+t.secret+'\"]'),o=l.querySelectorAll('blockquote[data-secret=\"'+t.secret+'\"]'),c=new RegExp(\"^https?:$\",\"i\"),i=0;i<o.length;i++)o[i].style.display=\"none\";for(i=0;i<a.length;i++)s=a[i],e.source===s.contentWindow&&(s.removeAttribute(\"style\"),\"height\"===t.message?(1e3<(r=parseInt(t.value,10))?r=1e3:~~r<200&&(r=200),s.height=r):\"link\"===t.message&&(r=new URL(s.getAttribute(\"src\")),n=new URL(t.value),c.test(n.protocol))&&n.host===r.host&&l.activeElement===s&&(d.top.location.href=t.value))}},d.addEventListener(\"message\",d.wp.receiveEmbedMessage,!1),l.addEventListener(\"DOMContentLoaded\",function(){for(var e,t,s=l.querySelectorAll(\"iframe.wp-embedded-content\"),r=0;r<s.length;r++)(t=(e=s[r]).getAttribute(\"data-secret\"))||(t=Math.random().toString(36).substring(2,12),e.src+=\"#?secret=\"+t,e.setAttribute(\"data-secret\",t)),e.contentWindow.postMessage({message:\"ready\",secret:t},\"*\")},!1)))}(window,document);\n\/\/# sourceURL=https:\/\/denizcankizil.tr\/wp-includes\/js\/wp-embed.min.js\n<\/script>","description":"Kaymakam Hac\u0131 Hasan G\u00f6kp\u0131nar, Nuri \u00dcysen ve Aykut Davut \u00d6ktem\u2019in e\u011fitime verdikleri destek ve katk\u0131lar\u0131n\u0131n b\u00f6lgeye \u00f6nemli de\u011fer katt\u0131\u011f\u0131n\u0131 ifade ederek, kendilerine te\u015fekk\u00fcr etti. Y\u00fckseli\u015f Koleji Kurucusu Nuri \u00dcysen ve Genel M\u00fcd\u00fcr Aykut Davut \u00d6ktem ise, e\u011fitime katk\u0131da bulunman\u0131n kendileri i\u00e7in b\u00fcy\u00fck bir onur ve sorumluluk oldu\u011funu belirterek, \u201cE\u011fitim bizim i\u00e7in sadece bir i\u015f de\u011fil, ayn\u0131 zamanda gelecek nesillerin yeti\u015fmesine katk\u0131da bulunman\u0131n en anlaml\u0131 yoludur,\u201d \u015feklinde konu\u015ftular. \u200bArsuz \u0130l\u00e7e Milli E\u011fitim M\u00fcd\u00fcrl\u00fc\u011f\u00fc taraf\u0131ndan e\u011fitime sa\u011flad\u0131klar\u0131 katk\u0131lar nedeniyle, Y\u00fckseli\u015f Koleji Kurucusu Nuri \u00dcysen ve Genel M\u00fcd\u00fcr Aykut Davut \u00d6ktem\u2019e te\u015fekk\u00fcr plaketi takdim edildi.\u00a0 \u200bHaberin Al\u0131nt\u0131land\u0131\u011f\u0131 Kaynak: www.iskenderun.org"}