{"version":"1.0","provider_name":"Av. Deniz Can K\u0131z\u0131l","provider_url":"https:\/\/denizcankizil.tr\/uk","author_name":"Antalya K\u00f6rfez","author_url":"https:\/\/denizcankizil.tr\/uk\/author\/www-antalyakorfez-com\/","title":"Y\u00d6K, Altunkaya'n\u0131n profes\u00f6rl\u00fck iptalini onaylad\u0131","type":"rich","width":600,"height":338,"html":"<blockquote class=\"wp-embedded-content\" data-secret=\"gsjBrBhqUU\"><a href=\"https:\/\/denizcankizil.tr\/uk\/haberler\/gundem\/yok-altunkayanin-profesorluk-iptalini-onayladi\/\">Y\u00d6K, Altunkaya&#8217;n\u0131n profes\u00f6rl\u00fck iptalini onaylad\u0131<\/a><\/blockquote><iframe sandbox=\"allow-scripts\" security=\"restricted\" src=\"https:\/\/denizcankizil.tr\/uk\/haberler\/gundem\/yok-altunkayanin-profesorluk-iptalini-onayladi\/embed\/#?secret=gsjBrBhqUU\" width=\"600\" height=\"338\" title=\"&#8220;Y\u00d6K, Altunkaya&#8217;n\u0131n profes\u00f6rl\u00fck iptalini onaylad\u0131&#8221; &#8212; Av. Deniz Can K\u0131z\u0131l\" data-secret=\"gsjBrBhqUU\" frameborder=\"0\" marginwidth=\"0\" marginheight=\"0\" scrolling=\"no\" class=\"wp-embedded-content\"><\/iframe><script>\n\/*! This file is auto-generated *\/\n!function(d,l){\"use strict\";l.querySelector&&d.addEventListener&&\"undefined\"!=typeof URL&&(d.wp=d.wp||{},d.wp.receiveEmbedMessage||(d.wp.receiveEmbedMessage=function(e){var t=e.data;if((t||t.secret||t.message||t.value)&&!\/[^a-zA-Z0-9]\/.test(t.secret)){for(var s,r,n,a=l.querySelectorAll('iframe[data-secret=\"'+t.secret+'\"]'),o=l.querySelectorAll('blockquote[data-secret=\"'+t.secret+'\"]'),c=new RegExp(\"^https?:$\",\"i\"),i=0;i<o.length;i++)o[i].style.display=\"none\";for(i=0;i<a.length;i++)s=a[i],e.source===s.contentWindow&&(s.removeAttribute(\"style\"),\"height\"===t.message?(1e3<(r=parseInt(t.value,10))?r=1e3:~~r<200&&(r=200),s.height=r):\"link\"===t.message&&(r=new URL(s.getAttribute(\"src\")),n=new URL(t.value),c.test(n.protocol))&&n.host===r.host&&l.activeElement===s&&(d.top.location.href=t.value))}},d.addEventListener(\"message\",d.wp.receiveEmbedMessage,!1),l.addEventListener(\"DOMContentLoaded\",function(){for(var e,t,s=l.querySelectorAll(\"iframe.wp-embedded-content\"),r=0;r<s.length;r++)(t=(e=s[r]).getAttribute(\"data-secret\"))||(t=Math.random().toString(36).substring(2,12),e.src+=\"#?secret=\"+t,e.setAttribute(\"data-secret\",t)),e.contentWindow.postMessage({message:\"ready\",secret:t},\"*\")},!1)))}(window,document);\n\/\/# sourceURL=https:\/\/denizcankizil.tr\/wp-includes\/js\/wp-embed.min.js\n<\/script>","description":"Akdeniz \u00dcniversitesi&#8217;nde eski rekt\u00f6r Prof. Dr. Mustafa \u00dcnal d\u00f6neminde rekt\u00f6r yard\u0131mc\u0131l\u0131\u011f\u0131 yapan, Hukuk Fak\u00fcltesi&#8217;nin de uzun y\u0131llar dekan\u0131 olan Mehmet Altunkaya&#8217;n\u0131n \u00fcniversite y\u00f6netim kurulu taraf\u0131ndan profes\u00f6rl\u00fck kadrosunu iptal etti\u011fi karara ili\u015fkin Y\u00d6K Ba\u015fkanl\u0131\u011f\u0131&#8217;ndan da karar \u00e7\u0131kt\u0131. Profes\u00f6rl\u00fck kadrosuna atanmas\u0131nda kullan\u0131lan bir makalenin ger\u00e7ekte hi\u00e7 yay\u0131mlanmad\u0131\u011f\u0131, di\u011fer makalenin de kadroya atanmak i\u00e7in aranan \u00f6zellikleri ta\u015f\u0131mad\u0131\u011f\u0131 halde ta\u015f\u0131yormu\u015f gibi g\u00f6sterildi\u011fi ve bir Alman akademisyene ait kitab\u0131 y\u00fczde 99 oran\u0131nda kopyalad\u0131\u011f\u0131 belirlenen Altunkaya&#8217;n\u0131n profes\u00f6rl\u00fc\u011f\u00fcn\u00fc iptal eden karar, Y\u00d6K Ba\u015fkanl\u0131\u011f\u0131 taraf\u0131ndan onayland\u0131. Kararda; profes\u00f6rl\u00fck kadrosuna atanma i\u015flemi geri al\u0131nan Altunkaya&#8217;n\u0131n do\u00e7ent olarak atanmas\u0131na y\u00f6nelik Akdeniz \u00dcniversitesi Y\u00f6netim Kurulu&#8217;na ait teklifin, Y\u00d6K Y\u00fcr\u00fctme Kurulu taraf\u0131ndan yap\u0131lan toplant\u0131da uygun bulundu\u011fu bildirildi. S\u00dcRE\u00c7 NASIL \u0130\u015eLED\u0130? Mehmet Altunkaya&#8217;n\u0131n akademik \u00fcnvanlar\u0131 hak ederek almad\u0131\u011f\u0131, ko\u015fullar\u0131 sa\u011flamad\u0131\u011f\u0131 halde sahte belge d\u00fczenleyip idareyi kand\u0131rd\u0131\u011f\u0131na y\u00f6nelik hakk\u0131nda yap\u0131lan bir \u015fikayette, &#8216;Do\u00e7. Dr. Mehmet Altunkaya, Fitness S\u00f6zle\u015fmesi, Sayram, Konya 2015&#8217; k\u00fcnyeli kitab\u0131n, Hans Geisler&#8217;in &#8216;Die Erstlaufzeit beim Fitnessvertrag-Hamburg 2008&#8217; k\u00fcnyeli kitab\u0131n\u0131n T\u00fcrk\u00e7eye \u00f6zensiz \u00e7evirisinden ibaret oldu\u011fu belirtildi. \u00c7eviri oldu\u011fu anla\u015f\u0131lmas\u0131n diye baz\u0131 k\u0131s\u0131mlara T\u00fcrk hukukundan genel bilgiler eklendi\u011fi ve genel kaynaklara at\u0131f yap\u0131ld\u0131\u011f\u0131n\u0131 kaydeden \u015fikayet\u00e7i ancak bu eklemenin kitab\u0131n y\u00fczde 1&#8217;i bile olmad\u0131\u011f\u0131, kitab\u0131n i\u00e7eri\u011finin b\u00fcy\u00fck oranda aynen \u00e7evrildi\u011fi, dipnotlar\u0131n bile b\u00fcy\u00fck oranda aynen aktar\u0131ld\u0131\u011f\u0131n\u0131 \u00f6ne s\u00fcrd\u00fc. A\u011eIR \u0130NT\u0130HAL VE K\u00d6T\u00dc \u00c7EV\u0130R\u0130 \u015e\u0130KAYET\u0130 &hellip;"}