{"version":"1.0","provider_name":"Av. Deniz Can K\u0131z\u0131l","provider_url":"https:\/\/denizcankizil.tr\/uk","author_name":"Av. Deniz Can K\u0131z\u0131l","author_url":"https:\/\/denizcankizil.tr\/uk","title":"Yanan evi kullan\u0131lmaz hale gelen aile \u00e7aresiz","type":"rich","width":600,"height":338,"html":"<blockquote class=\"wp-embedded-content\" data-secret=\"FCt0k56Oze\"><a href=\"https:\/\/denizcankizil.tr\/uk\/haberler\/gundem\/yanan-evi-kullanilmaz-hale-gelen-aile-caresiz\/\">Yanan evi kullan\u0131lmaz hale gelen aile \u00e7aresiz<\/a><\/blockquote><iframe sandbox=\"allow-scripts\" security=\"restricted\" src=\"https:\/\/denizcankizil.tr\/uk\/haberler\/gundem\/yanan-evi-kullanilmaz-hale-gelen-aile-caresiz\/embed\/#?secret=FCt0k56Oze\" width=\"600\" height=\"338\" title=\"&#8220;Yanan evi kullan\u0131lmaz hale gelen aile \u00e7aresiz&#8221; &#8212; Av. Deniz Can K\u0131z\u0131l\" data-secret=\"FCt0k56Oze\" frameborder=\"0\" marginwidth=\"0\" marginheight=\"0\" scrolling=\"no\" class=\"wp-embedded-content\"><\/iframe><script>\n\/*! This file is auto-generated *\/\n!function(d,l){\"use strict\";l.querySelector&&d.addEventListener&&\"undefined\"!=typeof URL&&(d.wp=d.wp||{},d.wp.receiveEmbedMessage||(d.wp.receiveEmbedMessage=function(e){var t=e.data;if((t||t.secret||t.message||t.value)&&!\/[^a-zA-Z0-9]\/.test(t.secret)){for(var s,r,n,a=l.querySelectorAll('iframe[data-secret=\"'+t.secret+'\"]'),o=l.querySelectorAll('blockquote[data-secret=\"'+t.secret+'\"]'),c=new RegExp(\"^https?:$\",\"i\"),i=0;i<o.length;i++)o[i].style.display=\"none\";for(i=0;i<a.length;i++)s=a[i],e.source===s.contentWindow&&(s.removeAttribute(\"style\"),\"height\"===t.message?(1e3<(r=parseInt(t.value,10))?r=1e3:~~r<200&&(r=200),s.height=r):\"link\"===t.message&&(r=new URL(s.getAttribute(\"src\")),n=new URL(t.value),c.test(n.protocol))&&n.host===r.host&&l.activeElement===s&&(d.top.location.href=t.value))}},d.addEventListener(\"message\",d.wp.receiveEmbedMessage,!1),l.addEventListener(\"DOMContentLoaded\",function(){for(var e,t,s=l.querySelectorAll(\"iframe.wp-embedded-content\"),r=0;r<s.length;r++)(t=(e=s[r]).getAttribute(\"data-secret\"))||(t=Math.random().toString(36).substring(2,12),e.src+=\"#?secret=\"+t,e.setAttribute(\"data-secret\",t)),e.contentWindow.postMessage({message:\"ready\",secret:t},\"*\")},!1)))}(window,document);\n\/\/# sourceURL=https:\/\/denizcankizil.tr\/wp-includes\/js\/wp-embed.min.js\n<\/script>","description":"Anne G\u00fclnur Soylu, yang\u0131n s\u0131ras\u0131nda \u00e7ocuklar\u0131n\u0131n evde uyudu\u011funu belirterek, b\u00fcy\u00fck bir faciadan kurtulduklar\u0131n\u0131 ifade etti. Yang\u0131n\u0131n nas\u0131l \u00e7\u0131kt\u0131\u011f\u0131 hen\u00fcz belirlenemezken, evde bulunan \u00e7o\u011fu e\u015fyan\u0131n kullan\u0131lmaz hale geldi\u011fi bildirildi. \u00c7ocuklar\u0131yla birlikte b\u00fcy\u00fck bir facia atlatt\u0131klar\u0131n\u0131 ifade eden Anne G\u00fclnur Soylu, &#8220;\u00c7ocuklar\u0131m\u0131 kurtard\u0131\u011f\u0131m i\u00e7in \u00e7ok mutluyum, ancak evimizdeki bir\u00e7ok e\u015fya tamamen yand\u0131 ve kullan\u0131lamaz hale geldi. Kom\u015fular\u0131m\u0131z\u0131n yard\u0131mlar\u0131yla ilk etapta bir \u015feyler yapmaya \u00e7al\u0131\u015ft\u0131k. Ama evimizin yeniden ya\u015fanabilir hale gelmesi i\u00e7in deste\u011fe ihtiyac\u0131m\u0131z var. K\u0131\u015f \u015fartlar\u0131nda bu evde \u00e7ocuklar\u0131mla birlikte ya\u015famak \u00e7ok zor. Hay\u0131rseverlerin deste\u011fini bekliyoruz\u201d dedi. \u200bHatay&#8217;\u0131n \u0130skenderun il\u00e7esi Muradiye Mahallesi\u2019nde sabah saatlerinde meydana gelen yang\u0131n, bir ailenin evini kullan\u0131lmaz hale getirdi.\u00a0 \u200bHaberin Al\u0131nt\u0131land\u0131\u011f\u0131 Kaynak: www.iskenderun.org"}