{"version":"1.0","provider_name":"Av. Deniz Can K\u0131z\u0131l","provider_url":"https:\/\/denizcankizil.tr\/uk","author_name":"Av. Deniz Can K\u0131z\u0131l","author_url":"https:\/\/denizcankizil.tr\/uk","title":"\u201cYa\u011fl\u0131 Boya ve El Sanatlar\u0131 Sergisi\u201d kap\u0131lar\u0131n\u0131 a\u00e7t\u0131","type":"rich","width":600,"height":338,"html":"<blockquote class=\"wp-embedded-content\" data-secret=\"lGADbrTXDF\"><a href=\"https:\/\/denizcankizil.tr\/uk\/haberler\/gundem\/yagli-boya-ve-el-sanatlari-sergisi-kapilarini-acti\/\">\u201cYa\u011fl\u0131 Boya ve El Sanatlar\u0131 Sergisi\u201d kap\u0131lar\u0131n\u0131 a\u00e7t\u0131<\/a><\/blockquote><iframe sandbox=\"allow-scripts\" security=\"restricted\" src=\"https:\/\/denizcankizil.tr\/uk\/haberler\/gundem\/yagli-boya-ve-el-sanatlari-sergisi-kapilarini-acti\/embed\/#?secret=lGADbrTXDF\" width=\"600\" height=\"338\" title=\"&#8220;\u201cYa\u011fl\u0131 Boya ve El Sanatlar\u0131 Sergisi\u201d kap\u0131lar\u0131n\u0131 a\u00e7t\u0131&#8221; &#8212; Av. Deniz Can K\u0131z\u0131l\" data-secret=\"lGADbrTXDF\" frameborder=\"0\" marginwidth=\"0\" marginheight=\"0\" scrolling=\"no\" class=\"wp-embedded-content\"><\/iframe><script>\n\/*! This file is auto-generated *\/\n!function(d,l){\"use strict\";l.querySelector&&d.addEventListener&&\"undefined\"!=typeof URL&&(d.wp=d.wp||{},d.wp.receiveEmbedMessage||(d.wp.receiveEmbedMessage=function(e){var t=e.data;if((t||t.secret||t.message||t.value)&&!\/[^a-zA-Z0-9]\/.test(t.secret)){for(var s,r,n,a=l.querySelectorAll('iframe[data-secret=\"'+t.secret+'\"]'),o=l.querySelectorAll('blockquote[data-secret=\"'+t.secret+'\"]'),c=new RegExp(\"^https?:$\",\"i\"),i=0;i<o.length;i++)o[i].style.display=\"none\";for(i=0;i<a.length;i++)s=a[i],e.source===s.contentWindow&&(s.removeAttribute(\"style\"),\"height\"===t.message?(1e3<(r=parseInt(t.value,10))?r=1e3:~~r<200&&(r=200),s.height=r):\"link\"===t.message&&(r=new URL(s.getAttribute(\"src\")),n=new URL(t.value),c.test(n.protocol))&&n.host===r.host&&l.activeElement===s&&(d.top.location.href=t.value))}},d.addEventListener(\"message\",d.wp.receiveEmbedMessage,!1),l.addEventListener(\"DOMContentLoaded\",function(){for(var e,t,s=l.querySelectorAll(\"iframe.wp-embedded-content\"),r=0;r<s.length;r++)(t=(e=s[r]).getAttribute(\"data-secret\"))||(t=Math.random().toString(36).substring(2,12),e.src+=\"#?secret=\"+t,e.setAttribute(\"data-secret\",t)),e.contentWindow.postMessage({message:\"ready\",secret:t},\"*\")},!1)))}(window,document);\n\/\/# sourceURL=https:\/\/denizcankizil.tr\/wp-includes\/js\/wp-embed.min.js\n<\/script>","description":"Manisa B\u00fcy\u00fck\u015fehir Belediyesi K\u00fclt\u00fcr Merkezi Lale Fuaye\u2019de Nail T\u00fcrkel\u2019in haz\u0131rlad\u0131\u011f\u0131 \u201cYa\u011fl\u0131 Boya ve El Sanatlar\u0131 Sergisi\u201dnin a\u00e7\u0131l\u0131\u015f\u0131 yap\u0131ld\u0131. Sergi, 22 Aral\u0131k Pazar ak\u015fam\u0131na kadar sanatseverleri a\u011f\u0131rlayacak.MAN\u0130SA (\u0130GFA) &#8211;\u00a0Manisa B\u00fcy\u00fck\u015fehir Belediyesi taraf\u0131ndan k\u00fclt\u00fcr-sanat etkinlikleri kapsam\u0131nda d\u00fczenlenen \u201cYa\u011fl\u0131 Boya ve El Sanatlar\u0131 Sergisi\u201d, K\u00fclt\u00fcr Merkezi Lale Fuaye\u2019de kap\u0131lar\u0131n\u0131 a\u00e7t\u0131. Ressam Nail T\u00fcrkel\u2019in ki\u015fisel eserlerinden olu\u015fan serginin a\u00e7\u0131l\u0131\u015f\u0131, kurdele kesimiyle ger\u00e7ekle\u015ftirildi. \u0130ki b\u00f6l\u00fcmden olu\u015fan sergide, bir tarafta ya\u011fl\u0131 boya tablolar yer al\u0131rken, di\u011fer tarafta do\u011fal ta\u015f, deniz kabu\u011fu ve ah\u015faptan yap\u0131lm\u0131\u015f el sanatlar\u0131 eserleri sergileniyor. Ziyaret\u00e7iler, bu iki farkl\u0131 sanat dal\u0131n\u0131 bir arada g\u00f6rme \u015fans\u0131 bulacak. Sergi, 22 Aral\u0131k Pazar ak\u015fam\u0131na kadar ziyarete a\u00e7\u0131k olacak. Ressam Nail T\u00fcrkel, \u201cT\u00fcm Manisa halk\u0131n\u0131 davet ediyoruz\u201d Ressam Nail T\u00fcrkel, sergideki r\u00f6portaj\u0131nda uzun y\u0131llar edebiyat \u00f6\u011fretmeni olarak g\u00f6rev yapt\u0131\u011f\u0131n\u0131 ve resme 1970&#8217;li y\u0131llarda ba\u015flad\u0131\u011f\u0131n\u0131 s\u00f6yledi. T\u00fcrkel, \u201cResmin yan\u0131nda do\u011fal ta\u015f, deniz kabu\u011fu ve ah\u015fab\u0131 kullanarak el sanatlar\u0131 eserleri \u00fcrettim. T\u00fcrkiye\u2019de bu tarz bir \u00e7al\u0131\u015fmay\u0131 ilk yapan benim. 20 y\u0131ld\u0131r yurtd\u0131\u015f\u0131nda sergiler a\u00e7t\u0131m; Paris, Hollanda, Bel\u00e7ika, Almanya ve Fransa\u2019da eserlerimi sanatseverlerle bulu\u015fturdum. Yurti\u00e7inde ise toplamda 156 ki\u015fisel sergi a\u00e7t\u0131m. Manisa\u2019ya ilk defa geldi\u011fimde, \u2018Manisa\u2019da bu i\u015f olmaz\u2019 diyenler oldu. Ama halk\u0131n sevgisiyle her \u015fey \u00e7ok g\u00fczel ilerledi. Manisa\u2019y\u0131 ve halk\u0131n\u0131 \u00e7ok seviyorum. Bug\u00fcn burada iki farkl\u0131 sanat dal\u0131n\u0131 &hellip;"}