{"version":"1.0","provider_name":"Av. Deniz Can K\u0131z\u0131l","provider_url":"https:\/\/denizcankizil.tr\/uk","author_name":"admin","author_url":"https:\/\/denizcankizil.tr\/uk\/author\/admin\/","title":"\u00dcst\u00fcn: \u201c\u0130l\u00e7eyi T\u00fcrkiye\u2019ye d\u00fcnyaya tan\u0131taca\u011f\u0131z\u201d","type":"rich","width":600,"height":338,"html":"<blockquote class=\"wp-embedded-content\" data-secret=\"CbeE0SflvM\"><a href=\"https:\/\/denizcankizil.tr\/uk\/haberler\/gundem\/ustun-ilceyi-turkiyeye-dunyaya-tanitacagiz\/\">\u00dcst\u00fcn: \u201c\u0130l\u00e7eyi T\u00fcrkiye\u2019ye d\u00fcnyaya tan\u0131taca\u011f\u0131z\u201d<\/a><\/blockquote><iframe sandbox=\"allow-scripts\" security=\"restricted\" src=\"https:\/\/denizcankizil.tr\/uk\/haberler\/gundem\/ustun-ilceyi-turkiyeye-dunyaya-tanitacagiz\/embed\/#?secret=CbeE0SflvM\" width=\"600\" height=\"338\" title=\"&#8220;\u00dcst\u00fcn: \u201c\u0130l\u00e7eyi T\u00fcrkiye\u2019ye d\u00fcnyaya tan\u0131taca\u011f\u0131z\u201d&#8221; &#8212; Av. Deniz Can K\u0131z\u0131l\" data-secret=\"CbeE0SflvM\" frameborder=\"0\" marginwidth=\"0\" marginheight=\"0\" scrolling=\"no\" class=\"wp-embedded-content\"><\/iframe><script>\n\/*! This file is auto-generated *\/\n!function(d,l){\"use strict\";l.querySelector&&d.addEventListener&&\"undefined\"!=typeof URL&&(d.wp=d.wp||{},d.wp.receiveEmbedMessage||(d.wp.receiveEmbedMessage=function(e){var t=e.data;if((t||t.secret||t.message||t.value)&&!\/[^a-zA-Z0-9]\/.test(t.secret)){for(var s,r,n,a=l.querySelectorAll('iframe[data-secret=\"'+t.secret+'\"]'),o=l.querySelectorAll('blockquote[data-secret=\"'+t.secret+'\"]'),c=new RegExp(\"^https?:$\",\"i\"),i=0;i<o.length;i++)o[i].style.display=\"none\";for(i=0;i<a.length;i++)s=a[i],e.source===s.contentWindow&&(s.removeAttribute(\"style\"),\"height\"===t.message?(1e3<(r=parseInt(t.value,10))?r=1e3:~~r<200&&(r=200),s.height=r):\"link\"===t.message&&(r=new URL(s.getAttribute(\"src\")),n=new URL(t.value),c.test(n.protocol))&&n.host===r.host&&l.activeElement===s&&(d.top.location.href=t.value))}},d.addEventListener(\"message\",d.wp.receiveEmbedMessage,!1),l.addEventListener(\"DOMContentLoaded\",function(){for(var e,t,s=l.querySelectorAll(\"iframe.wp-embedded-content\"),r=0;r<s.length;r++)(t=(e=s[r]).getAttribute(\"data-secret\"))||(t=Math.random().toString(36).substring(2,12),e.src+=\"#?secret=\"+t,e.setAttribute(\"data-secret\",t)),e.contentWindow.postMessage({message:\"ready\",secret:t},\"*\")},!1)))}(window,document);\n\/\/# sourceURL=https:\/\/denizcankizil.tr\/wp-includes\/js\/wp-embed.min.js\n<\/script>","description":"Y\u00fczy\u0131l\u0131n felaketine neden olan 6 \u015eubat depremin en derinden etkiledi\u011fi Hatay\u2019\u0131n t\u00fcm insanlar\u0131na kucak a\u00e7an, Arsuz il\u00e7esinin e\u011fitimci Belediye Ba\u015fkan\u0131 Sami \u00dcst\u00fcn, zor g\u00fcnleri a\u015fmaya \u00e7al\u0131\u015f\u0131rken, vizyonunu ve bu vizyonu ger\u00e7ekle\u015ftirmeye y\u00f6nelik projelerini, \u00f6zellikle de turizm alan\u0131ndaki planlamalar\u0131n\u0131 ekibimize anlatt\u0131. \u201cTUR\u0130ZM\u0130N \u0130LK ADIMI: ALTYAPI\u201d Hen\u00fcz 11 y\u0131ll\u0131k bir il\u00e7e olmas\u0131na ra\u011fmen, k\u00f6kl\u00fc bir ge\u00e7mi\u015fe ve e\u015fsiz bir do\u011faya sahip olduklar\u0131n\u0131 vurgulayan Ba\u015fkan \u00dcst\u00fcn, deprem sonras\u0131 Hatay\u2019\u0131n bir\u00e7ok il\u00e7esi gibi b\u00fcy\u00fck bir y\u00fck\u00fc omuzlayan Arsuz\u2019un, bu d\u00f6nemde adeta b\u00f6lgenin nefes alma alan\u0131 haline geldi\u011fini belirterek, \u201c\u0130l\u00e7eye giri\u015ften itibaren o her \u015fehrin bir kokusu olmal\u0131. Bizim \u015fehrimizin de bir kokusu oldu\u011funu hissettirece\u011fiz. Yani k\u00f6y i\u00e7i d\u00fczenlemesini, Sami Oytun Caddesinde de k\u00f6y i\u00e7i gibi bir konsepte d\u00f6n\u00fc\u015ft\u00fcrmek istiyorum. Sab\u0131rs\u0131zl\u0131kla altyap\u0131y\u0131 bekliyoruz. \u00c7\u00fcnk\u00fc yollar\u0131m\u0131z\u0131n tamam\u0131 kaz\u0131lacak ve bu caddemizde o \u015fehrin kokusu hissedilecek. Altyap\u0131y\u0131 haz\u0131rlay\u0131p turizm kentimizi gelece\u011fe haz\u0131rlamam\u0131z gerekiyor. Hedefimiz, bu g\u00fczel il\u00e7eyi t\u00fcm T\u00fcrkiye\u2019ye ve d\u00fcnyaya a\u00e7mak. Her \u015fehrin bir kokusu ruhu oldu\u011fu gibi bizim \u015fehrimizin de kendine ait bir ruhu, bir kokusu olmal\u0131, olacak. Turizmin geli\u015fiminde olmazsa olmaz altyap\u0131 projeleri tamamland\u0131ktan sonra Arsuz\u2019un modern ve s\u00fcrd\u00fcr\u00fclebilir bir turizm kenti haline gelecek\u201d diye konu\u015ftu. \u201cEKO-TUR\u0130ZM VE TARIMIN BULU\u015eTU\u011eU NOKTADAYIZ\u201d Ba\u015fkan \u00dcst\u00fcn\u2019\u00fcn vizyon projelerinden biri de eko-turizm. \u00d6zellikle \u00e7ocuklara do\u011fay\u0131 tan\u0131tma, tar\u0131m faaliyetlerine &hellip;"}