{"version":"1.0","provider_name":"Av. Deniz Can K\u0131z\u0131l","provider_url":"https:\/\/denizcankizil.tr\/uk","author_name":"admin","author_url":"https:\/\/denizcankizil.tr\/uk\/author\/admin\/","title":"Ustalara Sayg\u0131 Sergisi Kent M\u00fczesinde A\u00e7\u0131ld\u0131","type":"rich","width":600,"height":338,"html":"<blockquote class=\"wp-embedded-content\" data-secret=\"15S2FAAOiU\"><a href=\"https:\/\/denizcankizil.tr\/uk\/haberler\/gundem\/ustalara-saygi-sergisi-kent-muzesinde-acildi\/\">Ustalara Sayg\u0131 Sergisi Kent M\u00fczesinde A\u00e7\u0131ld\u0131<\/a><\/blockquote><iframe sandbox=\"allow-scripts\" security=\"restricted\" src=\"https:\/\/denizcankizil.tr\/uk\/haberler\/gundem\/ustalara-saygi-sergisi-kent-muzesinde-acildi\/embed\/#?secret=15S2FAAOiU\" width=\"600\" height=\"338\" title=\"&#8220;Ustalara Sayg\u0131 Sergisi Kent M\u00fczesinde A\u00e7\u0131ld\u0131&#8221; &#8212; Av. Deniz Can K\u0131z\u0131l\" data-secret=\"15S2FAAOiU\" frameborder=\"0\" marginwidth=\"0\" marginheight=\"0\" scrolling=\"no\" class=\"wp-embedded-content\"><\/iframe><script>\n\/*! This file is auto-generated *\/\n!function(d,l){\"use strict\";l.querySelector&&d.addEventListener&&\"undefined\"!=typeof URL&&(d.wp=d.wp||{},d.wp.receiveEmbedMessage||(d.wp.receiveEmbedMessage=function(e){var t=e.data;if((t||t.secret||t.message||t.value)&&!\/[^a-zA-Z0-9]\/.test(t.secret)){for(var s,r,n,a=l.querySelectorAll('iframe[data-secret=\"'+t.secret+'\"]'),o=l.querySelectorAll('blockquote[data-secret=\"'+t.secret+'\"]'),c=new RegExp(\"^https?:$\",\"i\"),i=0;i<o.length;i++)o[i].style.display=\"none\";for(i=0;i<a.length;i++)s=a[i],e.source===s.contentWindow&&(s.removeAttribute(\"style\"),\"height\"===t.message?(1e3<(r=parseInt(t.value,10))?r=1e3:~~r<200&&(r=200),s.height=r):\"link\"===t.message&&(r=new URL(s.getAttribute(\"src\")),n=new URL(t.value),c.test(n.protocol))&&n.host===r.host&&l.activeElement===s&&(d.top.location.href=t.value))}},d.addEventListener(\"message\",d.wp.receiveEmbedMessage,!1),l.addEventListener(\"DOMContentLoaded\",function(){for(var e,t,s=l.querySelectorAll(\"iframe.wp-embedded-content\"),r=0;r<s.length;r++)(t=(e=s[r]).getAttribute(\"data-secret\"))||(t=Math.random().toString(36).substring(2,12),e.src+=\"#?secret=\"+t,e.setAttribute(\"data-secret\",t)),e.contentWindow.postMessage({message:\"ready\",secret:t},\"*\")},!1)))}(window,document);\n\/\/# sourceURL=https:\/\/denizcankizil.tr\/wp-includes\/js\/wp-embed.min.js\n<\/script>","description":"\u0130neg\u00f6l Belediyesi Kent M\u00fczesi\u2019nin kurulu\u015funun 16\u2019nc\u0131 y\u0131l\u0131 ve \u0130neg\u00f6l Mobilyac\u0131lar Odas\u0131n\u0131n kurulu\u015funun 60\u2019\u0131nc\u0131 y\u0131l\u0131na \u00f6zel iki kurum i\u015f birli\u011finde haz\u0131rlanan \u201cUstalara Sayg\u0131\u201d isimli sergi, bug\u00fcn d\u00fczenlenen t\u00f6renle a\u00e7\u0131ld\u0131. \u0130neg\u00f6l\u2019\u00fcn eski mobilya ustalar\u0131n\u0131n foto\u011fraflar\u0131n\u0131n yer ald\u0131\u011f\u0131 sergi adeta zamanda yolculu\u011fa \u00e7\u0131kar\u0131yor. \u200b\u0130neg\u00f6l Belediyesi Kent M\u00fczesi\u2019nin kurulu\u015funun 16\u2019nc\u0131 y\u0131l\u0131 ve \u0130neg\u00f6l Mobilyac\u0131lar Odas\u0131n\u0131n kurulu\u015funun 60\u2019\u0131nc\u0131 y\u0131l\u0131na \u00f6zel iki kurum i\u015f birli\u011finde haz\u0131rlanan \u201cUstalara Sayg\u0131\u201d isimli sergi, bug\u00fcn d\u00fczenlenen t\u00f6renle a\u00e7\u0131ld\u0131. \u0130neg\u00f6l\u2019\u00fcn eski mobilya ustalar\u0131n\u0131n foto\u011fraflar\u0131n\u0131n yer ald\u0131\u011f\u0131 sergi adeta zamanda yolculu\u011fa \u00e7\u0131kar\u0131yor.\u00a0 \u200bHaberin Al\u0131nt\u0131land\u0131\u011f\u0131 Kaynak: www.iskenderun.org"}