{"version":"1.0","provider_name":"Av. Deniz Can K\u0131z\u0131l","provider_url":"https:\/\/denizcankizil.tr\/uk","author_name":"admin","author_url":"https:\/\/denizcankizil.tr\/uk\/author\/admin\/","title":"\u201c\u00dcreten insan her zaman k\u0131ymetli\u201d","type":"rich","width":600,"height":338,"html":"<blockquote class=\"wp-embedded-content\" data-secret=\"ZoYMusRN0M\"><a href=\"https:\/\/denizcankizil.tr\/uk\/haberler\/gundem\/ureten-insan-her-zaman-kiymetli\/\">\u201c\u00dcreten insan her zaman k\u0131ymetli\u201d<\/a><\/blockquote><iframe sandbox=\"allow-scripts\" security=\"restricted\" src=\"https:\/\/denizcankizil.tr\/uk\/haberler\/gundem\/ureten-insan-her-zaman-kiymetli\/embed\/#?secret=ZoYMusRN0M\" width=\"600\" height=\"338\" title=\"&#8220;\u201c\u00dcreten insan her zaman k\u0131ymetli\u201d&#8221; &#8212; Av. Deniz Can K\u0131z\u0131l\" data-secret=\"ZoYMusRN0M\" frameborder=\"0\" marginwidth=\"0\" marginheight=\"0\" scrolling=\"no\" class=\"wp-embedded-content\"><\/iframe><script>\n\/*! This file is auto-generated *\/\n!function(d,l){\"use strict\";l.querySelector&&d.addEventListener&&\"undefined\"!=typeof URL&&(d.wp=d.wp||{},d.wp.receiveEmbedMessage||(d.wp.receiveEmbedMessage=function(e){var t=e.data;if((t||t.secret||t.message||t.value)&&!\/[^a-zA-Z0-9]\/.test(t.secret)){for(var s,r,n,a=l.querySelectorAll('iframe[data-secret=\"'+t.secret+'\"]'),o=l.querySelectorAll('blockquote[data-secret=\"'+t.secret+'\"]'),c=new RegExp(\"^https?:$\",\"i\"),i=0;i<o.length;i++)o[i].style.display=\"none\";for(i=0;i<a.length;i++)s=a[i],e.source===s.contentWindow&&(s.removeAttribute(\"style\"),\"height\"===t.message?(1e3<(r=parseInt(t.value,10))?r=1e3:~~r<200&&(r=200),s.height=r):\"link\"===t.message&&(r=new URL(s.getAttribute(\"src\")),n=new URL(t.value),c.test(n.protocol))&&n.host===r.host&&l.activeElement===s&&(d.top.location.href=t.value))}},d.addEventListener(\"message\",d.wp.receiveEmbedMessage,!1),l.addEventListener(\"DOMContentLoaded\",function(){for(var e,t,s=l.querySelectorAll(\"iframe.wp-embedded-content\"),r=0;r<s.length;r++)(t=(e=s[r]).getAttribute(\"data-secret\"))||(t=Math.random().toString(36).substring(2,12),e.src+=\"#?secret=\"+t,e.setAttribute(\"data-secret\",t)),e.contentWindow.postMessage({message:\"ready\",secret:t},\"*\")},!1)))}(window,document);\n\/\/# sourceURL=https:\/\/denizcankizil.tr\/wp-includes\/js\/wp-embed.min.js\n<\/script>","description":"Konya B\u00fcy\u00fck\u015fehir Belediye Ba\u015fkan\u0131 U\u011fur \u0130brahim Altay, B\u00fcy\u00fck\u015fehir Belediyesi \u00c7al\u0131\u015fan Gen\u00e7lik Meclisi ve Konya Otomobil ve Motor Spor Kul\u00fcb\u00fc \u00fcyeleriyle Anadolu Sanayii\u2019nde kahvalt\u0131da bir araya geldi.KONYA (\u0130GFA) &#8211;\u00a0Konya B\u00fcy\u00fck\u015fehir Belediye Ba\u015fkan\u0131 U\u011fur \u0130brahim Altay, B\u00fcy\u00fck\u015fehir Belediyesi \u00c7al\u0131\u015fan Gen\u00e7lik Meclisi ve Konya Otomobil ve Motor Spor Kul\u00fcb\u00fc \u00fcyeleriyle Anadolu Sanayii\u2019nde kahvalt\u0131 program\u0131nda bir araya geldi. \u201c\u00c7ALI\u015eAN GEN\u00c7L\u0130K MECL\u0130S\u0130M\u0130Z T\u00dcRK\u0130YE\u2019YE \u00d6RNEK \u00c7ALI\u015eMALAR Y\u00dcR\u00dcT\u00dcYOR\u201d Belediyeler olarak kimseyi geride b\u0131rakmayan bir anlay\u0131\u015fla \u00e7al\u0131\u015ft\u0131klar\u0131n\u0131 belirten Ba\u015fkan Altay, gen\u00e7lik faaliyetlerinde sadece e\u011fitim g\u00f6ren, okuyan \u00f6\u011frencilerle de\u011fil, her ya\u015f grubundan gen\u00e7ler i\u00e7in faaliyetler y\u00fcr\u00fctt\u00fcklerini kaydetti. Ba\u015fkan Altay, \u201c\u00c7al\u0131\u015fan Gen\u00e7lik Meclisimiz T\u00fcrkiye\u2019ye \u00f6rnek \u00e7al\u0131\u015fmalar y\u00fcr\u00fct\u00fcyor. \u00c7\u00fcnk\u00fc biz biliyoruz ki \u00f6zellikle \u00e7al\u0131\u015fan arkada\u015flar\u0131m\u0131z hem kendi r\u0131z\u0131klar\u0131n\u0131 kazan\u0131rken hem de \u00fclke i\u00e7in \u00fcretiyorlar. Gelece\u011fin T\u00fcrkiye\u2019si sizler i\u00e7in \u00e7ok daha \u00f6nemli f\u0131rsatlar sunacak. \u00c7\u00fcnk\u00fc art\u0131k eli i\u015f tutan, eli alet tutan insan d\u00fcnyada \u00e7ok k\u0131ymetli hale geldi. Sizin gibi bu i\u015fin k\u0131ymetini bilen arkada\u015flar\u0131m\u0131zla bir arada olmaktan b\u00fcy\u00fck bir mutluluk duyuyorum\u201d diye konu\u015ftu. \u201cYAPTI\u011eINIZ \u0130\u015e\u0130 \u00c7OK \u00d6NEMS\u0130YORUZ, \u00c7OK KIYMETL\u0130 BULUYORUZ\u201d \u00c7al\u0131\u015fan Gen\u00e7lik Meclisi vas\u0131tas\u0131yla bir\u00e7ok etkinlik ve faaliyet y\u00fcr\u00fctt\u00fcklerini an\u0131msatan Ba\u015fkan Altay konu\u015fmas\u0131na \u015f\u00f6yle devam etti:\u00a0 \u201cYapt\u0131\u011f\u0131n\u0131z i\u015fi \u00e7ok \u00f6nemsiyoruz, \u00e7ok k\u0131ymetli buluyoruz. \u00d6zellikle sanayide \u00e7al\u0131\u015fan arkada\u015flar\u0131m\u0131z\u0131n sosyal hayata kazand\u0131r\u0131lmas\u0131, fiziki imkanlar\u0131n geli\u015ftirilmesiyle ilgili de \u00e7al\u0131\u015fmalar y\u00fcr\u00fctmeye devam edece\u011fiz. K\u0131ymetinizin fark\u0131nday\u0131z &hellip;"}