{"version":"1.0","provider_name":"Av. Deniz Can K\u0131z\u0131l","provider_url":"https:\/\/denizcankizil.tr\/uk","author_name":"Av. Deniz Can K\u0131z\u0131l","author_url":"https:\/\/denizcankizil.tr\/uk","title":"\u00dcmit Uysal, o karede yer almad\u0131","type":"rich","width":600,"height":338,"html":"<blockquote class=\"wp-embedded-content\" data-secret=\"eQdcBkT7mw\"><a href=\"https:\/\/denizcankizil.tr\/uk\/haberler\/gundem\/umit-uysal-o-karede-yer-almadi\/\">\u00dcmit Uysal, o karede yer almad\u0131<\/a><\/blockquote><iframe sandbox=\"allow-scripts\" security=\"restricted\" src=\"https:\/\/denizcankizil.tr\/uk\/haberler\/gundem\/umit-uysal-o-karede-yer-almadi\/embed\/#?secret=eQdcBkT7mw\" width=\"600\" height=\"338\" title=\"&#8220;\u00dcmit Uysal, o karede yer almad\u0131&#8221; &#8212; Av. Deniz Can K\u0131z\u0131l\" data-secret=\"eQdcBkT7mw\" frameborder=\"0\" marginwidth=\"0\" marginheight=\"0\" scrolling=\"no\" class=\"wp-embedded-content\"><\/iframe><script>\n\/*! This file is auto-generated *\/\n!function(d,l){\"use strict\";l.querySelector&&d.addEventListener&&\"undefined\"!=typeof URL&&(d.wp=d.wp||{},d.wp.receiveEmbedMessage||(d.wp.receiveEmbedMessage=function(e){var t=e.data;if((t||t.secret||t.message||t.value)&&!\/[^a-zA-Z0-9]\/.test(t.secret)){for(var s,r,n,a=l.querySelectorAll('iframe[data-secret=\"'+t.secret+'\"]'),o=l.querySelectorAll('blockquote[data-secret=\"'+t.secret+'\"]'),c=new RegExp(\"^https?:$\",\"i\"),i=0;i<o.length;i++)o[i].style.display=\"none\";for(i=0;i<a.length;i++)s=a[i],e.source===s.contentWindow&&(s.removeAttribute(\"style\"),\"height\"===t.message?(1e3<(r=parseInt(t.value,10))?r=1e3:~~r<200&&(r=200),s.height=r):\"link\"===t.message&&(r=new URL(s.getAttribute(\"src\")),n=new URL(t.value),c.test(n.protocol))&&n.host===r.host&&l.activeElement===s&&(d.top.location.href=t.value))}},d.addEventListener(\"message\",d.wp.receiveEmbedMessage,!1),l.addEventListener(\"DOMContentLoaded\",function(){for(var e,t,s=l.querySelectorAll(\"iframe.wp-embedded-content\"),r=0;r<s.length;r++)(t=(e=s[r]).getAttribute(\"data-secret\"))||(t=Math.random().toString(36).substring(2,12),e.src+=\"#?secret=\"+t,e.setAttribute(\"data-secret\",t)),e.contentWindow.postMessage({message:\"ready\",secret:t},\"*\")},!1)))}(window,document);\n\/\/# sourceURL=https:\/\/denizcankizil.tr\/wp-includes\/js\/wp-embed.min.js\n<\/script>","description":"CHP Antalya \u0130l Ba\u015fkanl\u0131\u011f\u0131 taraf\u0131ndan yap\u0131lan duyuruda Antalya B\u00fcy\u00fck\u015fehir Belediye Ba\u015fkan\u0131, CHP\u2019li 16 il\u00e7e belediye ba\u015fkan\u0131, milletvekilleri ve di\u011fer parti y\u00f6neticileri, CHP\u2019nin grup toplant\u0131s\u0131na kat\u0131lmak \u00fczere ilk kez bir ekip olarak Ankara\u2019ya gitti. Ankara giden CHP ekibi aras\u0131nda ise \u00dcmit Uysal\u2019\u0131n yer almad\u0131\u011f\u0131 ortaya \u00e7\u0131kt\u0131.\u00a0 B\u00dcT\u00dcN CHP\u2019L\u0130 BA\u015eKANLAR TEK KAREDE Ankara \u00e7\u0131karmas\u0131na kat\u0131lan Antalyal\u0131 ba\u015fkanlar\u0131n hepsi T\u00fcrkiye Cumhuriyeti\u2019nin Kurucusu Gazi Mustafa Kemal Atat\u00fcrk\u2019\u00fcn ebedi istirahatgah\u0131 olan An\u0131tkabir\u2019de bir araya geldi. Antalya \u0130l Ba\u015fkan\u0131 Nail Kamac\u0131, B\u00fcy\u00fck\u015fehir Belediye Ba\u015fkan\u0131 Muhittin B\u00f6cek, 14 il\u00e7e belediye ba\u015fkan\u0131 ve di\u011fer parti y\u00f6neticileri Mustafa Kemal Atat\u00fcrk\u2019\u00fcn huzurunda hat\u0131ra foto\u011fraf\u0131 \u00e7ektirdi. UYSAL KATILMADI\u00a0 \u00c7ekilen foto\u011frafta ise Akseki Belediye Ba\u015fkan\u0131 \u0130lkay Akca ve Muratpa\u015fa Belediye Ba\u015fkan\u0131 \u00dcmit Uysal yer almad\u0131. CHP Genel Ba\u015fkan\u0131 \u00d6zg\u00fcr \u00d6zel ile aralar\u0131nda so\u011fuk r\u00fczgarlar esen \u00dcmit Uysal\u2019\u0131n Ankara \u00e7\u0131karmas\u0131na kat\u0131l\u0131p kat\u0131lmad\u0131\u011f\u0131 merak ediliyordu. Edinilen bilgilere g\u00f6re Uysal\u2019\u0131n \u00e7\u0131karmaya kat\u0131lmad\u0131\u011f\u0131 resmi olarak netle\u015fti.\u00a0 \u00a0 \u200bCHP\u2019nin Ankara \u00e7\u0131karmas\u0131na Antalya B\u00fcy\u00fck\u015fehir Belediye Ba\u015fkan\u0131 Muhittin B\u00f6cek ve 14 il\u00e7e ba\u015fkan\u0131 kat\u0131l\u0131rken, Genel Ba\u015fkan \u00d6zg\u00fcr \u00d6zel&#8217;le aralar\u0131nda so\u011fuk r\u00fczgar esen Muratpa\u015fa Belediye Ba\u015fkan\u0131 \u00dcmit Uysal&#8217;\u0131n kat\u0131lmad\u0131\u011f\u0131 \u00f6\u011frenildi\u00a0 \u200bHaberin Al\u0131nt\u0131land\u0131\u011f\u0131 Kaynak: www.antalyakorfez.com"}