{"version":"1.0","provider_name":"Av. Deniz Can K\u0131z\u0131l","provider_url":"https:\/\/denizcankizil.tr\/uk","author_name":"Av. Deniz Can K\u0131z\u0131l","author_url":"https:\/\/denizcankizil.tr\/uk","title":"\u00dccretli \u00e7al\u0131\u015fanlar artt\u0131","type":"rich","width":600,"height":338,"html":"<blockquote class=\"wp-embedded-content\" data-secret=\"SJnIN3mtXS\"><a href=\"https:\/\/denizcankizil.tr\/uk\/haberler\/gundem\/ucretli-calisanlar-artti\/\">\u00dccretli \u00e7al\u0131\u015fanlar artt\u0131<\/a><\/blockquote><iframe sandbox=\"allow-scripts\" security=\"restricted\" src=\"https:\/\/denizcankizil.tr\/uk\/haberler\/gundem\/ucretli-calisanlar-artti\/embed\/#?secret=SJnIN3mtXS\" width=\"600\" height=\"338\" title=\"&#8220;\u00dccretli \u00e7al\u0131\u015fanlar artt\u0131&#8221; &#8212; Av. Deniz Can K\u0131z\u0131l\" data-secret=\"SJnIN3mtXS\" frameborder=\"0\" marginwidth=\"0\" marginheight=\"0\" scrolling=\"no\" class=\"wp-embedded-content\"><\/iframe><script>\n\/*! This file is auto-generated *\/\n!function(d,l){\"use strict\";l.querySelector&&d.addEventListener&&\"undefined\"!=typeof URL&&(d.wp=d.wp||{},d.wp.receiveEmbedMessage||(d.wp.receiveEmbedMessage=function(e){var t=e.data;if((t||t.secret||t.message||t.value)&&!\/[^a-zA-Z0-9]\/.test(t.secret)){for(var s,r,n,a=l.querySelectorAll('iframe[data-secret=\"'+t.secret+'\"]'),o=l.querySelectorAll('blockquote[data-secret=\"'+t.secret+'\"]'),c=new RegExp(\"^https?:$\",\"i\"),i=0;i<o.length;i++)o[i].style.display=\"none\";for(i=0;i<a.length;i++)s=a[i],e.source===s.contentWindow&&(s.removeAttribute(\"style\"),\"height\"===t.message?(1e3<(r=parseInt(t.value,10))?r=1e3:~~r<200&&(r=200),s.height=r):\"link\"===t.message&&(r=new URL(s.getAttribute(\"src\")),n=new URL(t.value),c.test(n.protocol))&&n.host===r.host&&l.activeElement===s&&(d.top.location.href=t.value))}},d.addEventListener(\"message\",d.wp.receiveEmbedMessage,!1),l.addEventListener(\"DOMContentLoaded\",function(){for(var e,t,s=l.querySelectorAll(\"iframe.wp-embedded-content\"),r=0;r<s.length;r++)(t=(e=s[r]).getAttribute(\"data-secret\"))||(t=Math.random().toString(36).substring(2,12),e.src+=\"#?secret=\"+t,e.setAttribute(\"data-secret\",t)),e.contentWindow.postMessage({message:\"ready\",secret:t},\"*\")},!1)))}(window,document);\n\/\/# sourceURL=https:\/\/denizcankizil.tr\/wp-includes\/js\/wp-embed.min.js\n<\/script>","description":"\u00dccretli \u00e7al\u0131\u015fan say\u0131s\u0131 y\u0131ll\u0131k y\u00fczde 2,6 artarken; sanayi, in\u015faat ve ticaret-hizmet sekt\u00f6rleri toplam\u0131nda ayl\u0131k bazda \u00fccretli \u00e7al\u0131\u015fan say\u0131s\u0131 A\u011fustos ay\u0131nda bir \u00f6nceki aya g\u00f6re ayn\u0131 kald\u0131.ANKARA (\u0130GFA) &#8211; T\u00fcrkiye \u0130statistik Kurumu A\u011fustos ay\u0131na ili\u015fkin \u00dccretli \u00c7al\u0131\u015fan \u0130statistiklerini yay\u0131mlad\u0131. \u00dcCRETL\u0130 \u00c7ALI\u015eAN SAYISI YILLIK Y\u00dcZDE 2,6 ARTTI Sanayi, in\u015faat ve ticaret-hizmet sekt\u00f6rleri toplam\u0131nda \u00fccretli \u00e7al\u0131\u015fan say\u0131s\u0131 2024 A\u011fustos ay\u0131nda bir \u00f6nceki y\u0131l\u0131n ayn\u0131 ay\u0131na g\u00f6re y\u00fczde 2,6 artt\u0131. \u00dccretli \u00e7al\u0131\u015fan say\u0131s\u0131 bir \u00f6nceki y\u0131l\u0131n ayn\u0131 ay\u0131nda 15 milyon 484 bin 782 ki\u015fi iken, 2024 y\u0131l\u0131 A\u011fustos ay\u0131nda 15 milyon 883 bin 831 ki\u015fi oldu. \u00dccretli \u00e7al\u0131\u015fanlar\u0131n alt detaylar\u0131na bak\u0131ld\u0131\u011f\u0131nda; 2024 A\u011fustos ay\u0131nda \u00fccretli \u00e7al\u0131\u015fan say\u0131s\u0131 y\u0131ll\u0131k olarak sanayi sekt\u00f6r\u00fcnde y\u00fczde 0,8 azald\u0131, in\u015faat sekt\u00f6r\u00fcnde y\u00fczde 6,9 artt\u0131 ve ticaret-hizmet sekt\u00f6r\u00fcnde y\u00fczde 3,7 artt\u0131. \u00dcCRETL\u0130 \u00c7ALI\u015eAN SAYISI AYLIK AYNI KALDI Sanayi, in\u015faat ve ticaret-hizmet sekt\u00f6rleri toplam\u0131nda \u00fccretli \u00e7al\u0131\u015fan say\u0131s\u0131 2024 A\u011fustos ay\u0131nda bir \u00f6nceki aya g\u00f6re ayn\u0131 kald\u0131. \u00dccretli \u00e7al\u0131\u015fanlar\u0131n alt detaylar\u0131na bak\u0131ld\u0131\u011f\u0131nda; 2024 A\u011fustos ay\u0131nda \u00fccretli \u00e7al\u0131\u015fanlar ayl\u0131k olarak sanayi sekt\u00f6r\u00fcnde y\u00fczde 0,4 azald\u0131, in\u015faat sekt\u00f6r\u00fcnde y\u00fczde 0,4 artt\u0131 ve ticaret-hizmet sekt\u00f6r\u00fcnde y\u00fczde 0,1 artt\u0131. \u200b\u00dccretli \u00e7al\u0131\u015fan say\u0131s\u0131 y\u0131ll\u0131k y\u00fczde 2,6 artarken; sanayi, in\u015faat ve ticaret-hizmet sekt\u00f6rleri toplam\u0131nda ayl\u0131k bazda \u00fccretli \u00e7al\u0131\u015fan say\u0131s\u0131 A\u011fustos ay\u0131nda bir \u00f6nceki aya g\u00f6re ayn\u0131 kald\u0131\u00a0 \u200bHaberin &hellip;"}