{"version":"1.0","provider_name":"Av. Deniz Can K\u0131z\u0131l","provider_url":"https:\/\/denizcankizil.tr\/uk","author_name":"admin","author_url":"https:\/\/denizcankizil.tr\/uk\/author\/admin\/","title":"T\u00fcrkiye'nin \u00d6nde Gelen 5 Merkezinden Biri\u2026","type":"rich","width":600,"height":338,"html":"<blockquote class=\"wp-embedded-content\" data-secret=\"i9ghctJ71C\"><a href=\"https:\/\/denizcankizil.tr\/uk\/haberler\/gundem\/turkiyenin-onde-gelen-5-merkezinden-biri\/\">T\u00fcrkiye&#8217;nin \u00d6nde Gelen 5 Merkezinden Biri\u2026<\/a><\/blockquote><iframe sandbox=\"allow-scripts\" security=\"restricted\" src=\"https:\/\/denizcankizil.tr\/uk\/haberler\/gundem\/turkiyenin-onde-gelen-5-merkezinden-biri\/embed\/#?secret=i9ghctJ71C\" width=\"600\" height=\"338\" title=\"&#8220;T\u00fcrkiye&#8217;nin \u00d6nde Gelen 5 Merkezinden Biri\u2026&#8221; &#8212; Av. Deniz Can K\u0131z\u0131l\" data-secret=\"i9ghctJ71C\" frameborder=\"0\" marginwidth=\"0\" marginheight=\"0\" scrolling=\"no\" class=\"wp-embedded-content\"><\/iframe><script>\n\/*! This file is auto-generated *\/\n!function(d,l){\"use strict\";l.querySelector&&d.addEventListener&&\"undefined\"!=typeof URL&&(d.wp=d.wp||{},d.wp.receiveEmbedMessage||(d.wp.receiveEmbedMessage=function(e){var t=e.data;if((t||t.secret||t.message||t.value)&&!\/[^a-zA-Z0-9]\/.test(t.secret)){for(var s,r,n,a=l.querySelectorAll('iframe[data-secret=\"'+t.secret+'\"]'),o=l.querySelectorAll('blockquote[data-secret=\"'+t.secret+'\"]'),c=new RegExp(\"^https?:$\",\"i\"),i=0;i<o.length;i++)o[i].style.display=\"none\";for(i=0;i<a.length;i++)s=a[i],e.source===s.contentWindow&&(s.removeAttribute(\"style\"),\"height\"===t.message?(1e3<(r=parseInt(t.value,10))?r=1e3:~~r<200&&(r=200),s.height=r):\"link\"===t.message&&(r=new URL(s.getAttribute(\"src\")),n=new URL(t.value),c.test(n.protocol))&&n.host===r.host&&l.activeElement===s&&(d.top.location.href=t.value))}},d.addEventListener(\"message\",d.wp.receiveEmbedMessage,!1),l.addEventListener(\"DOMContentLoaded\",function(){for(var e,t,s=l.querySelectorAll(\"iframe.wp-embedded-content\"),r=0;r<s.length;r++)(t=(e=s[r]).getAttribute(\"data-secret\"))||(t=Math.random().toString(36).substring(2,12),e.src+=\"#?secret=\"+t,e.setAttribute(\"data-secret\",t)),e.contentWindow.postMessage({message:\"ready\",secret:t},\"*\")},!1)))}(window,document);\n\/\/# sourceURL=https:\/\/denizcankizil.tr\/wp-includes\/js\/wp-embed.min.js\n<\/script>","description":"\u201cGEN\u00c7LER\u0130N G\u00d6NL\u00dcNDE TAHT KURDUK\u201d Ziyaret s\u0131ras\u0131nda merkezin \u00e7al\u0131\u015fmalar\u0131 hakk\u0131nda bilgi veren Ahmet Keskin, GSB \u0130skenderun Gen\u00e7lik Merkezi\u2019nin T\u00fcrkiye genelinde \u00f6rnek g\u00f6sterilen be\u015f gen\u00e7lik merkezinden biri oldu\u011funu vurgulad\u0131. Keskin, \u201cGen\u00e7lik merkezimiz, sportif ve sosyal faaliyetleriyle gen\u00e7lerin g\u00f6nl\u00fcnde taht kurdu. Amac\u0131m\u0131z, gen\u00e7leri donan\u0131ml\u0131 bireyler olarak gelece\u011fe haz\u0131rlamak\u201d dedi. \u0130skenderun Gazeteciler Cemiyeti\u2019nin ziyaretiyle e\u015f zamanl\u0131 olarak, \u0130skenderun\u2019un tan\u0131nm\u0131\u015f i\u015f insanlar\u0131ndan O\u011fuz Akkaya da merkeze geldi. Ho\u015f bir tesad\u00fcfe sahne olan bulu\u015fmada dostane bir sohbet ortam\u0131 olu\u015ftu. Kentin gen\u00e7li\u011fine y\u00f6nelik projeler \u00fczerine kar\u015f\u0131l\u0131kl\u0131 g\u00f6r\u00fc\u015f al\u0131\u015fveri\u015finde bulunuldu. \u0130skenderun Gazeteciler Cemiyeti Ba\u015fkan\u0131 Diyap Atar, gen\u00e7lere y\u00f6nelik hizmetlerin \u00f6nemine dikkat \u00e7ekerek, M\u00fcd\u00fcr Keskin ve ekibine ba\u015far\u0131lar diledi. Ziyaret, kar\u015f\u0131l\u0131kl\u0131 iyi dileklerin sunulmas\u0131 ve hat\u0131ra foto\u011fraf\u0131 \u00e7ekimiyle sona erdi. \u200b19 May\u0131s Atat\u00fcrk\u2019\u00fc Anma, Gen\u00e7lik ve Spor Bayram\u0131 dolay\u0131s\u0131yla \u0130skenderun Gazeteciler Cemiyeti, GSB \u0130skenderun Gen\u00e7lik merkezi M\u00fcd\u00fcr\u00fc Ahmet Keskin\u2019i makam\u0131nda ziyaret etti. Ziyarete, Cemiyet Ba\u015fkan\u0131 Diyap Atar ve y\u00f6netim kurulu \u00fcyeleri kat\u0131ld\u0131.\u00a0 \u200bHaberin Al\u0131nt\u0131land\u0131\u011f\u0131 Kaynak: www.iskenderun.org"}