{"version":"1.0","provider_name":"Av. Deniz Can K\u0131z\u0131l","provider_url":"https:\/\/denizcankizil.tr\/uk","author_name":"admin","author_url":"https:\/\/denizcankizil.tr\/uk\/author\/admin\/","title":"T\u00fcrkiye'nin ilk yerli zeka testi 'TUZ\u00d6' tan\u0131t\u0131ld\u0131","type":"rich","width":600,"height":338,"html":"<blockquote class=\"wp-embedded-content\" data-secret=\"jeewGSyVPl\"><a href=\"https:\/\/denizcankizil.tr\/uk\/haberler\/gundem\/turkiyenin-ilk-yerli-zeka-testi-tuzo-tanitildi\/\">T\u00fcrkiye&#8217;nin ilk yerli zeka testi &#8216;TUZ\u00d6&#8217; tan\u0131t\u0131ld\u0131<\/a><\/blockquote><iframe sandbox=\"allow-scripts\" security=\"restricted\" src=\"https:\/\/denizcankizil.tr\/uk\/haberler\/gundem\/turkiyenin-ilk-yerli-zeka-testi-tuzo-tanitildi\/embed\/#?secret=jeewGSyVPl\" width=\"600\" height=\"338\" title=\"&#8220;T\u00fcrkiye&#8217;nin ilk yerli zeka testi &#8216;TUZ\u00d6&#8217; tan\u0131t\u0131ld\u0131&#8221; &#8212; Av. Deniz Can K\u0131z\u0131l\" data-secret=\"jeewGSyVPl\" frameborder=\"0\" marginwidth=\"0\" marginheight=\"0\" scrolling=\"no\" class=\"wp-embedded-content\"><\/iframe><script>\n\/*! This file is auto-generated *\/\n!function(d,l){\"use strict\";l.querySelector&&d.addEventListener&&\"undefined\"!=typeof URL&&(d.wp=d.wp||{},d.wp.receiveEmbedMessage||(d.wp.receiveEmbedMessage=function(e){var t=e.data;if((t||t.secret||t.message||t.value)&&!\/[^a-zA-Z0-9]\/.test(t.secret)){for(var s,r,n,a=l.querySelectorAll('iframe[data-secret=\"'+t.secret+'\"]'),o=l.querySelectorAll('blockquote[data-secret=\"'+t.secret+'\"]'),c=new RegExp(\"^https?:$\",\"i\"),i=0;i<o.length;i++)o[i].style.display=\"none\";for(i=0;i<a.length;i++)s=a[i],e.source===s.contentWindow&&(s.removeAttribute(\"style\"),\"height\"===t.message?(1e3<(r=parseInt(t.value,10))?r=1e3:~~r<200&&(r=200),s.height=r):\"link\"===t.message&&(r=new URL(s.getAttribute(\"src\")),n=new URL(t.value),c.test(n.protocol))&&n.host===r.host&&l.activeElement===s&&(d.top.location.href=t.value))}},d.addEventListener(\"message\",d.wp.receiveEmbedMessage,!1),l.addEventListener(\"DOMContentLoaded\",function(){for(var e,t,s=l.querySelectorAll(\"iframe.wp-embedded-content\"),r=0;r<s.length;r++)(t=(e=s[r]).getAttribute(\"data-secret\"))||(t=Math.random().toString(36).substring(2,12),e.src+=\"#?secret=\"+t,e.setAttribute(\"data-secret\",t)),e.contentWindow.postMessage({message:\"ready\",secret:t},\"*\")},!1)))}(window,document);\n\/\/# sourceURL=https:\/\/denizcankizil.tr\/wp-includes\/js\/wp-embed.min.js\n<\/script>","description":"T\u00dcB\u0130TAK&#8217;\u0131n geli\u015ftirdi\u011fi T\u00fcrkiye\u2019nin ilk yerli ve milli zeka testi, &#8220;T\u00fcrk Ulusal Zeka \u00d6l\u00e7e\u011fi&#8221; (TUZ\u00d6) tan\u0131t\u0131ld\u0131.ANKARA (\u0130GFA) &#8211; Milli E\u011fitim Bakan\u0131 Yusuf Tekin, Sanayi ve Teknoloji Bakan\u0131 Mehmet Fatih Kac\u0131r ile birlikte T\u00fcrk Ulusal Zek\u00e2 \u00d6l\u00e7e\u011fi Tan\u0131t\u0131m Toplant\u0131s\u0131&#8217;n\u0131 ger\u00e7ekle\u015ftirdi. Milli E\u011fitim Bakan\u0131 Yusuf Tekin, bakanl\u0131k olarak yerli ve mill\u00ee nitelikte haz\u0131rlanan T\u00fcrk Ulusal Zek\u00e2 \u00d6l\u00e7e\u011fi&#8217;nin T\u00fcrkiye\u2019nin sa\u011flam bir ekonomiye sahip olmas\u0131nda, uluslararas\u0131 arenada g\u00fc\u00e7l\u00fc bir diplomasi y\u00fcr\u00fctmesinde ve k\u00fcresel rekabet g\u00fcc\u00fcnde etki olu\u015fturacak \u201cT\u00fcrkiye Y\u00fczy\u0131l\u0131\u201dna katk\u0131 sa\u011flayacak \u00f6nemli geli\u015fmelerinden biri olaca\u011f\u0131n\u0131 ifade etti. T\u00fcrk Ulusal Zek\u00e2 \u00d6l\u00e7e\u011fi&#8217;nin T\u00fcrkiye Y\u00fczy\u0131l\u0131 hedeflerini belirleyen ilkelere uygun bi\u00e7imde geli\u015ftirilmi\u015f bir projenin \u00fcr\u00fcn\u00fc olmas\u0131n\u0131n yan\u0131nda, T\u00fcrkiye&#8217;nin e\u011fitim ve psikolojik de\u011ferlendirme alan\u0131nda att\u0131\u011f\u0131 \u00f6nemli bir ad\u0131m oldu\u011funu s\u00f6yleyen Bakan Tekin, projenin t\u00fcm payda\u015flar\u0131na, titizlikle \u00e7al\u0131\u015fmalar\u0131 y\u00fcr\u00fcten y\u00f6neticileri,\u00a0uzmanlar\u0131 ve \u00f6\u011fretmenlerine te\u015fekk\u00fcr etti. Toplant\u0131da Proje y\u00fcr\u00fct\u00fcc\u00fcs\u00fc Prof. Dr. Sirel Karaka\u015f ise, TUZ\u00d6\u2019n\u00fcn 13 geni\u015f zeka alan\u0131 ve 37 zeka alt alan\u0131n\u0131 kapsayan bir test oldu\u011funu a\u00e7\u0131klad\u0131. Karaka\u015f, \u00f6l\u00e7e\u011fin \u00f6zg\u00fcn oldu\u011funu ve T\u00fcrkiye&#8217;nin sosyal ve k\u00fclt\u00fcrel yap\u0131s\u0131na uygun olarak haz\u0131rland\u0131\u011f\u0131n\u0131 vurgulayarak, \u201cArt\u0131k T\u00fcrkiye, zeka testi konusunda d\u0131\u015fa ba\u011f\u0131ml\u0131 olmaktan kurtulmu\u015ftur. \u00dclkemiz, zeka testi \u00fcreticisi konumuna gelmi\u015ftir. Bu, T\u00fcrkiye\u2019yi bu alanda \u00f6nemli bir akt\u00f6r haline getirecektir\u201d dedi. \u200bT\u00dcB\u0130TAK&#8217;\u0131n geli\u015ftirdi\u011fi T\u00fcrkiye\u2019nin ilk yerli ve milli zeka testi, &#8220;T\u00fcrk Ulusal Zeka \u00d6l\u00e7e\u011fi&#8221; (TUZ\u00d6) &hellip;"}