{"version":"1.0","provider_name":"Av. Deniz Can K\u0131z\u0131l","provider_url":"https:\/\/denizcankizil.tr\/uk","author_name":"admin","author_url":"https:\/\/denizcankizil.tr\/uk\/author\/admin\/","title":"Tunceli\u2019de kaybolan iki vatanda\u015f bulundu","type":"rich","width":600,"height":338,"html":"<blockquote class=\"wp-embedded-content\" data-secret=\"LEPfoRavyk\"><a href=\"https:\/\/denizcankizil.tr\/uk\/haberler\/gundem\/tuncelide-kaybolan-iki-vatandas-bulundu\/\">Tunceli\u2019de kaybolan iki vatanda\u015f bulundu<\/a><\/blockquote><iframe sandbox=\"allow-scripts\" security=\"restricted\" src=\"https:\/\/denizcankizil.tr\/uk\/haberler\/gundem\/tuncelide-kaybolan-iki-vatandas-bulundu\/embed\/#?secret=LEPfoRavyk\" width=\"600\" height=\"338\" title=\"&#8220;Tunceli\u2019de kaybolan iki vatanda\u015f bulundu&#8221; &#8212; Av. Deniz Can K\u0131z\u0131l\" data-secret=\"LEPfoRavyk\" frameborder=\"0\" marginwidth=\"0\" marginheight=\"0\" scrolling=\"no\" class=\"wp-embedded-content\"><\/iframe><script>\n\/*! This file is auto-generated *\/\n!function(d,l){\"use strict\";l.querySelector&&d.addEventListener&&\"undefined\"!=typeof URL&&(d.wp=d.wp||{},d.wp.receiveEmbedMessage||(d.wp.receiveEmbedMessage=function(e){var t=e.data;if((t||t.secret||t.message||t.value)&&!\/[^a-zA-Z0-9]\/.test(t.secret)){for(var s,r,n,a=l.querySelectorAll('iframe[data-secret=\"'+t.secret+'\"]'),o=l.querySelectorAll('blockquote[data-secret=\"'+t.secret+'\"]'),c=new RegExp(\"^https?:$\",\"i\"),i=0;i<o.length;i++)o[i].style.display=\"none\";for(i=0;i<a.length;i++)s=a[i],e.source===s.contentWindow&&(s.removeAttribute(\"style\"),\"height\"===t.message?(1e3<(r=parseInt(t.value,10))?r=1e3:~~r<200&&(r=200),s.height=r):\"link\"===t.message&&(r=new URL(s.getAttribute(\"src\")),n=new URL(t.value),c.test(n.protocol))&&n.host===r.host&&l.activeElement===s&&(d.top.location.href=t.value))}},d.addEventListener(\"message\",d.wp.receiveEmbedMessage,!1),l.addEventListener(\"DOMContentLoaded\",function(){for(var e,t,s=l.querySelectorAll(\"iframe.wp-embedded-content\"),r=0;r<s.length;r++)(t=(e=s[r]).getAttribute(\"data-secret\"))||(t=Math.random().toString(36).substring(2,12),e.src+=\"#?secret=\"+t,e.setAttribute(\"data-secret\",t)),e.contentWindow.postMessage({message:\"ready\",secret:t},\"*\")},!1)))}(window,document);\n\/\/# sourceURL=https:\/\/denizcankizil.tr\/wp-includes\/js\/wp-embed.min.js\n<\/script>","description":"Tunceli Valisi \u015eefik Ayg\u00f6l, P\u00fcl\u00fcm\u00fcr il\u00e7esi Buyar G\u00f6l\u00fc\u2019nde mahsur kalan 2 vatanda\u015f\u0131n, 12 saatlik titiz bir arama kurtarma operasyonu sonucu Jandarma ve AFAD ekipleri taraf\u0131ndan sa\u011f salim bulundu\u011funu duyurdu.TUNCEL\u0130 (\u0130GFA) &#8211; Tunceli Valisi \u015eefik Ayg\u00f6l, sosyal medya hesab\u0131ndan yapt\u0131\u011f\u0131 payla\u015f\u0131mda, P\u00fcl\u00fcm\u00fcr il\u00e7esi Buyar G\u00f6l\u00fc\u2019ne 8 Haziran 2025 saat 19:12\u2019de gitmek i\u00e7in yola \u00e7\u0131kan 2 vatanda\u015f\u0131n b\u00f6lgede mahsur kald\u0131\u011f\u0131na dair gelen ihbar \u00fczerine harekete ge\u00e7ildi\u011fini a\u00e7\u0131klad\u0131. Jandarma ve AFAD ekipleri taraf\u0131ndan de\u011ferlendirilen ihbar\u0131n ard\u0131ndan, gece boyunca s\u00fcren 12 saatlik titiz bir arama kurtarma operasyonu ger\u00e7ekle\u015ftirildi. Operasyon sonucunda, Bing\u00f6l\u2019den gelen ve kaybolan 2 vatanda\u015f sa\u011f salim bulunarak P\u00fcl\u00fcm\u00fcr il\u00e7esine getirildi. \u2705 Kaybolan vatanda\u015flar\u0131m\u0131z sa\u011fl\u0131\u011fl\u0131 bir \u015fekilde bulundu. \u2705 08.06.2025 tarihinde saat 19.12 de ilimiz P\u00fcl\u00fcm\u00fcr \u0130l\u00e7esi Buyar G\u00f6l\u00fcne gitmek i\u00e7in hareket eden 2 ki\u015finin b\u00f6lgede mahsur kald\u0131\u011f\u0131na dair ihbar\u0131 geldi . \u0130hbar Jandarma ve Afad birimince de\u011ferlendirildi. \u2705 Gece\u2026 pic.twitter.com\/tmIWXmzC4U &mdash; \u015eefik AYG\u00d6L (@sefikaygol) June 9, 2025 Vali Ayg\u00f6l, ba\u015far\u0131l\u0131 operasyonu y\u00fcr\u00fcten Kaymakaml\u0131k, AFAD ve Jandarma ekiplerine te\u015fekk\u00fcr etti. \u200bTunceli Valisi \u015eefik Ayg\u00f6l, P\u00fcl\u00fcm\u00fcr il\u00e7esi Buyar G\u00f6l\u00fc\u2019nde mahsur kalan 2 vatanda\u015f\u0131n, 12 saatlik titiz bir arama kurtarma operasyonu sonucu Jandarma ve AFAD ekipleri taraf\u0131ndan sa\u011f salim bulundu\u011funu duyurdu.TUNCEL\u0130 (\u0130GFA) &#8211; Tunceli Valisi \u015eefik Ayg\u00f6l, sosyal medya hesab\u0131ndan yapt\u0131\u011f\u0131 payla\u015f\u0131mda, P\u00fcl\u00fcm\u00fcr il\u00e7esi Buyar &hellip;"}