{"version":"1.0","provider_name":"Av. Deniz Can K\u0131z\u0131l","provider_url":"https:\/\/denizcankizil.tr\/uk","author_name":"Av. Deniz Can K\u0131z\u0131l","author_url":"https:\/\/denizcankizil.tr\/uk","title":"Tar\u0131mda 5 y\u0131ll\u0131k yol haritas\u0131 uygulanmaya ba\u015fland\u0131","type":"rich","width":600,"height":338,"html":"<blockquote class=\"wp-embedded-content\" data-secret=\"iN2qujVHbj\"><a href=\"https:\/\/denizcankizil.tr\/uk\/haberler\/gundem\/tarimda-5-yillik-yol-haritasi-uygulanmaya-baslandi\/\">Tar\u0131mda 5 y\u0131ll\u0131k yol haritas\u0131 uygulanmaya ba\u015fland\u0131<\/a><\/blockquote><iframe sandbox=\"allow-scripts\" security=\"restricted\" src=\"https:\/\/denizcankizil.tr\/uk\/haberler\/gundem\/tarimda-5-yillik-yol-haritasi-uygulanmaya-baslandi\/embed\/#?secret=iN2qujVHbj\" width=\"600\" height=\"338\" title=\"&#8220;Tar\u0131mda 5 y\u0131ll\u0131k yol haritas\u0131 uygulanmaya ba\u015fland\u0131&#8221; &#8212; Av. Deniz Can K\u0131z\u0131l\" data-secret=\"iN2qujVHbj\" frameborder=\"0\" marginwidth=\"0\" marginheight=\"0\" scrolling=\"no\" class=\"wp-embedded-content\"><\/iframe><script>\n\/*! This file is auto-generated *\/\n!function(d,l){\"use strict\";l.querySelector&&d.addEventListener&&\"undefined\"!=typeof URL&&(d.wp=d.wp||{},d.wp.receiveEmbedMessage||(d.wp.receiveEmbedMessage=function(e){var t=e.data;if((t||t.secret||t.message||t.value)&&!\/[^a-zA-Z0-9]\/.test(t.secret)){for(var s,r,n,a=l.querySelectorAll('iframe[data-secret=\"'+t.secret+'\"]'),o=l.querySelectorAll('blockquote[data-secret=\"'+t.secret+'\"]'),c=new RegExp(\"^https?:$\",\"i\"),i=0;i<o.length;i++)o[i].style.display=\"none\";for(i=0;i<a.length;i++)s=a[i],e.source===s.contentWindow&&(s.removeAttribute(\"style\"),\"height\"===t.message?(1e3<(r=parseInt(t.value,10))?r=1e3:~~r<200&&(r=200),s.height=r):\"link\"===t.message&&(r=new URL(s.getAttribute(\"src\")),n=new URL(t.value),c.test(n.protocol))&&n.host===r.host&&l.activeElement===s&&(d.top.location.href=t.value))}},d.addEventListener(\"message\",d.wp.receiveEmbedMessage,!1),l.addEventListener(\"DOMContentLoaded\",function(){for(var e,t,s=l.querySelectorAll(\"iframe.wp-embedded-content\"),r=0;r<s.length;r++)(t=(e=s[r]).getAttribute(\"data-secret\"))||(t=Math.random().toString(36).substring(2,12),e.src+=\"#?secret=\"+t,e.setAttribute(\"data-secret\",t)),e.contentWindow.postMessage({message:\"ready\",secret:t},\"*\")},!1)))}(window,document);\n\/\/# sourceURL=https:\/\/denizcankizil.tr\/wp-includes\/js\/wp-embed.min.js\n<\/script>","description":"Tar\u0131m ve Orman Bakan\u0131 \u0130brahim Yumakl\u0131, \u015eubat ay\u0131nda hayvanc\u0131l\u0131kta verimli ve kaliteli \u00fcretim yapma ad\u0131na a\u00e7\u0131klad\u0131klar\u0131 5 y\u0131ll\u0131k yol haritas\u0131n\u0131 uygulamaya ba\u015flad\u0131.ANKARA (\u0130GFA) &#8211; Tar\u0131m ve Orman Bakan\u0131 \u0130brahim Yumakl\u0131, Elmada\u011f&#8217;daki Ankara Veteriner Yol Kontrol ve Denetim \u0130stasyonu&#8217;nun a\u00e7\u0131l\u0131\u015f\u0131nda 5 y\u0131ll\u0131k yol haritas\u0131na y\u00f6nelik a\u00e7\u0131klamalarda bulundu.\u00a0 S\u00f6z konusu yol haritas\u0131 kapsam\u0131nda al\u0131nan kararlar\u0131n uygulanmas\u0131na devam edildi\u011fine i\u015faret eden Bakan Yumakl\u0131, bu kararlar\u0131n en ba\u015f\u0131nda gelen \u00fcretim planlamas\u0131n\u0131n hem bitkisel hem hayvansal \u00fcretim i\u00e7in ba\u015flat\u0131ld\u0131\u011f\u0131n\u0131 vurgulad\u0131. Bakan Yumakl\u0131, yol haritas\u0131 \u00e7er\u00e7evesinde gen\u00e7 ve kad\u0131n giri\u015fimcilere ayr\u0131cal\u0131klar yap\u0131ld\u0131\u011f\u0131na dikkati \u00e7ekerek, Hayvanc\u0131l\u0131kta \u00dcretimi Geli\u015ftirme Projesi&#8217;nin de hayata ge\u00e7irildi\u011fini s\u00f6yledi. Hem \u00fcreticilerin olmas\u0131 gerekti\u011fi gibi \u00fcretim yapabilmelerini hem de t\u00fcketicilerin uygun fiyattan hayvansal \u00fcr\u00fcnlere ula\u015fmalar\u0131n\u0131 sa\u011flamay\u0131 ama\u00e7lad\u0131klar\u0131n\u0131n alt\u0131n\u0131 \u00e7izen Bakan Yumakl\u0131, &#8220;B\u00fct\u00fcn bunlar\u0131 yapabilmek i\u00e7in de hayvan sa\u011fl\u0131\u011f\u0131n\u0131n \u00e7ok \u00f6nemli oldu\u011funu her zaman i\u00e7in vurgulad\u0131k. A\u015f\u0131 program\u0131m\u0131z\u0131 de\u011fi\u015ftirdik, yol kontrol noktalar\u0131n\u0131 art\u0131rd\u0131k. Ayr\u0131ca bu tesis gibi Erzurum ve El\u00e2z\u0131\u011f&#8217;da devreye koydu\u011fumuz veteriner yol kontrol noktalar\u0131yla da hayvan hareketleriyle hayvan hastal\u0131klar\u0131n\u0131n T\u00fcrkiye&#8217;nin farkl\u0131 yerlerine ta\u015f\u0131nmas\u0131 konusundaki olumsuz durumu ortaya koyacak hususlar\u0131 engellemi\u015f olduk.&#8221; diye konu\u015ftu. Bakan Yumakl\u0131, hayvansal hastal\u0131klar\u0131n \u00fclke ekonomisine negatif etkisi oldu\u011funa dikkati \u00e7ekerek, &#8220;Bunlarla alakal\u0131 yapt\u0131\u011f\u0131n\u0131z her iyile\u015fme hem \u00fcretiminize hem de \u00fclke ekonomisine katk\u0131 anlam\u0131n\u0131 ta\u015f\u0131yor. Kontrols\u00fcz hayvan hareketlerinin oran\u0131 \u00e7ok &hellip;"}