{"version":"1.0","provider_name":"Av. Deniz Can K\u0131z\u0131l","provider_url":"https:\/\/denizcankizil.tr\/uk","author_name":"admin","author_url":"https:\/\/denizcankizil.tr\/uk\/author\/admin\/","title":"Tar\u0131m-\u00dcFE'de turun\u00e7giller zirvede","type":"rich","width":600,"height":338,"html":"<blockquote class=\"wp-embedded-content\" data-secret=\"AKt4Zj3dPm\"><a href=\"https:\/\/denizcankizil.tr\/uk\/haberler\/gundem\/tarim-ufede-turuncgiller-zirvede\/\">Tar\u0131m-\u00dcFE&#8217;de turun\u00e7giller zirvede<\/a><\/blockquote><iframe sandbox=\"allow-scripts\" security=\"restricted\" src=\"https:\/\/denizcankizil.tr\/uk\/haberler\/gundem\/tarim-ufede-turuncgiller-zirvede\/embed\/#?secret=AKt4Zj3dPm\" width=\"600\" height=\"338\" title=\"&#8220;Tar\u0131m-\u00dcFE&#8217;de turun\u00e7giller zirvede&#8221; &#8212; Av. Deniz Can K\u0131z\u0131l\" data-secret=\"AKt4Zj3dPm\" frameborder=\"0\" marginwidth=\"0\" marginheight=\"0\" scrolling=\"no\" class=\"wp-embedded-content\"><\/iframe><script>\n\/*! This file is auto-generated *\/\n!function(d,l){\"use strict\";l.querySelector&&d.addEventListener&&\"undefined\"!=typeof URL&&(d.wp=d.wp||{},d.wp.receiveEmbedMessage||(d.wp.receiveEmbedMessage=function(e){var t=e.data;if((t||t.secret||t.message||t.value)&&!\/[^a-zA-Z0-9]\/.test(t.secret)){for(var s,r,n,a=l.querySelectorAll('iframe[data-secret=\"'+t.secret+'\"]'),o=l.querySelectorAll('blockquote[data-secret=\"'+t.secret+'\"]'),c=new RegExp(\"^https?:$\",\"i\"),i=0;i<o.length;i++)o[i].style.display=\"none\";for(i=0;i<a.length;i++)s=a[i],e.source===s.contentWindow&&(s.removeAttribute(\"style\"),\"height\"===t.message?(1e3<(r=parseInt(t.value,10))?r=1e3:~~r<200&&(r=200),s.height=r):\"link\"===t.message&&(r=new URL(s.getAttribute(\"src\")),n=new URL(t.value),c.test(n.protocol))&&n.host===r.host&&l.activeElement===s&&(d.top.location.href=t.value))}},d.addEventListener(\"message\",d.wp.receiveEmbedMessage,!1),l.addEventListener(\"DOMContentLoaded\",function(){for(var e,t,s=l.querySelectorAll(\"iframe.wp-embedded-content\"),r=0;r<s.length;r++)(t=(e=s[r]).getAttribute(\"data-secret\"))||(t=Math.random().toString(36).substring(2,12),e.src+=\"#?secret=\"+t,e.setAttribute(\"data-secret\",t)),e.contentWindow.postMessage({message:\"ready\",secret:t},\"*\")},!1)))}(window,document);\n\/\/# sourceURL=https:\/\/denizcankizil.tr\/wp-includes\/js\/wp-embed.min.js\n<\/script>","description":"Tar\u0131m \u00dcr\u00fcnleri \u00dcretici Fiyat Endeksi (Tar\u0131m-\u00dcFE), Nisan 2025\u2019te y\u0131ll\u0131k bazda y\u00fczde 27,50 y\u00fckseldi, ancak ayl\u0131k y\u00fczde 0,45 geriledi. Turun\u00e7giller, y\u0131ll\u0131k ve ayl\u0131k en y\u00fcksek art\u0131\u015f g\u00f6steren alt grup oldu.ANKARA (\u0130GFA) &#8211; T\u00fcrkiye \u0130statistik Kurumu\u2019nun (T\u00dc\u0130K) verilerine g\u00f6re, Tar\u0131m-\u00dcFE (2020=100) Nisan 2025\u2019te bir \u00f6nceki aya g\u00f6re y\u00fczde 0,45 d\u00fc\u015f\u00fc\u015f, 2024 Aral\u0131k ay\u0131na g\u00f6re y\u00fczde 12,31, ge\u00e7en y\u0131l\u0131n ayn\u0131 ay\u0131na g\u00f6re y\u00fczde 27,50 ve 12 ayl\u0131k ortalamalara g\u00f6re y\u00fczde 37,52 art\u0131\u015f g\u00f6sterdi. Ayl\u0131k bazda tar\u0131m ve avc\u0131l\u0131k \u00fcr\u00fcnleri y\u00fczde 0,86 azal\u0131rken, ormanc\u0131l\u0131k \u00fcr\u00fcnleri y\u00fczde 3,71, bal\u0131k\u00e7\u0131l\u0131k ve su \u00fcr\u00fcnleri y\u00fczde 8,79 artt\u0131. Ana gruplarda tek y\u0131ll\u0131k bitkisel \u00fcr\u00fcnler y\u00fczde 8,33 gerilerken, \u00e7ok y\u0131ll\u0131k bitkisel \u00fcr\u00fcnler y\u00fczde 13,20, canl\u0131 hayvanlar ve hayvansal \u00fcr\u00fcnler y\u00fczde 1,54 y\u00fckseldi. Y\u0131ll\u0131k en y\u00fcksek art\u0131\u015f y\u00fczde 121,05 ile turun\u00e7gillerde, ayl\u0131k en y\u00fcksek art\u0131\u015f ise y\u00fczde 29,16 ile yine turun\u00e7gillerde kaydedildi. \u200bTar\u0131m \u00dcr\u00fcnleri \u00dcretici Fiyat Endeksi (Tar\u0131m-\u00dcFE), Nisan 2025\u2019te y\u0131ll\u0131k bazda y\u00fczde 27,50 y\u00fckseldi, ancak ayl\u0131k y\u00fczde 0,45 geriledi. Turun\u00e7giller, y\u0131ll\u0131k ve ayl\u0131k en y\u00fcksek art\u0131\u015f g\u00f6steren alt grup oldu.ANKARA (\u0130GFA) &#8211; T\u00fcrkiye \u0130statistik Kurumu\u2019nun (T\u00dc\u0130K) verilerine g\u00f6re, Tar\u0131m-\u00dcFE (2020=100) Nisan 2025\u2019te bir \u00f6nceki aya g\u00f6re y\u00fczde 0,45 d\u00fc\u015f\u00fc\u015f, 2024 Aral\u0131k ay\u0131na g\u00f6re y\u00fczde 12,31, ge\u00e7en y\u0131l\u0131n ayn\u0131 ay\u0131na g\u00f6re y\u00fczde 27,50 ve 12 ayl\u0131k ortalamalara g\u00f6re y\u00fczde 37,52 &hellip;"}