{"version":"1.0","provider_name":"Av. Deniz Can K\u0131z\u0131l","provider_url":"https:\/\/denizcankizil.tr\/uk","author_name":"admin","author_url":"https:\/\/denizcankizil.tr\/uk\/author\/admin\/","title":"Sosyal G\u00fcvenlik Sistemi Sil Ba\u015ftan ...","type":"rich","width":600,"height":338,"html":"<blockquote class=\"wp-embedded-content\" data-secret=\"cQ2tgQmAzc\"><a href=\"https:\/\/denizcankizil.tr\/uk\/haberler\/gundem\/sosyal-guvenlik-sistemi-sil-bastan\/\">Sosyal G\u00fcvenlik Sistemi Sil Ba\u015ftan &#8230;<\/a><\/blockquote><iframe sandbox=\"allow-scripts\" security=\"restricted\" src=\"https:\/\/denizcankizil.tr\/uk\/haberler\/gundem\/sosyal-guvenlik-sistemi-sil-bastan\/embed\/#?secret=cQ2tgQmAzc\" width=\"600\" height=\"338\" title=\"&#8220;Sosyal G\u00fcvenlik Sistemi Sil Ba\u015ftan &#8230;&#8221; &#8212; Av. Deniz Can K\u0131z\u0131l\" data-secret=\"cQ2tgQmAzc\" frameborder=\"0\" marginwidth=\"0\" marginheight=\"0\" scrolling=\"no\" class=\"wp-embedded-content\"><\/iframe><script>\n\/*! This file is auto-generated *\/\n!function(d,l){\"use strict\";l.querySelector&&d.addEventListener&&\"undefined\"!=typeof URL&&(d.wp=d.wp||{},d.wp.receiveEmbedMessage||(d.wp.receiveEmbedMessage=function(e){var t=e.data;if((t||t.secret||t.message||t.value)&&!\/[^a-zA-Z0-9]\/.test(t.secret)){for(var s,r,n,a=l.querySelectorAll('iframe[data-secret=\"'+t.secret+'\"]'),o=l.querySelectorAll('blockquote[data-secret=\"'+t.secret+'\"]'),c=new RegExp(\"^https?:$\",\"i\"),i=0;i<o.length;i++)o[i].style.display=\"none\";for(i=0;i<a.length;i++)s=a[i],e.source===s.contentWindow&&(s.removeAttribute(\"style\"),\"height\"===t.message?(1e3<(r=parseInt(t.value,10))?r=1e3:~~r<200&&(r=200),s.height=r):\"link\"===t.message&&(r=new URL(s.getAttribute(\"src\")),n=new URL(t.value),c.test(n.protocol))&&n.host===r.host&&l.activeElement===s&&(d.top.location.href=t.value))}},d.addEventListener(\"message\",d.wp.receiveEmbedMessage,!1),l.addEventListener(\"DOMContentLoaded\",function(){for(var e,t,s=l.querySelectorAll(\"iframe.wp-embedded-content\"),r=0;r<s.length;r++)(t=(e=s[r]).getAttribute(\"data-secret\"))||(t=Math.random().toString(36).substring(2,12),e.src+=\"#?secret=\"+t,e.setAttribute(\"data-secret\",t)),e.contentWindow.postMessage({message:\"ready\",secret:t},\"*\")},!1)))}(window,document);\n\/\/# sourceURL=https:\/\/denizcankizil.tr\/wp-includes\/js\/wp-embed.min.js\n<\/script>","description":"\u00a0Kara, emekli maa\u015flar\u0131n\u0131n a\u00e7l\u0131k ve yoksulluk s\u0131n\u0131r\u0131 alt\u0131na d\u00fc\u015fmesinin sebebini arad\u0131\u011f\u0131m\u0131zda, kar\u015f\u0131m\u0131za, sosyal g\u00fcvenlik mevzuat\u0131n\u0131n baz\u0131 kavramlar\u0131 \u00e7\u0131k\u0131yor diyerek \u015f\u00f6yle devam etti: \u201c Bunlar\u0131n ba\u015f\u0131nda, 5510 say\u0131l\u0131 Sosyal Sigortalar ve Genel Sa\u011fl\u0131k Sigortas\u0131 Kanunu gelir. Bu kanunda, emekli ayl\u0131klar\u0131n\u0131n belirlenmesi i\u00e7in takip edilecek hesaplama y\u00f6ntemleri belirlenmi\u015ftir. Bunlardan birisi, g\u00fcncelleme katsay\u0131s\u0131d\u0131r. G\u00fcncelleme katsay\u0131s\u0131na g\u00f6re, emekli ayl\u0131klar\u0131n\u0131n hesaplanmas\u0131nda Gayrisafi Yurti\u00e7i Has\u0131la art\u0131\u015f\u0131 da kullan\u0131l\u0131yor. Fakat bu pay, y\u00fczde 100\u2019den y\u00fczde 30\u2019a d\u00fc\u015f\u00fcr\u00fclm\u00fc\u015f; emeklilerin milli gelir art\u0131\u015f\u0131ndan alaca\u011f\u0131 pay azalt\u0131lm\u0131\u015ft\u0131r. Mevzuat\u0131 haz\u0131rlayanlar, emekli ayl\u0131klar\u0131n\u0131n hesaplanmas\u0131 i\u00e7in \u00fc\u00e7 ayr\u0131 sistem geli\u015ftirmi\u015f durumda. 1999 \u00f6ncesi, 1999-2008 aras\u0131 ve 2008 sonras\u0131 emekli olanlar, ayl\u0131klar\u0131n\u0131 farkl\u0131 bi\u00e7imde hesaplamak zorunda. Bir di\u011fer sorunlu k\u0131s\u0131m da ayl\u0131k ba\u011flama oranlar\u0131d\u0131r. Mevcut d\u00fczenlemeye g\u00f6re, sigortal\u0131lar, toplam prim \u00f6deme g\u00fcn say\u0131s\u0131n\u0131n 360 g\u00fcn\u00fc i\u00e7in y\u00fczde 2 oran\u0131nda ayl\u0131k ba\u011flan\u0131yor. Ayl\u0131k ba\u011flama oranlar\u0131ndaki azalmay\u0131, memur emeklileri i\u00e7in yap\u0131lan d\u00fczenlemeden daha iyi g\u00f6rebiliyoruz. 2008 y\u0131l\u0131 \u00f6ncesinde bu oran y\u00fczde 75 iken, 2008 sonras\u0131nda y\u00fczde 50\u2019ye d\u00fc\u015f\u00fcyor. AKP iktidar\u0131n\u0131n emeklilerin b\u00fct\u00e7eye y\u00fck olu\u015fturdu\u011fu, denk b\u00fct\u00e7e hedefini emekli ayl\u0131klar\u0131n\u0131 azaltarak ger\u00e7ekle\u015ftirmeyi d\u00fc\u015f\u00fcnd\u00fc\u011f\u00fc a\u00e7\u0131kt\u0131r. Ayl\u0131k ba\u011flama oranlar\u0131 \u00fczerinden, birka\u00e7 rakam de\u011fi\u015fikli\u011fiyle, milyonlarca emekli a\u00e7l\u0131k tehlikesiyle kar\u015f\u0131 kar\u015f\u0131ya b\u0131rak\u0131lm\u0131\u015ft\u0131r. Ayl\u0131k ba\u011flama oran\u0131, bu haliyle, emeklileri yoksullu\u011fa mahkum etmekten ba\u015fka bir i\u015fe yaram\u0131yor\u201d SOSYAL G\u00dcVENL\u0130K S\u0130STEM\u0130 BA\u015eTAN \u0130N\u015eA ED\u0130LMEL\u0130 &hellip;"}