{"version":"1.0","provider_name":"Av. Deniz Can K\u0131z\u0131l","provider_url":"https:\/\/denizcankizil.tr\/uk","author_name":"Av. Deniz Can K\u0131z\u0131l","author_url":"https:\/\/denizcankizil.tr\/uk","title":"SA\u00dc\u2019n\u00fcn uluslararas\u0131 \u00f6\u011frencileri Sakarya\u2019y\u0131 ke\u015ffetti","type":"rich","width":600,"height":338,"html":"<blockquote class=\"wp-embedded-content\" data-secret=\"ENl8Qnlgzx\"><a href=\"https:\/\/denizcankizil.tr\/uk\/haberler\/gundem\/saunun-uluslararasi-ogrencileri-sakaryayi-kesfetti\/\">SA\u00dc\u2019n\u00fcn uluslararas\u0131 \u00f6\u011frencileri Sakarya\u2019y\u0131 ke\u015ffetti<\/a><\/blockquote><iframe sandbox=\"allow-scripts\" security=\"restricted\" src=\"https:\/\/denizcankizil.tr\/uk\/haberler\/gundem\/saunun-uluslararasi-ogrencileri-sakaryayi-kesfetti\/embed\/#?secret=ENl8Qnlgzx\" width=\"600\" height=\"338\" title=\"&#8220;SA\u00dc\u2019n\u00fcn uluslararas\u0131 \u00f6\u011frencileri Sakarya\u2019y\u0131 ke\u015ffetti&#8221; &#8212; Av. Deniz Can K\u0131z\u0131l\" data-secret=\"ENl8Qnlgzx\" frameborder=\"0\" marginwidth=\"0\" marginheight=\"0\" scrolling=\"no\" class=\"wp-embedded-content\"><\/iframe><script>\n\/*! This file is auto-generated *\/\n!function(d,l){\"use strict\";l.querySelector&&d.addEventListener&&\"undefined\"!=typeof URL&&(d.wp=d.wp||{},d.wp.receiveEmbedMessage||(d.wp.receiveEmbedMessage=function(e){var t=e.data;if((t||t.secret||t.message||t.value)&&!\/[^a-zA-Z0-9]\/.test(t.secret)){for(var s,r,n,a=l.querySelectorAll('iframe[data-secret=\"'+t.secret+'\"]'),o=l.querySelectorAll('blockquote[data-secret=\"'+t.secret+'\"]'),c=new RegExp(\"^https?:$\",\"i\"),i=0;i<o.length;i++)o[i].style.display=\"none\";for(i=0;i<a.length;i++)s=a[i],e.source===s.contentWindow&&(s.removeAttribute(\"style\"),\"height\"===t.message?(1e3<(r=parseInt(t.value,10))?r=1e3:~~r<200&&(r=200),s.height=r):\"link\"===t.message&&(r=new URL(s.getAttribute(\"src\")),n=new URL(t.value),c.test(n.protocol))&&n.host===r.host&&l.activeElement===s&&(d.top.location.href=t.value))}},d.addEventListener(\"message\",d.wp.receiveEmbedMessage,!1),l.addEventListener(\"DOMContentLoaded\",function(){for(var e,t,s=l.querySelectorAll(\"iframe.wp-embedded-content\"),r=0;r<s.length;r++)(t=(e=s[r]).getAttribute(\"data-secret\"))||(t=Math.random().toString(36).substring(2,12),e.src+=\"#?secret=\"+t,e.setAttribute(\"data-secret\",t)),e.contentWindow.postMessage({message:\"ready\",secret:t},\"*\")},!1)))}(window,document);\n\/\/# sourceURL=https:\/\/denizcankizil.tr\/wp-includes\/js\/wp-embed.min.js\n<\/script>","description":"Sakarya B\u00fcy\u00fck\u015fehir Belediyesi, tan\u0131t\u0131m gezileri program\u0131yla SA\u00dc Uluslararas\u0131 \u00d6\u011frenci Toplulu\u011fu \u00fcyesi \u00e7ok say\u0131da \u00f6\u011frenciye Sakarya\u2019n\u0131n cennet k\u00f6\u015felerini, tarihini, k\u00fclt\u00fcr\u00fcn\u00fc tan\u0131tt\u0131.SAKARYA (\u0130GFA) &#8211;\u00a0Sakarya B\u00fcy\u00fck\u015fehir Belediyesi taraf\u0131ndan d\u00fczenlenen tan\u0131t\u0131m gezileri kapsam\u0131nda d\u00fcnyan\u0131n d\u00f6rt bir yan\u0131ndan, farl\u0131 renklerden misafir ve T\u00fcrkiye genelinden vatanda\u015flar Sakarya\u2019y\u0131 tan\u0131yor. SAKARYA\u2019NIN CENNET K\u00d6\u015eELER\u0130 Son olarak Sakarya \u00dcniversitesi Uluslararas\u0131 \u00d6\u011frenci Toplulu\u011fu\u2019nun kat\u0131ld\u0131\u011f\u0131 tan\u0131t\u0131m program\u0131nda farkl\u0131 \u00fclkelerden uluslararas\u0131 \u00f6\u011frenciler \u015fehrin tarihini, k\u00fclt\u00fcr\u00fcn\u00fc, de\u011ferlerini ve cennet do\u011fas\u0131n\u0131 ke\u015ffetti. E\u015eS\u0130Z MANZARA Program\u0131n ilk dura\u011f\u0131nda Sapanca \u0130l Orman\u0131 Tabiat Park\u0131\u2019nda y\u00fcr\u00fcy\u00fc\u015f yapan \u00f6\u011frenci grubu, sonras\u0131nda150 metre uzunlu\u011fundaki 2. Bayezid K\u00f6pr\u00fcs\u00fc\u2019n\u00fc gezdi. Devam\u0131nda isePamukova Esentepe Seyir Teras\u0131\u2019n\u0131 gezen \u00f6\u011frenciler, e\u015fsiz manzarada keyifli vakit ge\u00e7irdi. GEYVE VE TARAKLI\u2019DA TAR\u0130H Uzman rehberler e\u015fli\u011finde daha sonra ise Geyve\u2019de bulunan Ali Fuat Cebesoy M\u00fczesi\u2019ne gidildi. Tarihi eserleri yerinde inceleme f\u0131rsat\u0131 bulan \u00f6\u011frenciler, unutulmaz bir deneyim ya\u015fad\u0131klar\u0131 g\u00fcn\u00fc Tarihi Tarakl\u0131 Evleri, Tarakl\u0131 \u00c7ar\u015f\u0131s\u0131 ve Tarakl\u0131\u2019da bulunan tarihi \u00e7\u0131nar\u0131 ziyaret ederek sonland\u0131rd\u0131. \u200bSakarya B\u00fcy\u00fck\u015fehir Belediyesi, tan\u0131t\u0131m gezileri program\u0131yla SA\u00dc Uluslararas\u0131 \u00d6\u011frenci Toplulu\u011fu \u00fcyesi \u00e7ok say\u0131da \u00f6\u011frenciye Sakarya\u2019n\u0131n cennet k\u00f6\u015felerini, tarihini, k\u00fclt\u00fcr\u00fcn\u00fc tan\u0131tt\u0131.SAKARYA (\u0130GFA) &#8211;\u00a0Sakarya B\u00fcy\u00fck\u015fehir Belediyesi taraf\u0131ndan d\u00fczenlenen tan\u0131t\u0131m gezileri kapsam\u0131nda d\u00fcnyan\u0131n d\u00f6rt bir yan\u0131ndan, farl\u0131 renklerden misafir ve T\u00fcrkiye genelinden vatanda\u015flar Sakarya\u2019y\u0131 tan\u0131yor. SAKARYA\u2019NIN CENNET K\u00d6\u015eELER\u0130 Son olarak Sakarya \u00dcniversitesi Uluslararas\u0131 \u00d6\u011frenci Toplulu\u011fu\u2019nun kat\u0131ld\u0131\u011f\u0131 tan\u0131t\u0131m program\u0131nda farkl\u0131 \u00fclkelerden uluslararas\u0131 &hellip;"}