{"version":"1.0","provider_name":"Av. Deniz Can K\u0131z\u0131l","provider_url":"https:\/\/denizcankizil.tr\/uk","author_name":"admin","author_url":"https:\/\/denizcankizil.tr\/uk\/author\/admin\/","title":"Sakarya'daki orman yang\u0131n\u0131 20 Saattir Devam Ediyor","type":"rich","width":600,"height":338,"html":"<blockquote class=\"wp-embedded-content\" data-secret=\"HUemI3xQTT\"><a href=\"https:\/\/denizcankizil.tr\/uk\/haberler\/gundem\/sakaryadaki-orman-yangini-20-saattir-devam-ediyor\/\">Sakarya&#8217;daki orman yang\u0131n\u0131 20 Saattir Devam Ediyor<\/a><\/blockquote><iframe sandbox=\"allow-scripts\" security=\"restricted\" src=\"https:\/\/denizcankizil.tr\/uk\/haberler\/gundem\/sakaryadaki-orman-yangini-20-saattir-devam-ediyor\/embed\/#?secret=HUemI3xQTT\" width=\"600\" height=\"338\" title=\"&#8220;Sakarya&#8217;daki orman yang\u0131n\u0131 20 Saattir Devam Ediyor&#8221; &#8212; Av. Deniz Can K\u0131z\u0131l\" data-secret=\"HUemI3xQTT\" frameborder=\"0\" marginwidth=\"0\" marginheight=\"0\" scrolling=\"no\" class=\"wp-embedded-content\"><\/iframe><script>\n\/*! This file is auto-generated *\/\n!function(d,l){\"use strict\";l.querySelector&&d.addEventListener&&\"undefined\"!=typeof URL&&(d.wp=d.wp||{},d.wp.receiveEmbedMessage||(d.wp.receiveEmbedMessage=function(e){var t=e.data;if((t||t.secret||t.message||t.value)&&!\/[^a-zA-Z0-9]\/.test(t.secret)){for(var s,r,n,a=l.querySelectorAll('iframe[data-secret=\"'+t.secret+'\"]'),o=l.querySelectorAll('blockquote[data-secret=\"'+t.secret+'\"]'),c=new RegExp(\"^https?:$\",\"i\"),i=0;i<o.length;i++)o[i].style.display=\"none\";for(i=0;i<a.length;i++)s=a[i],e.source===s.contentWindow&&(s.removeAttribute(\"style\"),\"height\"===t.message?(1e3<(r=parseInt(t.value,10))?r=1e3:~~r<200&&(r=200),s.height=r):\"link\"===t.message&&(r=new URL(s.getAttribute(\"src\")),n=new URL(t.value),c.test(n.protocol))&&n.host===r.host&&l.activeElement===s&&(d.top.location.href=t.value))}},d.addEventListener(\"message\",d.wp.receiveEmbedMessage,!1),l.addEventListener(\"DOMContentLoaded\",function(){for(var e,t,s=l.querySelectorAll(\"iframe.wp-embedded-content\"),r=0;r<s.length;r++)(t=(e=s[r]).getAttribute(\"data-secret\"))||(t=Math.random().toString(36).substring(2,12),e.src+=\"#?secret=\"+t,e.setAttribute(\"data-secret\",t)),e.contentWindow.postMessage({message:\"ready\",secret:t},\"*\")},!1)))}(window,document);\n\/\/# sourceURL=https:\/\/denizcankizil.tr\/wp-includes\/js\/wp-embed.min.js\n<\/script>","description":"Sakarya&#8217;da 20 saattir s\u00fcren orman yang\u0131n\u0131, Bilecik&#8217;in G\u00f6lpazar\u0131 il\u00e7esine s\u0131\u00e7rad\u0131. Orman B\u00f6lge M\u00fcd\u00fcrl\u00fc\u011f\u00fc ekipleri, yang\u0131n\u0131 s\u00f6nd\u00fcrmek i\u00e7in havadan ve karadan m\u00fcdahale ediyor. Sakarya Valili\u011fi, yang\u0131n\u0131n \u00e7evre yerle\u015fim yerlerine yakla\u015fmas\u0131 sebebiyle Ayd\u0131nlar ve \u00c7aml\u0131k mahallelerindeki vatanda\u015flar\u0131 tahliye etti. Alevlerle m\u00fccadeleye T\u00fcrk Silahl\u0131 Kuvvetleri de destek veriyor. \u200bSakarya&#8217;da 20 saattir s\u00fcren orman yang\u0131n\u0131, Bilecik&#8217;in G\u00f6lpazar\u0131 il\u00e7esine s\u0131\u00e7rad\u0131. Orman B\u00f6lge M\u00fcd\u00fcrl\u00fc\u011f\u00fc ekipleri, yang\u0131n\u0131 s\u00f6nd\u00fcrmek i\u00e7in havadan ve karadan m\u00fcdahale ediyor. Sakarya Valili\u011fi, yang\u0131n\u0131n \u00e7evre yerle\u015fim yerlerine yakla\u015fmas\u0131 sebebiyle Ayd\u0131nlar ve \u00c7aml\u0131k mahallelerindeki vatanda\u015flar\u0131 tahliye etti. Alevlerle m\u00fccadeleye T\u00fcrk Silahl\u0131 Kuvvetleri de destek veriyor.\u00a0 \u200bHaberin Al\u0131nt\u0131land\u0131\u011f\u0131 Kaynak: www.iskenderun.org"}