{"version":"1.0","provider_name":"Av. Deniz Can K\u0131z\u0131l","provider_url":"https:\/\/denizcankizil.tr\/uk","author_name":"admin","author_url":"https:\/\/denizcankizil.tr\/uk\/author\/admin\/","title":"Sakarya'da ara tatil at\u00f6lyeleri sona erdi","type":"rich","width":600,"height":338,"html":"<blockquote class=\"wp-embedded-content\" data-secret=\"nKlxGW8wTU\"><a href=\"https:\/\/denizcankizil.tr\/uk\/haberler\/gundem\/sakaryada-ara-tatil-atolyeleri-sona-erdi\/\">Sakarya&#8217;da ara tatil at\u00f6lyeleri sona erdi<\/a><\/blockquote><iframe sandbox=\"allow-scripts\" security=\"restricted\" src=\"https:\/\/denizcankizil.tr\/uk\/haberler\/gundem\/sakaryada-ara-tatil-atolyeleri-sona-erdi\/embed\/#?secret=nKlxGW8wTU\" width=\"600\" height=\"338\" title=\"&#8220;Sakarya&#8217;da ara tatil at\u00f6lyeleri sona erdi&#8221; &#8212; Av. Deniz Can K\u0131z\u0131l\" data-secret=\"nKlxGW8wTU\" frameborder=\"0\" marginwidth=\"0\" marginheight=\"0\" scrolling=\"no\" class=\"wp-embedded-content\"><\/iframe><script>\n\/*! This file is auto-generated *\/\n!function(d,l){\"use strict\";l.querySelector&&d.addEventListener&&\"undefined\"!=typeof URL&&(d.wp=d.wp||{},d.wp.receiveEmbedMessage||(d.wp.receiveEmbedMessage=function(e){var t=e.data;if((t||t.secret||t.message||t.value)&&!\/[^a-zA-Z0-9]\/.test(t.secret)){for(var s,r,n,a=l.querySelectorAll('iframe[data-secret=\"'+t.secret+'\"]'),o=l.querySelectorAll('blockquote[data-secret=\"'+t.secret+'\"]'),c=new RegExp(\"^https?:$\",\"i\"),i=0;i<o.length;i++)o[i].style.display=\"none\";for(i=0;i<a.length;i++)s=a[i],e.source===s.contentWindow&&(s.removeAttribute(\"style\"),\"height\"===t.message?(1e3<(r=parseInt(t.value,10))?r=1e3:~~r<200&&(r=200),s.height=r):\"link\"===t.message&&(r=new URL(s.getAttribute(\"src\")),n=new URL(t.value),c.test(n.protocol))&&n.host===r.host&&l.activeElement===s&&(d.top.location.href=t.value))}},d.addEventListener(\"message\",d.wp.receiveEmbedMessage,!1),l.addEventListener(\"DOMContentLoaded\",function(){for(var e,t,s=l.querySelectorAll(\"iframe.wp-embedded-content\"),r=0;r<s.length;r++)(t=(e=s[r]).getAttribute(\"data-secret\"))||(t=Math.random().toString(36).substring(2,12),e.src+=\"#?secret=\"+t,e.setAttribute(\"data-secret\",t)),e.contentWindow.postMessage({message:\"ready\",secret:t},\"*\")},!1)))}(window,document);\n\/\/# sourceURL=https:\/\/denizcankizil.tr\/wp-includes\/js\/wp-embed.min.js\n<\/script>","description":"Sakarya B\u00fcy\u00fck\u015fehir Belediyesi Akyaz\u0131 Sosyal Geli\u015fim Merkezinde \u201cAra Tatil At\u00f6lyeleri\u201d kapsam\u0131nda yap\u0131lan workshoplarda renkli g\u00f6r\u00fcnt\u00fcler ortaya \u00e7\u0131kt\u0131. \u00c7ocuklar ve aileleri iki hafta s\u00fcren at\u00f6lyelerde hem e\u011flendi hem de yeni beceriler kazand\u0131.SAKARYA (\u0130GFA) &#8211;\u00a0Sakarya B\u00fcy\u00fck\u015fehir Belediyesi Akyaz\u0131 Sosyal Geli\u015fim Merkezinde (SGM) yar\u0131y\u0131l tatilinde \u00e7ocuklar ve aileleri i\u00e7in d\u00fczenlenen &#8220;Ara Tatil At\u00f6lyeleri&#8221; sona erdi. Birbirinden yarat\u0131c\u0131 etkinlikler Akyaz\u0131 SGM\u2019de ara tatilde anne \u00e7ocuk workshop etkinlikleri kapsam\u0131nda \u201cKil etkinli\u011fi\u201d, \u201cDekorasyon \u00dcr\u00fcn etkinli\u011fi\u201d, \u201cEtamin etkinli\u011fi\u201d, \u201cAnahtarl\u0131k etkinli\u011fi\u201d, \u201cEbru etkinli\u011fi\u201d, \u201cOyun etkinli\u011fi\u201d at\u00f6lyelerini kapsayan bu at\u00f6lyeler, tatil d\u00f6nemini e\u011flenceli ve verimli bir \u015fekilde de\u011ferlendirmek isteyen aileler i\u00e7in m\u00fckemmel bir f\u0131rsat sundu. Renkli g\u00f6r\u00fcnt\u00fcler ortaya \u00e7\u0131kt\u0131 Ailelerin \u00e7ocuklar\u0131yla birlikte kat\u0131larak aralar\u0131ndaki ba\u011f\u0131 g\u00fc\u00e7lendirmelerine, \u00e7ocuklar\u0131n \u00f6zg\u00fcven ve yarat\u0131c\u0131l\u0131klar\u0131n\u0131 geli\u015ftirmelerine, sosyal becerilerini art\u0131rmalar\u0131na olanak tan\u0131yan at\u00f6lyelerde renkli g\u00f6r\u00fcnt\u00fcler olu\u015ftu. \u0130ki hafta s\u00fcren etkinliklerde ebeveyn-\u00e7ocuk kat\u0131l\u0131ml\u0131 \u00f6zel \u00e7al\u0131\u015fmalar yer ald\u0131. \u00c7ocuklar ebeveynleriyle birlikte kaliteli zaman ge\u00e7irmenin keyfini ya\u015fad\u0131\u011f\u0131 at\u00f6lyeler, ayr\u0131ca \u00e7ocuklar el becerilerini, hayal g\u00fc\u00e7leri e\u011flenceli bir ortamda desteklendi. \u200bSakarya B\u00fcy\u00fck\u015fehir Belediyesi Akyaz\u0131 Sosyal Geli\u015fim Merkezinde \u201cAra Tatil At\u00f6lyeleri\u201d kapsam\u0131nda yap\u0131lan workshoplarda renkli g\u00f6r\u00fcnt\u00fcler ortaya \u00e7\u0131kt\u0131. \u00c7ocuklar ve aileleri iki hafta s\u00fcren at\u00f6lyelerde hem e\u011flendi hem de yeni beceriler kazand\u0131.SAKARYA (\u0130GFA) &#8211;\u00a0Sakarya B\u00fcy\u00fck\u015fehir Belediyesi Akyaz\u0131 Sosyal Geli\u015fim Merkezinde (SGM) yar\u0131y\u0131l tatilinde \u00e7ocuklar ve aileleri i\u00e7in d\u00fczenlenen &#8220;Ara Tatil At\u00f6lyeleri&#8221; &hellip;"}