{"version":"1.0","provider_name":"Av. Deniz Can K\u0131z\u0131l","provider_url":"https:\/\/denizcankizil.tr\/uk","author_name":"admin","author_url":"https:\/\/denizcankizil.tr\/uk\/author\/admin\/","title":"Sakarya depozito sisteminde pilot oldu","type":"rich","width":600,"height":338,"html":"<blockquote class=\"wp-embedded-content\" data-secret=\"fvJrgvOxVc\"><a href=\"https:\/\/denizcankizil.tr\/uk\/haberler\/gundem\/sakarya-depozito-sisteminde-pilot-oldu\/\">Sakarya depozito sisteminde pilot oldu<\/a><\/blockquote><iframe sandbox=\"allow-scripts\" security=\"restricted\" src=\"https:\/\/denizcankizil.tr\/uk\/haberler\/gundem\/sakarya-depozito-sisteminde-pilot-oldu\/embed\/#?secret=fvJrgvOxVc\" width=\"600\" height=\"338\" title=\"&#8220;Sakarya depozito sisteminde pilot oldu&#8221; &#8212; Av. Deniz Can K\u0131z\u0131l\" data-secret=\"fvJrgvOxVc\" frameborder=\"0\" marginwidth=\"0\" marginheight=\"0\" scrolling=\"no\" class=\"wp-embedded-content\"><\/iframe><script>\n\/*! This file is auto-generated *\/\n!function(d,l){\"use strict\";l.querySelector&&d.addEventListener&&\"undefined\"!=typeof URL&&(d.wp=d.wp||{},d.wp.receiveEmbedMessage||(d.wp.receiveEmbedMessage=function(e){var t=e.data;if((t||t.secret||t.message||t.value)&&!\/[^a-zA-Z0-9]\/.test(t.secret)){for(var s,r,n,a=l.querySelectorAll('iframe[data-secret=\"'+t.secret+'\"]'),o=l.querySelectorAll('blockquote[data-secret=\"'+t.secret+'\"]'),c=new RegExp(\"^https?:$\",\"i\"),i=0;i<o.length;i++)o[i].style.display=\"none\";for(i=0;i<a.length;i++)s=a[i],e.source===s.contentWindow&&(s.removeAttribute(\"style\"),\"height\"===t.message?(1e3<(r=parseInt(t.value,10))?r=1e3:~~r<200&&(r=200),s.height=r):\"link\"===t.message&&(r=new URL(s.getAttribute(\"src\")),n=new URL(t.value),c.test(n.protocol))&&n.host===r.host&&l.activeElement===s&&(d.top.location.href=t.value))}},d.addEventListener(\"message\",d.wp.receiveEmbedMessage,!1),l.addEventListener(\"DOMContentLoaded\",function(){for(var e,t,s=l.querySelectorAll(\"iframe.wp-embedded-content\"),r=0;r<s.length;r++)(t=(e=s[r]).getAttribute(\"data-secret\"))||(t=Math.random().toString(36).substring(2,12),e.src+=\"#?secret=\"+t,e.setAttribute(\"data-secret\",t)),e.contentWindow.postMessage({message:\"ready\",secret:t},\"*\")},!1)))}(window,document);\n\/\/# sourceURL=https:\/\/denizcankizil.tr\/wp-includes\/js\/wp-embed.min.js\n<\/script>","description":"Sakarya B\u00fcy\u00fck\u015fehir Belediye Ba\u015fkan\u0131 Yusuf Alemdar, Sakarya&#8217;n\u0131n daha temiz bir \u00e7evre ve b\u00fcy\u00fck bir geri d\u00f6n\u00fc\u015f\u00fcm hamlesi olan &#8220;Depozito Y\u00f6netim Sistemi&#8221; program\u0131nda tek pilot il oldu\u011funu a\u00e7\u0131klayarak, \u201c\u00c7evre \u015eehircilik ve \u0130klim De\u011fi\u015fikli\u011fi Bakan\u0131m\u0131z Sakarya&#8217;m\u0131z i\u00e7in g\u00fczel haberi payla\u015ft\u0131. Temiz bir gelecek i\u00e7in &#8216;s\u0131f\u0131r at\u0131k&#8217; iddiam\u0131z\u0131 g\u00fc\u00e7lendiren depozito y\u00f6netim siteminde pilot il se\u00e7ilmemizi \u00f6nemsiyoruz. Yak\u0131nda at\u0131k toplama makinalar\u0131n\u0131 \u015fehrimizde g\u00f6rece\u011fiz\u201d dedi.SAKARYA (\u0130GFA) &#8211;\u00a0Sakarya B\u00fcy\u00fck\u015fehir Belediye Ba\u015fkan\u0131 Yusuf Alemdar, \u00c7evre \u015eehircilik ve \u0130klim De\u011fi\u015fikli\u011fi Bakanl\u0131\u011f\u0131&#8217;n\u0131n hayata ge\u00e7irdi\u011fi \u201cDepozito Saha Y\u00f6netim Sistemi\u201d (DSYS) projesiyle ilgili a\u00e7\u0131klamalarda bulundu. S\u00f6z konusu projenin i\u015f birli\u011fi protokol\u00fc bizzat Bakan Murat Kurum taraf\u0131ndan imzaland\u0131 ve Sakarya, proje i\u00e7in T\u00fcrkiye&#8217;de ilk ve tek pilot \u015fehir olarak se\u00e7ildi. Daha temiz bir \u015fehir i\u00e7in\u00a0 Bu projeyle birlikte Sakarya&#8217;n\u0131n s\u0131f\u0131r at\u0131k ve s\u0131f\u0131r emisyon iddias\u0131 daha da g\u00fc\u00e7lenirken Ba\u015fkan Alemdar, at\u0131lan ad\u0131m\u0131n daha temiz bir Sakarya i\u00e7in b\u00fcy\u00fck bir \u00f6neme sahip oldu\u011funu ifade etti. Ba\u015fkan Alemdar, bu projenin s\u0131f\u0131r at\u0131k-emisyon iddias\u0131n\u0131 g\u00fc\u00e7lendirerek kendilerini &#8216;Ye\u015filiyle \u00f6n planda oksijen ve huzur dolu bir Sakarya hayaline&#8217; bir ad\u0131m daha yak\u0131nla\u015ft\u0131rd\u0131\u011f\u0131n\u0131 vurgulad\u0131. \u201cYe\u015filiyle \u00f6n planda bir Sakarya hedefliyoruz\u201d Alemdar \u015f\u00f6yle dedi: \u201cS\u0131f\u0131r at\u0131k ve s\u0131f\u0131r emisyon iddias\u0131yla y\u00fcr\u00fctt\u00fc\u011f\u00fcm\u00fcz \u00e7al\u0131\u015fmalar\u0131n, b\u00f6ylesine \u00f6nemli bir geli\u015fmeyle g\u00fc\u00e7lenmesi bizim i\u00e7in \u00e7ok k\u0131ymetli. G\u00f6reve geldi\u011fimiz ilk g\u00fcnden bu yana bu alanda &hellip;"}