{"version":"1.0","provider_name":"Av. Deniz Can K\u0131z\u0131l","provider_url":"https:\/\/denizcankizil.tr\/uk","author_name":"admin","author_url":"https:\/\/denizcankizil.tr\/uk\/author\/admin\/","title":"Plaket ve \u00c7i\u00e7ekler Verildi","type":"rich","width":600,"height":338,"html":"<blockquote class=\"wp-embedded-content\" data-secret=\"qewvSorAxt\"><a href=\"https:\/\/denizcankizil.tr\/uk\/haberler\/gundem\/plaket-ve-cicekler-verildi\/\">Plaket ve \u00c7i\u00e7ekler Verildi<\/a><\/blockquote><iframe sandbox=\"allow-scripts\" security=\"restricted\" src=\"https:\/\/denizcankizil.tr\/uk\/haberler\/gundem\/plaket-ve-cicekler-verildi\/embed\/#?secret=qewvSorAxt\" width=\"600\" height=\"338\" title=\"&#8220;Plaket ve \u00c7i\u00e7ekler Verildi&#8221; &#8212; Av. Deniz Can K\u0131z\u0131l\" data-secret=\"qewvSorAxt\" frameborder=\"0\" marginwidth=\"0\" marginheight=\"0\" scrolling=\"no\" class=\"wp-embedded-content\"><\/iframe><script>\n\/*! This file is auto-generated *\/\n!function(d,l){\"use strict\";l.querySelector&&d.addEventListener&&\"undefined\"!=typeof URL&&(d.wp=d.wp||{},d.wp.receiveEmbedMessage||(d.wp.receiveEmbedMessage=function(e){var t=e.data;if((t||t.secret||t.message||t.value)&&!\/[^a-zA-Z0-9]\/.test(t.secret)){for(var s,r,n,a=l.querySelectorAll('iframe[data-secret=\"'+t.secret+'\"]'),o=l.querySelectorAll('blockquote[data-secret=\"'+t.secret+'\"]'),c=new RegExp(\"^https?:$\",\"i\"),i=0;i<o.length;i++)o[i].style.display=\"none\";for(i=0;i<a.length;i++)s=a[i],e.source===s.contentWindow&&(s.removeAttribute(\"style\"),\"height\"===t.message?(1e3<(r=parseInt(t.value,10))?r=1e3:~~r<200&&(r=200),s.height=r):\"link\"===t.message&&(r=new URL(s.getAttribute(\"src\")),n=new URL(t.value),c.test(n.protocol))&&n.host===r.host&&l.activeElement===s&&(d.top.location.href=t.value))}},d.addEventListener(\"message\",d.wp.receiveEmbedMessage,!1),l.addEventListener(\"DOMContentLoaded\",function(){for(var e,t,s=l.querySelectorAll(\"iframe.wp-embedded-content\"),r=0;r<s.length;r++)(t=(e=s[r]).getAttribute(\"data-secret\"))||(t=Math.random().toString(36).substring(2,12),e.src+=\"#?secret=\"+t,e.setAttribute(\"data-secret\",t)),e.contentWindow.postMessage({message:\"ready\",secret:t},\"*\")},!1)))}(window,document);\n\/\/# sourceURL=https:\/\/denizcankizil.tr\/wp-includes\/js\/wp-embed.min.js\n<\/script>","description":"1995 y\u0131l\u0131ndan \u0130skenderun\u2019da g\u00f6reve ba\u015flayan Ahmet Can \u00c7elik, polisli\u011fin d\u0131\u015f\u0131nda ayn\u0131 zamanda futbol antren\u00f6rl\u00fc\u011f\u00fc de yapmas\u0131 nedeniyle T\u00dcFAD Hatay \u015fubesinde plaket t\u00f6reni d\u00fczenlendi. T\u00dcFAD ta ger\u00e7ekle\u015ftirilen t\u00f6rene Polis memuru Ahmet Can \u00c7elik\u2019in sevenleri kat\u0131ld\u0131. \u00a0Futbol antren\u00f6rleri derne\u011fi Ba\u015fkan\u0131 Ya\u015far D\u00fczen, b\u00f6lgenin sevilen Polis memuru Ahmet Can \u00c7elik ayn\u0131 zamanda \u00fcyemiz bu nedenle kendisine derne\u011fimizde dostlar\u0131n\u0131n huzurunda plaket vermeyi uygun g\u00f6rd\u00fck bundan sonraki ya\u015fam\u0131nda kendisine ba\u015far\u0131lar diliyorum\u201d dedi. \u0130skenderun \u015eof\u00f6rler ve Otomobilciler Esnaf Odas\u0131 Ba\u015fkan\u0131 Erol Ak\u0131n\u2019da uzun y\u0131llar b\u00f6lgede polis olarak g\u00f6rev yapan \u00c7elik\u2019e plaket taktim ederek, emeklili\u011finin hay\u0131rl\u0131 olmas\u0131n\u0131 diledi. \u0130\u015f insan\u0131 Y\u0131ld\u0131r\u0131m Alpay\u2019da \u0130skenderun yaz\u0131l\u0131 ti\u015f\u00f6rt hediye ederek \u0130skenderun\u2019u unutmamas\u0131, buraya yerle\u015fmesi temennisinde bulundu. Hatay Amat\u00f6r Kul\u00fcpler Derne\u011fi Ba\u015fkan yard\u0131mc\u0131s\u0131 Ayhan Dik \u00c7i\u00e7ek vererek \u00c7elik\u2019i bundan sonraki ya\u015fam\u0131nda mutlu olmas\u0131 temennisinde bulundu. \u0130skenderun Gazeteciler cemiyeti Ba\u015fkan\u0131 Diyap Atar\u2019da emniyetimizde uzun y\u0131llar g\u00f6rev yapan Arkada\u015f\u0131m\u0131z Ahmet Can \u00c7elik\u2019i emeklili\u011finden dolay\u0131 tebrik etti \u200b\u0130skenderun \u0130l\u00e7e Emniyet m\u00fcd\u00fcrl\u00fc\u011f\u00fcnde uzun y\u0131llard\u0131r g\u00f6rev yapan ya\u015f haddinden emeklili\u011fe ayr\u0131lan Ahmet Can \u00c7elik\u2019e T\u00dcFAD\u2019da dostlar\u0131 taraf\u0131ndan duygu dolu anlar ya\u015fand\u0131.\u00a0 \u200bHaberin Al\u0131nt\u0131land\u0131\u011f\u0131 Kaynak: www.iskenderun.org"}