{"version":"1.0","provider_name":"Av. Deniz Can K\u0131z\u0131l","provider_url":"https:\/\/denizcankizil.tr\/uk","author_name":"Antalya K\u00f6rfez","author_url":"https:\/\/denizcankizil.tr\/uk\/author\/www-antalyakorfez-com\/","title":"Mu\u011fla'n\u0131n yaz n\u00fcfusu 7 kat artt\u0131, bor\u00e7 artmad\u0131!","type":"rich","width":600,"height":338,"html":"<blockquote class=\"wp-embedded-content\" data-secret=\"N5kotRrId9\"><a href=\"https:\/\/denizcankizil.tr\/uk\/haberler\/gundem\/muglanin-yaz-nufusu-7-kat-artti-borc-artmadi\/\">Mu\u011fla&#8217;n\u0131n yaz n\u00fcfusu 7 kat artt\u0131, bor\u00e7 artmad\u0131!<\/a><\/blockquote><iframe sandbox=\"allow-scripts\" security=\"restricted\" src=\"https:\/\/denizcankizil.tr\/uk\/haberler\/gundem\/muglanin-yaz-nufusu-7-kat-artti-borc-artmadi\/embed\/#?secret=N5kotRrId9\" width=\"600\" height=\"338\" title=\"&#8220;Mu\u011fla&#8217;n\u0131n yaz n\u00fcfusu 7 kat artt\u0131, bor\u00e7 artmad\u0131!&#8221; &#8212; Av. Deniz Can K\u0131z\u0131l\" data-secret=\"N5kotRrId9\" frameborder=\"0\" marginwidth=\"0\" marginheight=\"0\" scrolling=\"no\" class=\"wp-embedded-content\"><\/iframe><script>\n\/*! This file is auto-generated *\/\n!function(d,l){\"use strict\";l.querySelector&&d.addEventListener&&\"undefined\"!=typeof URL&&(d.wp=d.wp||{},d.wp.receiveEmbedMessage||(d.wp.receiveEmbedMessage=function(e){var t=e.data;if((t||t.secret||t.message||t.value)&&!\/[^a-zA-Z0-9]\/.test(t.secret)){for(var s,r,n,a=l.querySelectorAll('iframe[data-secret=\"'+t.secret+'\"]'),o=l.querySelectorAll('blockquote[data-secret=\"'+t.secret+'\"]'),c=new RegExp(\"^https?:$\",\"i\"),i=0;i<o.length;i++)o[i].style.display=\"none\";for(i=0;i<a.length;i++)s=a[i],e.source===s.contentWindow&&(s.removeAttribute(\"style\"),\"height\"===t.message?(1e3<(r=parseInt(t.value,10))?r=1e3:~~r<200&&(r=200),s.height=r):\"link\"===t.message&&(r=new URL(s.getAttribute(\"src\")),n=new URL(t.value),c.test(n.protocol))&&n.host===r.host&&l.activeElement===s&&(d.top.location.href=t.value))}},d.addEventListener(\"message\",d.wp.receiveEmbedMessage,!1),l.addEventListener(\"DOMContentLoaded\",function(){for(var e,t,s=l.querySelectorAll(\"iframe.wp-embedded-content\"),r=0;r<s.length;r++)(t=(e=s[r]).getAttribute(\"data-secret\"))||(t=Math.random().toString(36).substring(2,12),e.src+=\"#?secret=\"+t,e.setAttribute(\"data-secret\",t)),e.contentWindow.postMessage({message:\"ready\",secret:t},\"*\")},!1)))}(window,document);\n\/\/# sourceURL=https:\/\/denizcankizil.tr\/wp-includes\/js\/wp-embed.min.js\n<\/script>","description":"K\u0131y\u0131 Ege Belediyeler Birli\u011fi ve Mu\u011fla B\u00fcy\u00fck\u015fehir Belediye Ba\u015fkan\u0131 Ahmet Aras, g\u00f6reve geli\u015finin birinci y\u0131l\u0131nda d\u00fczenledi\u011fi toplant\u0131da, hem belediye b\u00fct\u00e7esindeki rekor art\u0131\u015f\u0131 hem de mali disiplinin vurgusunu dikkat \u00e7ekici verilerle ortaya koydu. G\u00f6reve geldiklerinde yakla\u015f\u0131k 10 milyar TL olan b\u00fct\u00e7eyi 24 milyara \u00e7\u0131kard\u0131klar\u0131n\u0131 belirten Aras, &#8220;Sosyal G\u00fcvenlik Kurumu&#8217;na borcumuz yok. \u0130ller Bankas\u0131&#8217;na sadece 13 milyon TL borcumuz var. Yaz aylar\u0131nda n\u00fcfusu 7 kat\u0131na \u00e7\u0131kan bir kentte ya\u015f\u0131yoruz, buna ra\u011fmen yat\u0131r\u0131m ve sosyal desteklerimizden taviz vermedik&#8221; dedi. Aras, sosyal yard\u0131mlar\u0131n da y\u00fczde 170 art\u0131r\u0131ld\u0131\u011f\u0131n\u0131 a\u00e7\u0131klad\u0131. &#8220;TUR\u0130ZM KENT\u0130 MU\u011eLA \u0130\u00c7\u0130N \u00d6NEML\u0130 ADIMLAR ATTIK&#8221; Kurumsalla\u015fman\u0131n te\u015fkilatlanma ile ba\u015flad\u0131\u011f\u0131n\u0131 belirten Ba\u015fkan Aras, &#8220;Sorunsuz s\u00fcre\u00e7ler i\u00e7in yerinden y\u00f6netim ilkesi ile hareket etmek durumunday\u0131z. Mu\u011fla&#8217;m\u0131z\u0131 d\u00f6rde b\u00f6ld\u00fck. \u0130l\u00e7e hizmetleri daire ba\u015fkanl\u0131klar\u0131m\u0131z ile kararlar\u0131 yerinden al\u0131yoruz. T\u00fcrkiye&#8217;nin d\u00fcnyaya a\u00e7\u0131lan kap\u0131s\u0131 olan Mu\u011fla&#8217;n\u0131n il\u00e7elerini d\u00fcnya tan\u0131yor. Kurdu\u011fumuz D\u0131\u015f \u0130li\u015fkiler Dairemiz ile uluslararas\u0131 ili\u015fkilerimizi g\u00fc\u00e7lendirdik. Turizm kentiyiz, bir y\u0131l i\u00e7erisinde \u00f6nemli ad\u0131mlar att\u0131k. \u00d6rne\u011fin Fransa&#8217;da Okyanus Konferans\u0131&#8217;nda Mu\u011fla&#8217;y\u0131 tan\u0131tt\u0131k. Ayr\u0131ca Okyanus Konferans\u0131&#8217;n\u0131n \u00f6n toplant\u0131s\u0131 Mu\u011fla&#8217;m\u0131zda yap\u0131lacak. Kad\u0131n Aile Dairemizi kurduk ve \u00fclkemiz en \u00f6nemli sorunlar\u0131ndan biri olan toplumsal e\u015fitlik konusunda \u00f6nemli \u00e7al\u0131\u015fmalar yap\u0131yoruz. Ak\u0131ll\u0131 \u015eehirler, \u0130klim De\u011fi\u015fikli\u011fi, Afet \u0130\u015fleri, MUKA\u015e&#8217;\u0131, Denizcilik Hizmetleri A\u015e&#8217;yi kurduk&#8221; diye konu\u015ftu. MU\u011eLA&#8217;DA ULA\u015eIMA A\u011eIRLIK VER\u0130LD\u0130 Ba\u015fkan Aras, 13 il\u00e7ede son bir y\u0131lda yap\u0131lan 213 &hellip;"}