{"version":"1.0","provider_name":"Av. Deniz Can K\u0131z\u0131l","provider_url":"https:\/\/denizcankizil.tr\/uk","author_name":"admin","author_url":"https:\/\/denizcankizil.tr\/uk\/author\/admin\/","title":"Mu\u011fla\u2019da Gen\u00e7lik Meclisi kuruluyor","type":"rich","width":600,"height":338,"html":"<blockquote class=\"wp-embedded-content\" data-secret=\"uQAy30C28r\"><a href=\"https:\/\/denizcankizil.tr\/uk\/haberler\/gundem\/muglada-genclik-meclisi-kuruluyor\/\">Mu\u011fla\u2019da Gen\u00e7lik Meclisi kuruluyor<\/a><\/blockquote><iframe sandbox=\"allow-scripts\" security=\"restricted\" src=\"https:\/\/denizcankizil.tr\/uk\/haberler\/gundem\/muglada-genclik-meclisi-kuruluyor\/embed\/#?secret=uQAy30C28r\" width=\"600\" height=\"338\" title=\"&#8220;Mu\u011fla\u2019da Gen\u00e7lik Meclisi kuruluyor&#8221; &#8212; Av. Deniz Can K\u0131z\u0131l\" data-secret=\"uQAy30C28r\" frameborder=\"0\" marginwidth=\"0\" marginheight=\"0\" scrolling=\"no\" class=\"wp-embedded-content\"><\/iframe><script>\n\/*! This file is auto-generated *\/\n!function(d,l){\"use strict\";l.querySelector&&d.addEventListener&&\"undefined\"!=typeof URL&&(d.wp=d.wp||{},d.wp.receiveEmbedMessage||(d.wp.receiveEmbedMessage=function(e){var t=e.data;if((t||t.secret||t.message||t.value)&&!\/[^a-zA-Z0-9]\/.test(t.secret)){for(var s,r,n,a=l.querySelectorAll('iframe[data-secret=\"'+t.secret+'\"]'),o=l.querySelectorAll('blockquote[data-secret=\"'+t.secret+'\"]'),c=new RegExp(\"^https?:$\",\"i\"),i=0;i<o.length;i++)o[i].style.display=\"none\";for(i=0;i<a.length;i++)s=a[i],e.source===s.contentWindow&&(s.removeAttribute(\"style\"),\"height\"===t.message?(1e3<(r=parseInt(t.value,10))?r=1e3:~~r<200&&(r=200),s.height=r):\"link\"===t.message&&(r=new URL(s.getAttribute(\"src\")),n=new URL(t.value),c.test(n.protocol))&&n.host===r.host&&l.activeElement===s&&(d.top.location.href=t.value))}},d.addEventListener(\"message\",d.wp.receiveEmbedMessage,!1),l.addEventListener(\"DOMContentLoaded\",function(){for(var e,t,s=l.querySelectorAll(\"iframe.wp-embedded-content\"),r=0;r<s.length;r++)(t=(e=s[r]).getAttribute(\"data-secret\"))||(t=Math.random().toString(36).substring(2,12),e.src+=\"#?secret=\"+t,e.setAttribute(\"data-secret\",t)),e.contentWindow.postMessage({message:\"ready\",secret:t},\"*\")},!1)))}(window,document);\n\/\/# sourceURL=https:\/\/denizcankizil.tr\/wp-includes\/js\/wp-embed.min.js\n<\/script>","description":"Mu\u011fla B\u00fcy\u00fck\u015fehir Belediyesi gen\u00e7lerin yerel y\u00f6netimde ve kent ya\u015fam\u0131nda aktif rol almas\u0131n\u0131 sa\u011flamak amac\u0131yla Gen\u00e7lik Meclisi olu\u015fturuyor.MU\u011eLA (\u0130GFA) &#8211; Mu\u011fla B\u00fcy\u00fck\u015fehir Belediyesi, gen\u00e7lerin yerel y\u00f6netim s\u00fcre\u00e7lerine do\u011frudan kat\u0131l\u0131m\u0131n\u0131 sa\u011flamak, fikirlerini ifade edebilecekleri ve projelerini hayata ge\u00e7irebilecekleri bir platform olu\u015fturmak amac\u0131yla \u00f6nemli bir ad\u0131m att\u0131. Gen\u00e7lerin toplumsal ya\u015fama daha aktif kat\u0131l\u0131m\u0131n\u0131 hedefleyen &#8220;Gen\u00e7lik Meclisi&#8221; projesi, Haziran Ay\u0131 B\u00fcy\u00fck\u015fehir Belediye Meclisi\u2019nde oy birli\u011fiyle kabul edildi. Yeni kurulacak Gen\u00e7lik Meclisi, kentte ya\u015fayan gen\u00e7lerin yerel y\u00f6netime kat\u0131l\u0131m\u0131n\u0131 g\u00fc\u00e7lendirmekle kalmayacak, ayn\u0131 zamanda demokratik s\u00fcre\u00e7lerde deneyim kazanmalar\u0131na da olanak tan\u0131yacak. Bu platform sayesinde gen\u00e7ler, kent ya\u015fam\u0131na dair \u00f6nerilerini ve ele\u015ftirilerini do\u011frudan y\u00f6netime iletebilecek, sosyal, k\u00fclt\u00fcrel, \u00e7evresel ve e\u011fitim alanlar\u0131nda kendi projelerini geli\u015ftirme f\u0131rsat\u0131 bulacak. MU\u011eLA GEN\u00c7L\u0130K MECL\u0130S\u0130 70 GEN\u00c7LE KURULUYOR Mu\u011fla B\u00fcy\u00fck\u015fehir Belediyesi, gen\u00e7lerin kent y\u00f6netiminde s\u00f6z sahibi olmas\u0131n\u0131 sa\u011flamak amac\u0131yla Mu\u011fla Gen\u00e7lik Meclisini kuruyor. Meclis, toplam 70 gen\u00e7 \u00fcyeden olu\u015facak ve \u00fcyeler, Belediye Meclisi\u2019nin E\u011fitim, K\u00fclt\u00fcr, Gen\u00e7lik ve Spor Komisyonu taraf\u0131ndan ba\u015fvuru yapan adaylar aras\u0131ndan belirlenecek. Gen\u00e7lik Meclisi\u2019nin olu\u015fturulmas\u0131nda temsil \u00e7e\u015fitlili\u011fi ve adil kat\u0131l\u0131m ilkeleri g\u00f6zetilecek. \u00dcyelik yap\u0131s\u0131nda \u015fu kontenjanlar esas al\u0131nacak: Y\u00fczde 40 oran\u0131nda Mu\u011fla\u2019da bulunan liseler ve \u00fcniversitelerde e\u011fitim g\u00f6ren \u00f6\u011frencilerden, y\u00fczde 20 oran\u0131nda Mu\u011fla\u2019daki gen\u00e7lik odakl\u0131 sivil toplum kurulu\u015flar\u0131 ile gen\u00e7lik yap\u0131lanmalar\u0131ndan, y\u00fczde 10 oran\u0131nda kamu kurumlar\u0131n\u0131n gen\u00e7lik temsilcilerinden, y\u00fczde 30 oran\u0131nda, &hellip;"}