{"version":"1.0","provider_name":"Av. Deniz Can K\u0131z\u0131l","provider_url":"https:\/\/denizcankizil.tr\/uk","author_name":"Antalya K\u00f6rfez","author_url":"https:\/\/denizcankizil.tr\/uk\/author\/www-antalyakorfez-com\/","title":"Mu\u011fla semalar\u0131nda F-16'lardan muhte\u015fem \u015fov","type":"rich","width":600,"height":338,"html":"<blockquote class=\"wp-embedded-content\" data-secret=\"i0bSKGpbC9\"><a href=\"https:\/\/denizcankizil.tr\/uk\/haberler\/gundem\/mugla-semalarinda-f-16lardan-muhtesem-sov\/\">Mu\u011fla semalar\u0131nda F-16&#8217;lardan muhte\u015fem \u015fov<\/a><\/blockquote><iframe sandbox=\"allow-scripts\" security=\"restricted\" src=\"https:\/\/denizcankizil.tr\/uk\/haberler\/gundem\/mugla-semalarinda-f-16lardan-muhtesem-sov\/embed\/#?secret=i0bSKGpbC9\" width=\"600\" height=\"338\" title=\"&#8220;Mu\u011fla semalar\u0131nda F-16&#8217;lardan muhte\u015fem \u015fov&#8221; &#8212; Av. Deniz Can K\u0131z\u0131l\" data-secret=\"i0bSKGpbC9\" frameborder=\"0\" marginwidth=\"0\" marginheight=\"0\" scrolling=\"no\" class=\"wp-embedded-content\"><\/iframe><script>\n\/*! This file is auto-generated *\/\n!function(d,l){\"use strict\";l.querySelector&&d.addEventListener&&\"undefined\"!=typeof URL&&(d.wp=d.wp||{},d.wp.receiveEmbedMessage||(d.wp.receiveEmbedMessage=function(e){var t=e.data;if((t||t.secret||t.message||t.value)&&!\/[^a-zA-Z0-9]\/.test(t.secret)){for(var s,r,n,a=l.querySelectorAll('iframe[data-secret=\"'+t.secret+'\"]'),o=l.querySelectorAll('blockquote[data-secret=\"'+t.secret+'\"]'),c=new RegExp(\"^https?:$\",\"i\"),i=0;i<o.length;i++)o[i].style.display=\"none\";for(i=0;i<a.length;i++)s=a[i],e.source===s.contentWindow&&(s.removeAttribute(\"style\"),\"height\"===t.message?(1e3<(r=parseInt(t.value,10))?r=1e3:~~r<200&&(r=200),s.height=r):\"link\"===t.message&&(r=new URL(s.getAttribute(\"src\")),n=new URL(t.value),c.test(n.protocol))&&n.host===r.host&&l.activeElement===s&&(d.top.location.href=t.value))}},d.addEventListener(\"message\",d.wp.receiveEmbedMessage,!1),l.addEventListener(\"DOMContentLoaded\",function(){for(var e,t,s=l.querySelectorAll(\"iframe.wp-embedded-content\"),r=0;r<s.length;r++)(t=(e=s[r]).getAttribute(\"data-secret\"))||(t=Math.random().toString(36).substring(2,12),e.src+=\"#?secret=\"+t,e.setAttribute(\"data-secret\",t)),e.contentWindow.postMessage({message:\"ready\",secret:t},\"*\")},!1)))}(window,document);\n\/\/# sourceURL=https:\/\/denizcankizil.tr\/wp-includes\/js\/wp-embed.min.js\n<\/script>","description":"Mu\u011fla&#8217;n\u0131n Mente\u015fe il\u00e7esinde, 19 May\u0131s Atat\u00fcrk&#8217;\u00fc Anma, Gen\u00e7lik ve Spor Bayram\u0131 b\u00fcy\u00fck bir co\u015fkuyla kutland\u0131. Etkinlikler, Hava Kuvvetleri Komutanl\u0131\u011f\u0131&#8217;na ait F-16 sava\u015f u\u00e7aklar\u0131n\u0131n g\u00f6ky\u00fcz\u00fcndeki g\u00f6sterileriyle ba\u015flad\u0131. Vatanda\u015flar, F-16&#8217;lar\u0131n yapt\u0131\u011f\u0131 akrobatik hareketleri hayranl\u0131kla izledi. G\u00f6sterilerin ard\u0131ndan bando tak\u0131m\u0131 e\u015fli\u011finde Atat\u00fcrk b\u00fcst\u00fcnden Mente\u015fe Spor Salonu&#8217;na kadar Gen\u00e7lik Y\u00fcr\u00fcy\u00fc\u015f\u00fc d\u00fczenlendi. T\u00fcrk bayraklar\u0131yla donat\u0131lan kortejde gen\u00e7ler ve vatanda\u015flar hep birlikte y\u00fcr\u00fcyerek milli birlik ve beraberlik mesaj\u0131 verdi. Mente\u015fe Spor Salonu&#8217;ndaki kutlama program\u0131 sayg\u0131 duru\u015fu ve \u0130stiklal Mar\u015f\u0131&#8217;n\u0131n okunmas\u0131yla ba\u015flad\u0131. Ard\u0131ndan, gen\u00e7 sporcular jimnastik, basketbol ve tekvando bran\u015flar\u0131nda h\u00fcnerlerini sergiledi. G\u00f6steriler izleyicilerden b\u00fcy\u00fck alk\u0131\u015f al\u0131rken, Spor Lisesi \u00f6\u011frencileri ve halk oyunlar\u0131 ekibinin sahneledi\u011fi performanslar da be\u011feniyle izlendi. &#8220;CUMHUR\u0130YET B\u0130ZLERE EMANET, GELECE\u011eE TA\u015eIMAK HEP\u0130M\u0130Z\u0130N G\u00d6REV\u0130&#8221; Programda konu\u015fan Mu\u011fla Gen\u00e7lik ve Spor \u0130l M\u00fcd\u00fcr\u00fc Kaz\u0131m A\u00e7\u0131kba\u015f, g\u00fcn\u00fcn anlam ve \u00f6nemini vurgulayarak \u015fu s\u00f6zleri dile getirdi: &#8220;Bug\u00fcn, T\u00fcrk milletinin kaderini de\u011fi\u015ftiren tarihi bir ad\u0131m\u0131n, ba\u011f\u0131ms\u0131zl\u0131k yolculu\u011fumuzun 106. y\u0131l d\u00f6n\u00fcm\u00fcn\u00fc idrak ediyoruz. 19 May\u0131s 1919&#8217;da Gazi Mustafa Kemal Atat\u00fcrk&#8217;\u00fcn Samsun&#8217;a \u00e7\u0131karak ba\u015flatt\u0131\u011f\u0131 Milli M\u00fccadele, umudun yeniden ye\u015ferdi\u011fi, milletin birlik ve inan\u00e7la aya\u011fa kalkt\u0131\u011f\u0131 bir d\u00f6n\u00fcm noktas\u0131d\u0131r g\u00fcn yak\u0131lan \u00f6zg\u00fcrl\u00fck me\u015falesi, milletimizin kararl\u0131l\u0131\u011f\u0131 ve fedakarl\u0131\u011f\u0131yla t\u00fcm yurda yay\u0131lm\u0131\u015f, Kurtulu\u015f M\u00fccadelesi, Cumhuriyet ile ta\u00e7lanm\u0131\u015ft\u0131r. Atat\u00fcrk, Cumhuriyetimizin temelini gen\u00e7lere emanet etmi\u015ftir \u00e7\u00fcnk\u00fc gen\u00e7li\u011fin azmine, iradesine ve vatan sevgisine her zaman g\u00fcvenmi\u015ftir. 19 &hellip;"}