{"version":"1.0","provider_name":"Av. Deniz Can K\u0131z\u0131l","provider_url":"https:\/\/denizcankizil.tr\/uk","author_name":"Av. Deniz Can K\u0131z\u0131l","author_url":"https:\/\/denizcankizil.tr\/uk","title":"Milyonlarca m\u00fckellef e-Defter sistemine dahil oluyor","type":"rich","width":600,"height":338,"html":"<blockquote class=\"wp-embedded-content\" data-secret=\"ovjIlYSaE5\"><a href=\"https:\/\/denizcankizil.tr\/uk\/haberler\/gundem\/milyonlarca-mukellef-e-defter-sistemine-dahil-oluyor\/\">Milyonlarca m\u00fckellef e-Defter sistemine dahil oluyor<\/a><\/blockquote><iframe sandbox=\"allow-scripts\" security=\"restricted\" src=\"https:\/\/denizcankizil.tr\/uk\/haberler\/gundem\/milyonlarca-mukellef-e-defter-sistemine-dahil-oluyor\/embed\/#?secret=ovjIlYSaE5\" width=\"600\" height=\"338\" title=\"&#8220;Milyonlarca m\u00fckellef e-Defter sistemine dahil oluyor&#8221; &#8212; Av. Deniz Can K\u0131z\u0131l\" data-secret=\"ovjIlYSaE5\" frameborder=\"0\" marginwidth=\"0\" marginheight=\"0\" scrolling=\"no\" class=\"wp-embedded-content\"><\/iframe><script>\n\/*! This file is auto-generated *\/\n!function(d,l){\"use strict\";l.querySelector&&d.addEventListener&&\"undefined\"!=typeof URL&&(d.wp=d.wp||{},d.wp.receiveEmbedMessage||(d.wp.receiveEmbedMessage=function(e){var t=e.data;if((t||t.secret||t.message||t.value)&&!\/[^a-zA-Z0-9]\/.test(t.secret)){for(var s,r,n,a=l.querySelectorAll('iframe[data-secret=\"'+t.secret+'\"]'),o=l.querySelectorAll('blockquote[data-secret=\"'+t.secret+'\"]'),c=new RegExp(\"^https?:$\",\"i\"),i=0;i<o.length;i++)o[i].style.display=\"none\";for(i=0;i<a.length;i++)s=a[i],e.source===s.contentWindow&&(s.removeAttribute(\"style\"),\"height\"===t.message?(1e3<(r=parseInt(t.value,10))?r=1e3:~~r<200&&(r=200),s.height=r):\"link\"===t.message&&(r=new URL(s.getAttribute(\"src\")),n=new URL(t.value),c.test(n.protocol))&&n.host===r.host&&l.activeElement===s&&(d.top.location.href=t.value))}},d.addEventListener(\"message\",d.wp.receiveEmbedMessage,!1),l.addEventListener(\"DOMContentLoaded\",function(){for(var e,t,s=l.querySelectorAll(\"iframe.wp-embedded-content\"),r=0;r<s.length;r++)(t=(e=s[r]).getAttribute(\"data-secret\"))||(t=Math.random().toString(36).substring(2,12),e.src+=\"#?secret=\"+t,e.setAttribute(\"data-secret\",t)),e.contentWindow.postMessage({message:\"ready\",secret:t},\"*\")},!1)))}(window,document);\n\/\/# sourceURL=https:\/\/denizcankizil.tr\/wp-includes\/js\/wp-embed.min.js\n<\/script>","description":"Bilan\u00e7o esas\u0131na g\u00f6re defter tutan t\u00fcm m\u00fckellefler, 1 Ocak 2025 tarihinden itibaren e-Defter\u2019e zorunlu olarak ge\u00e7i\u015f yapacak.\u0130STANBUL (\u0130GFA) &#8211;\u00a0Ticaret Bakanl\u0131\u011f\u0131 ve Hazine ve Maliye Bakanl\u0131\u011f\u0131n\u0131n ortak \u00e7al\u0131\u015fmas\u0131yla haz\u0131rlanan yeni d\u00fczenlemeyle, bilan\u00e7o esas\u0131na g\u00f6re defter tutan t\u00fcm m\u00fckellefler, 1 Ocak 2025 tarihinden itibaren e-Defter\u2019e zorunlu olarak ge\u00e7i\u015f yapacak. K\u00e2\u011f\u0131t defterler, yaz\u0131c\u0131, toner ve noter onay masraflar\u0131ndan ciddi tasarruf sa\u011flayacak bu d\u00f6n\u00fc\u015f\u00fcmle birlikte, yakla\u015f\u0131k 1 milyon m\u00fckellefin daha e-Defter sistemine dahil olmas\u0131 bekleniyor.\u00a0 Dijital d\u00f6n\u00fc\u015f\u00fcm \u00e7al\u0131\u015fmalar\u0131 h\u0131z kesmeden devam ederken Hazine ve Maliye Bakanl\u0131\u011f\u0131 ile Ticaret Bakanl\u0131\u011f\u0131 taraf\u0131ndan haz\u0131rlanan \u201cElektronik Defter Genel Tebli\u011fi\u2019nde De\u011fi\u015fiklik Yap\u0131lmas\u0131na Dair Tebli\u011f\u201d 08.11.2024 tarihli ve 32716 say\u0131l\u0131 Resmi Gazetede yay\u0131mland\u0131. Tebli\u011fe g\u00f6re, 1 Ocak 2025\u2019ten itibaren bilan\u00e7o esas\u0131na g\u00f6re defter tutan t\u00fcm m\u00fckellefler i\u00e7in e-Defter uygulamas\u0131na ge\u00e7i\u015f zorunlu hale geliyor. D\u00fczenleme ile bilan\u00e7o esas\u0131na g\u00f6re defter tutmak zorunda olan m\u00fckelleflerin fiziki defter tutmalar\u0131 m\u00fcmk\u00fcn olmayacak ve k\u00e2\u011f\u0131t ortamda tutulan defterler ge\u00e7ersiz say\u0131lacak. K\u00e2\u011f\u0131t, bask\u0131, toner ve zarf gibi ihtiya\u00e7lar\u0131n son bulmas\u0131, yevmiye ve kebir defterlerinde noter onay zorunlulu\u011funun ortadan kalkmas\u0131, dosyalar\u0131n dijital olarak imzalanmas\u0131 ve elektronik ortama y\u00fcklenmesi gibi de\u011fi\u015fikliklerle birlikte e-Defter uygulamas\u0131, i\u015fletmelere \u00e7ok ciddi zaman ve maliyet tasarrufu sa\u011flayacak. Tebli\u011f ile \u015fu an 700 bin m\u00fckellef taraf\u0131ndan kullan\u0131lan e-Defter uygulamas\u0131na, 1 milyon yeni m\u00fckellefin daha &hellip;"}