{"version":"1.0","provider_name":"Av. Deniz Can K\u0131z\u0131l","provider_url":"https:\/\/denizcankizil.tr\/uk","author_name":"admin","author_url":"https:\/\/denizcankizil.tr\/uk\/author\/admin\/","title":"MAR\u0130FEST'te a\u015fk ve k\u00fclt\u00fcr bir arada","type":"rich","width":600,"height":338,"html":"<blockquote class=\"wp-embedded-content\" data-secret=\"T53KsbstVB\"><a href=\"https:\/\/denizcankizil.tr\/uk\/haberler\/gundem\/marifestte-ask-ve-kultur-bir-arada\/\">MAR\u0130FEST&#8217;te a\u015fk ve k\u00fclt\u00fcr bir arada<\/a><\/blockquote><iframe sandbox=\"allow-scripts\" security=\"restricted\" src=\"https:\/\/denizcankizil.tr\/uk\/haberler\/gundem\/marifestte-ask-ve-kultur-bir-arada\/embed\/#?secret=T53KsbstVB\" width=\"600\" height=\"338\" title=\"&#8220;MAR\u0130FEST&#8217;te a\u015fk ve k\u00fclt\u00fcr bir arada&#8221; &#8212; Av. Deniz Can K\u0131z\u0131l\" data-secret=\"T53KsbstVB\" frameborder=\"0\" marginwidth=\"0\" marginheight=\"0\" scrolling=\"no\" class=\"wp-embedded-content\"><\/iframe><script>\n\/*! This file is auto-generated *\/\n!function(d,l){\"use strict\";l.querySelector&&d.addEventListener&&\"undefined\"!=typeof URL&&(d.wp=d.wp||{},d.wp.receiveEmbedMessage||(d.wp.receiveEmbedMessage=function(e){var t=e.data;if((t||t.secret||t.message||t.value)&&!\/[^a-zA-Z0-9]\/.test(t.secret)){for(var s,r,n,a=l.querySelectorAll('iframe[data-secret=\"'+t.secret+'\"]'),o=l.querySelectorAll('blockquote[data-secret=\"'+t.secret+'\"]'),c=new RegExp(\"^https?:$\",\"i\"),i=0;i<o.length;i++)o[i].style.display=\"none\";for(i=0;i<a.length;i++)s=a[i],e.source===s.contentWindow&&(s.removeAttribute(\"style\"),\"height\"===t.message?(1e3<(r=parseInt(t.value,10))?r=1e3:~~r<200&&(r=200),s.height=r):\"link\"===t.message&&(r=new URL(s.getAttribute(\"src\")),n=new URL(t.value),c.test(n.protocol))&&n.host===r.host&&l.activeElement===s&&(d.top.location.href=t.value))}},d.addEventListener(\"message\",d.wp.receiveEmbedMessage,!1),l.addEventListener(\"DOMContentLoaded\",function(){for(var e,t,s=l.querySelectorAll(\"iframe.wp-embedded-content\"),r=0;r<s.length;r++)(t=(e=s[r]).getAttribute(\"data-secret\"))||(t=Math.random().toString(36).substring(2,12),e.src+=\"#?secret=\"+t,e.setAttribute(\"data-secret\",t)),e.contentWindow.postMessage({message:\"ready\",secret:t},\"*\")},!1)))}(window,document);\n\/\/# sourceURL=https:\/\/denizcankizil.tr\/wp-includes\/js\/wp-embed.min.js\n<\/script>","description":"B\u00fcy\u00fck\u015fehir Belediyesi\u2019nin MAR\u0130FEST25 etkinli\u011finde herkesi \u015fa\u015f\u0131rtan bir an ya\u015fand\u0131. D\u00fc\u011f\u00fcn foto\u011fraf \u00e7ekimleri i\u00e7in Kocaeli Kongre Merkezi\u2019ni ziyaret eden gelin Ebru Ak\u00e7akaya ve damat Tugay Ak\u00e7akaya, gelinlik ve damatl\u0131klar\u0131yla festivale renk katt\u0131. \u200bB\u00fcy\u00fck\u015fehir Belediyesi\u2019nin MAR\u0130FEST25 etkinli\u011finde herkesi \u015fa\u015f\u0131rtan bir an ya\u015fand\u0131. D\u00fc\u011f\u00fcn foto\u011fraf \u00e7ekimleri i\u00e7in Kocaeli Kongre Merkezi\u2019ni ziyaret eden gelin Ebru Ak\u00e7akaya ve damat Tugay Ak\u00e7akaya, gelinlik ve damatl\u0131klar\u0131yla festivale renk katt\u0131.\u00a0 \u200bHaberin Al\u0131nt\u0131land\u0131\u011f\u0131 Kaynak: www.iskenderun.org"}