{"version":"1.0","provider_name":"Av. Deniz Can K\u0131z\u0131l","provider_url":"https:\/\/denizcankizil.tr\/uk","author_name":"Av. Deniz Can K\u0131z\u0131l","author_url":"https:\/\/denizcankizil.tr\/uk","title":"Liseli gen\u00e7lerden plaj voleybolu ve m\u00fczik \u015f\u00f6leni","type":"rich","width":600,"height":338,"html":"<blockquote class=\"wp-embedded-content\" data-secret=\"lmDbHgiqdd\"><a href=\"https:\/\/denizcankizil.tr\/uk\/haberler\/gundem\/liseli-genclerden-plaj-voleybolu-ve-muzik-soleni\/\">Liseli gen\u00e7lerden plaj voleybolu ve m\u00fczik \u015f\u00f6leni<\/a><\/blockquote><iframe sandbox=\"allow-scripts\" security=\"restricted\" src=\"https:\/\/denizcankizil.tr\/uk\/haberler\/gundem\/liseli-genclerden-plaj-voleybolu-ve-muzik-soleni\/embed\/#?secret=lmDbHgiqdd\" width=\"600\" height=\"338\" title=\"&#8220;Liseli gen\u00e7lerden plaj voleybolu ve m\u00fczik \u015f\u00f6leni&#8221; &#8212; Av. Deniz Can K\u0131z\u0131l\" data-secret=\"lmDbHgiqdd\" frameborder=\"0\" marginwidth=\"0\" marginheight=\"0\" scrolling=\"no\" class=\"wp-embedded-content\"><\/iframe><script>\n\/*! This file is auto-generated *\/\n!function(d,l){\"use strict\";l.querySelector&&d.addEventListener&&\"undefined\"!=typeof URL&&(d.wp=d.wp||{},d.wp.receiveEmbedMessage||(d.wp.receiveEmbedMessage=function(e){var t=e.data;if((t||t.secret||t.message||t.value)&&!\/[^a-zA-Z0-9]\/.test(t.secret)){for(var s,r,n,a=l.querySelectorAll('iframe[data-secret=\"'+t.secret+'\"]'),o=l.querySelectorAll('blockquote[data-secret=\"'+t.secret+'\"]'),c=new RegExp(\"^https?:$\",\"i\"),i=0;i<o.length;i++)o[i].style.display=\"none\";for(i=0;i<a.length;i++)s=a[i],e.source===s.contentWindow&&(s.removeAttribute(\"style\"),\"height\"===t.message?(1e3<(r=parseInt(t.value,10))?r=1e3:~~r<200&&(r=200),s.height=r):\"link\"===t.message&&(r=new URL(s.getAttribute(\"src\")),n=new URL(t.value),c.test(n.protocol))&&n.host===r.host&&l.activeElement===s&&(d.top.location.href=t.value))}},d.addEventListener(\"message\",d.wp.receiveEmbedMessage,!1),l.addEventListener(\"DOMContentLoaded\",function(){for(var e,t,s=l.querySelectorAll(\"iframe.wp-embedded-content\"),r=0;r<s.length;r++)(t=(e=s[r]).getAttribute(\"data-secret\"))||(t=Math.random().toString(36).substring(2,12),e.src+=\"#?secret=\"+t,e.setAttribute(\"data-secret\",t)),e.contentWindow.postMessage({message:\"ready\",secret:t},\"*\")},!1)))}(window,document);\n\/\/# sourceURL=https:\/\/denizcankizil.tr\/wp-includes\/js\/wp-embed.min.js\n<\/script>","description":"\u0130zmir B\u00fcy\u00fck\u015fehir Belediyesi\u2019nin d\u00fczenledi\u011fi Liseliler Plaj Voleybolu \u015eenli\u011fi ba\u015flad\u0131. \u015eenlikte, ayn\u0131 zamanda liseli gen\u00e7lerden olu\u015fan m\u00fczik gruplar\u0131 da sahne al\u0131yor. \u200b\u0130zmir B\u00fcy\u00fck\u015fehir Belediyesi\u2019nin d\u00fczenledi\u011fi Liseliler Plaj Voleybolu \u015eenli\u011fi ba\u015flad\u0131. \u015eenlikte, ayn\u0131 zamanda liseli gen\u00e7lerden olu\u015fan m\u00fczik gruplar\u0131 da sahne al\u0131yor.\u00a0 \u200biskenderun"}