{"version":"1.0","provider_name":"Av. Deniz Can K\u0131z\u0131l","provider_url":"https:\/\/denizcankizil.tr\/uk","author_name":"Av. Deniz Can K\u0131z\u0131l","author_url":"https:\/\/denizcankizil.tr\/uk","title":"Kotan, kre\u015fleri gezdi karanfil da\u011f\u0131tt\u0131","type":"rich","width":600,"height":338,"html":"<blockquote class=\"wp-embedded-content\" data-secret=\"v0tNJM5zVi\"><a href=\"https:\/\/denizcankizil.tr\/uk\/haberler\/gundem\/kotan-kresleri-gezdi-karanfil-dagitti\/\">Kotan, kre\u015fleri gezdi karanfil da\u011f\u0131tt\u0131<\/a><\/blockquote><iframe sandbox=\"allow-scripts\" security=\"restricted\" src=\"https:\/\/denizcankizil.tr\/uk\/haberler\/gundem\/kotan-kresleri-gezdi-karanfil-dagitti\/embed\/#?secret=v0tNJM5zVi\" width=\"600\" height=\"338\" title=\"&#8220;Kotan, kre\u015fleri gezdi karanfil da\u011f\u0131tt\u0131&#8221; &#8212; Av. Deniz Can K\u0131z\u0131l\" data-secret=\"v0tNJM5zVi\" frameborder=\"0\" marginwidth=\"0\" marginheight=\"0\" scrolling=\"no\" class=\"wp-embedded-content\"><\/iframe><script>\n\/*! This file is auto-generated *\/\n!function(d,l){\"use strict\";l.querySelector&&d.addEventListener&&\"undefined\"!=typeof URL&&(d.wp=d.wp||{},d.wp.receiveEmbedMessage||(d.wp.receiveEmbedMessage=function(e){var t=e.data;if((t||t.secret||t.message||t.value)&&!\/[^a-zA-Z0-9]\/.test(t.secret)){for(var s,r,n,a=l.querySelectorAll('iframe[data-secret=\"'+t.secret+'\"]'),o=l.querySelectorAll('blockquote[data-secret=\"'+t.secret+'\"]'),c=new RegExp(\"^https?:$\",\"i\"),i=0;i<o.length;i++)o[i].style.display=\"none\";for(i=0;i<a.length;i++)s=a[i],e.source===s.contentWindow&&(s.removeAttribute(\"style\"),\"height\"===t.message?(1e3<(r=parseInt(t.value,10))?r=1e3:~~r<200&&(r=200),s.height=r):\"link\"===t.message&&(r=new URL(s.getAttribute(\"src\")),n=new URL(t.value),c.test(n.protocol))&&n.host===r.host&&l.activeElement===s&&(d.top.location.href=t.value))}},d.addEventListener(\"message\",d.wp.receiveEmbedMessage,!1),l.addEventListener(\"DOMContentLoaded\",function(){for(var e,t,s=l.querySelectorAll(\"iframe.wp-embedded-content\"),r=0;r<s.length;r++)(t=(e=s[r]).getAttribute(\"data-secret\"))||(t=Math.random().toString(36).substring(2,12),e.src+=\"#?secret=\"+t,e.setAttribute(\"data-secret\",t)),e.contentWindow.postMessage({message:\"ready\",secret:t},\"*\")},!1)))}(window,document);\n\/\/# sourceURL=https:\/\/denizcankizil.tr\/wp-includes\/js\/wp-embed.min.js\n<\/script>","description":"Konyaalt\u0131 Belediye Ba\u015fkan\u0131 Cem Kotan ve Ba\u015fkan Yard\u0131mc\u0131lar\u0131, 24 Kas\u0131m \u00d6\u011fretmenler G\u00fcn\u00fc etkinlikleri kapsam\u0131nda Konyaalt\u0131 Belediyesi&#8217;nin Uncal\u0131, Hurma, G\u00fcrsu ve Toros \u00e7ocuk kre\u015fleri, Konyaalt\u0131 Belediyesi Spor \u0130\u015fleri M\u00fcd\u00fcrl\u00fc\u011f\u00fc, Ya\u015fam Boyu Sanat ve Destek Merkezi ve Halk Oyunlar\u0131 Toplulu\u011fu&#8217;nda g\u00f6rev yapan \u00f6\u011fretmenleri ziyaret ederek karanfil hediye etti. \u00d6\u011eRETMENLER\u0130M\u0130Z\u0130N G\u00dcN\u00dc KUTLU OLSUN Ziyaret esnas\u0131nda \u00f6\u011fretmenlerle sohbet eden Ba\u015fkan Kotan, &#8220;\u00d6\u011fretmenlerimizin fedakarl\u0131klar\u0131 ve emekleri asla unutulmaz. Onlara minnettar\u0131z&#8221; dedi. \u00d6\u011fretmenlerin gelece\u011fin mimarlar\u0131 oldu\u011funu kaydeden Ba\u015fkan Kotan, \u015funlar\u0131 s\u00f6yledi: &#8220;Ba\u015fta Ba\u015f\u00f6\u011fretmeniz Mustafa Kemal Atat\u00fcrk olmak \u00fczere t\u00fcm \u00f6\u011fretmenlerimizin g\u00fcn\u00fcn\u00fc kutluyorum. \u00d6\u011fretmenlerimiz, \u00e7ocuklar\u0131m\u0131z\u0131n hayat\u0131na dokunarak asl\u0131nda bizlerin de gelece\u011fine katk\u0131da bulunuyorlar. \u00d6zellikle kre\u015f \u00f6\u011fretmenlerimiz, \u00e7ocuklar\u0131m\u0131z\u0131n ilk e\u011fitim basama\u011f\u0131nda onlara sevgiyle rehberlik ediyor. Emekleriyle, sab\u0131rlar\u0131yla ve \u00f6zverileriyle gelece\u011fe umutla bakan bireyler yeti\u015ftiriyorlar. Bug\u00fcn onlar\u0131n bu kutsal g\u00f6revini bir kez daha takdir etmek ve yanlar\u0131nda oldu\u011fumuzu hissettirmek istedik.&#8221; \u200bKonyaalt\u0131 Belediye Ba\u015fkan\u0131 Cem Kotan ve yard\u0131mc\u0131lar\u0131 24 Kas\u0131m \u00d6\u011fretmenler G\u00fcn\u00fc dolay\u0131s\u0131yla kre\u015fleri ziyaret ederek \u00f6\u011fretmenlere karanfil takdim etti\u00a0 \u200bHaberin Al\u0131nt\u0131land\u0131\u011f\u0131 Kaynak: www.antalyakorfez.com"}