{"version":"1.0","provider_name":"Av. Deniz Can K\u0131z\u0131l","provider_url":"https:\/\/denizcankizil.tr\/uk","author_name":"Av. Deniz Can K\u0131z\u0131l","author_url":"https:\/\/denizcankizil.tr\/uk","title":"Korkuteli Belediye Ba\u015fkan\u0131 Caran, An\u0131tkabir'de...","type":"rich","width":600,"height":338,"html":"<blockquote class=\"wp-embedded-content\" data-secret=\"V3jbcn02MO\"><a href=\"https:\/\/denizcankizil.tr\/uk\/haberler\/gundem\/korkuteli-belediye-baskani-caran-anitkabirde\/\">Korkuteli Belediye Ba\u015fkan\u0131 Caran, An\u0131tkabir&#8217;de&#8230;<\/a><\/blockquote><iframe sandbox=\"allow-scripts\" security=\"restricted\" src=\"https:\/\/denizcankizil.tr\/uk\/haberler\/gundem\/korkuteli-belediye-baskani-caran-anitkabirde\/embed\/#?secret=V3jbcn02MO\" width=\"600\" height=\"338\" title=\"&#8220;Korkuteli Belediye Ba\u015fkan\u0131 Caran, An\u0131tkabir&#8217;de&#8230;&#8221; &#8212; Av. Deniz Can K\u0131z\u0131l\" data-secret=\"V3jbcn02MO\" frameborder=\"0\" marginwidth=\"0\" marginheight=\"0\" scrolling=\"no\" class=\"wp-embedded-content\"><\/iframe><script>\n\/*! This file is auto-generated *\/\n!function(d,l){\"use strict\";l.querySelector&&d.addEventListener&&\"undefined\"!=typeof URL&&(d.wp=d.wp||{},d.wp.receiveEmbedMessage||(d.wp.receiveEmbedMessage=function(e){var t=e.data;if((t||t.secret||t.message||t.value)&&!\/[^a-zA-Z0-9]\/.test(t.secret)){for(var s,r,n,a=l.querySelectorAll('iframe[data-secret=\"'+t.secret+'\"]'),o=l.querySelectorAll('blockquote[data-secret=\"'+t.secret+'\"]'),c=new RegExp(\"^https?:$\",\"i\"),i=0;i<o.length;i++)o[i].style.display=\"none\";for(i=0;i<a.length;i++)s=a[i],e.source===s.contentWindow&&(s.removeAttribute(\"style\"),\"height\"===t.message?(1e3<(r=parseInt(t.value,10))?r=1e3:~~r<200&&(r=200),s.height=r):\"link\"===t.message&&(r=new URL(s.getAttribute(\"src\")),n=new URL(t.value),c.test(n.protocol))&&n.host===r.host&&l.activeElement===s&&(d.top.location.href=t.value))}},d.addEventListener(\"message\",d.wp.receiveEmbedMessage,!1),l.addEventListener(\"DOMContentLoaded\",function(){for(var e,t,s=l.querySelectorAll(\"iframe.wp-embedded-content\"),r=0;r<s.length;r++)(t=(e=s[r]).getAttribute(\"data-secret\"))||(t=Math.random().toString(36).substring(2,12),e.src+=\"#?secret=\"+t,e.setAttribute(\"data-secret\",t)),e.contentWindow.postMessage({message:\"ready\",secret:t},\"*\")},!1)))}(window,document);\n\/\/# sourceURL=https:\/\/denizcankizil.tr\/wp-includes\/js\/wp-embed.min.js\n<\/script>","description":"Cumhuriyet Halk Partisi (CHP) Antalya \u0130l Ba\u015fkan\u0131 Nail Kamac\u0131, t\u00fcm il\u00e7e belediye ba\u015fkanlar\u0131yla birlikte An\u0131tkabir\u2019i ziyaret etti. Heyette bulunan Korkuteli Belediye Ba\u015fkan\u0131 Saniye Caran, ziyaretin ard\u0131ndan yapt\u0131\u011f\u0131 a\u00e7\u0131klamada, &#8220;Atat\u00fcrk\u2019\u00fcn g\u00f6sterdi\u011fi yolda, \u00e7a\u011fda\u015f ve laik T\u00fcrkiye i\u00e7in hep beraber \u00e7al\u0131\u015fmaya devam edece\u011fiz&#8221; dedi.\u00a0 GENEL BA\u015eKAN \u00d6ZEL \u0130LE BULU\u015eTULAR \u0130lk olarak T\u00fcrkiye Cumhuriyeti devleti kurucusu Ulu \u00d6nder Mustafa Kemal Atat\u00fcrk\u2019\u00fcn ebedi istirahatgah\u0131 An\u0131tkabir\u2019i ziyaret eden CHP Antalya \u00d6rg\u00fct\u00fc, Ata\u2019ya sayg\u0131 duru\u015funda bulundu. An\u0131tkabir ziyaretinin ard\u0131ndan CHP\u2019nin Grup Toplant\u0131s\u0131\u2019na kat\u0131lan Antalya \u00d6rg\u00fct\u00fc, Genel Ba\u015fkan \u00d6zg\u00fcr \u00d6zel ile bir araya geldi.\u00a0 \u201cHEP BERABER \u00c7ALI\u015eMAYA DEVAM EDECE\u011e\u0130Z\u201d Korkuteli Belediye Ba\u015fkan\u0131 Saniye Caran, ziyarete ili\u015fkin yapt\u0131\u011f\u0131 a\u00e7\u0131klamada, \u201cCumhuriyetimizin kurucusu Gazi Mustafa Kemal Atat\u00fcrk\u2019\u00fc ebedi istirahatgah\u0131nda; Cumhuriyet Halk Partisi Antalya \u0130l Ba\u015fkan\u0131m\u0131z Nail Kamac\u0131, Antalya Milletvekilimiz Aliye Co\u015far, Antalya \u0130l Kad\u0131n Kollar\u0131 Ba\u015fkan\u0131m\u0131z Necla \u0130nci Bayrak, \u0130l Gen\u00e7lik Kollar\u0131 Ba\u015fkan\u0131m\u0131z Onur Kayar, \u0130l\u00e7e Ba\u015fkan\u0131m\u0131z \u0130smail Karadeli, \u0130l\u00e7e Gen\u00e7lik Kollar\u0131 Ba\u015fkan\u0131m\u0131z Necati Gavaz ve il\u00e7e belediye ba\u015fkanlar\u0131m\u0131z ile birlikte ziyaret ettik. T\u00fcrkiye B\u00fcy\u00fck Millet Meclisi&#8217;nde Cumhuriyet Halk Partisi Grup Toplant\u0131s\u0131\u2019na kat\u0131ld\u0131k. Atat\u00fcrk\u2019\u00fcn g\u00f6sterdi\u011fi yolda, \u00e7a\u011fda\u015f ve laik T\u00fcrkiye i\u00e7in hep beraber \u00e7al\u0131\u015fmaya devam edece\u011fiz\u201d diye konu\u015ftu.\u00a0 \u00a0 \u00a0 \u200bKorkuteli Belediye Ba\u015fkan\u0131 Saniye Caran, An\u0131tkabir ziyaretinde yapt\u0131\u011f\u0131 a\u00e7\u0131klamada, \u201cAtat\u00fcrk\u2019\u00fcn g\u00f6sterdi\u011fi yolda, \u00e7a\u011fda\u015f ve laik T\u00fcrkiye i\u00e7in hep beraber \u00e7al\u0131\u015fmaya &hellip;"}