{"version":"1.0","provider_name":"Av. Deniz Can K\u0131z\u0131l","provider_url":"https:\/\/denizcankizil.tr\/uk","author_name":"admin","author_url":"https:\/\/denizcankizil.tr\/uk\/author\/admin\/","title":"Kocaeli'de Bar\u0131\u015f Man\u00e7o \u015fark\u0131lar\u0131 ile an\u0131lacak","type":"rich","width":600,"height":338,"html":"<blockquote class=\"wp-embedded-content\" data-secret=\"LOGIQmEFXx\"><a href=\"https:\/\/denizcankizil.tr\/uk\/haberler\/gundem\/kocaelide-baris-manco-sarkilari-ile-anilacak\/\">Kocaeli&#8217;de Bar\u0131\u015f Man\u00e7o \u015fark\u0131lar\u0131 ile an\u0131lacak<\/a><\/blockquote><iframe sandbox=\"allow-scripts\" security=\"restricted\" src=\"https:\/\/denizcankizil.tr\/uk\/haberler\/gundem\/kocaelide-baris-manco-sarkilari-ile-anilacak\/embed\/#?secret=LOGIQmEFXx\" width=\"600\" height=\"338\" title=\"&#8220;Kocaeli&#8217;de Bar\u0131\u015f Man\u00e7o \u015fark\u0131lar\u0131 ile an\u0131lacak&#8221; &#8212; Av. Deniz Can K\u0131z\u0131l\" data-secret=\"LOGIQmEFXx\" frameborder=\"0\" marginwidth=\"0\" marginheight=\"0\" scrolling=\"no\" class=\"wp-embedded-content\"><\/iframe><script>\n\/*! This file is auto-generated *\/\n!function(d,l){\"use strict\";l.querySelector&&d.addEventListener&&\"undefined\"!=typeof URL&&(d.wp=d.wp||{},d.wp.receiveEmbedMessage||(d.wp.receiveEmbedMessage=function(e){var t=e.data;if((t||t.secret||t.message||t.value)&&!\/[^a-zA-Z0-9]\/.test(t.secret)){for(var s,r,n,a=l.querySelectorAll('iframe[data-secret=\"'+t.secret+'\"]'),o=l.querySelectorAll('blockquote[data-secret=\"'+t.secret+'\"]'),c=new RegExp(\"^https?:$\",\"i\"),i=0;i<o.length;i++)o[i].style.display=\"none\";for(i=0;i<a.length;i++)s=a[i],e.source===s.contentWindow&&(s.removeAttribute(\"style\"),\"height\"===t.message?(1e3<(r=parseInt(t.value,10))?r=1e3:~~r<200&&(r=200),s.height=r):\"link\"===t.message&&(r=new URL(s.getAttribute(\"src\")),n=new URL(t.value),c.test(n.protocol))&&n.host===r.host&&l.activeElement===s&&(d.top.location.href=t.value))}},d.addEventListener(\"message\",d.wp.receiveEmbedMessage,!1),l.addEventListener(\"DOMContentLoaded\",function(){for(var e,t,s=l.querySelectorAll(\"iframe.wp-embedded-content\"),r=0;r<s.length;r++)(t=(e=s[r]).getAttribute(\"data-secret\"))||(t=Math.random().toString(36).substring(2,12),e.src+=\"#?secret=\"+t,e.setAttribute(\"data-secret\",t)),e.contentWindow.postMessage({message:\"ready\",secret:t},\"*\")},!1)))}(window,document);\n\/\/# sourceURL=https:\/\/denizcankizil.tr\/wp-includes\/js\/wp-embed.min.js\n<\/script>","description":"Kocaeli B\u00fcy\u00fck\u015fehir Belediyesi, milyonlar\u0131n g\u00f6nl\u00fcne taht kuran usta sanat\u00e7\u0131 Bar\u0131\u015f Man\u00e7o i\u00e7in \u00f6l\u00fcm\u00fcn\u00fcn 26. y\u0131l\u0131nda anma konseri d\u00fczenliyor. KOCAEL\u0130 (\u0130GFA) &#8211;\u00a0T\u00fcm vatanda\u015flar\u0131n davetli oldu\u011fu anma program\u0131 27 \u015eubat Per\u015fembe g\u00fcn\u00fc (yar\u0131n) saat 20.00\u2019de Kocaeli Kongre Merkezi\u2019nde ger\u00e7ekle\u015ftirilecek. Tamamen \u00fccretsiz olarak d\u00fczenlenecek anma konserinde KO-MEK\u2019in m\u00fczik bran\u015f\u0131 e\u011fitmenleri sahne alacak. Usta sanat\u00e7\u0131n\u0131n birbirinden g\u00fczel 17 \u00f6l\u00fcms\u00fcz eserinin seslendirilece\u011fi anmada m\u00fczik e\u011fitmeni Refik U\u011fur Tan solist olarak eserleri seslendirecek. \u200bKocaeli B\u00fcy\u00fck\u015fehir Belediyesi, milyonlar\u0131n g\u00f6nl\u00fcne taht kuran usta sanat\u00e7\u0131 Bar\u0131\u015f Man\u00e7o i\u00e7in \u00f6l\u00fcm\u00fcn\u00fcn 26. y\u0131l\u0131nda anma konseri d\u00fczenliyor. KOCAEL\u0130 (\u0130GFA) &#8211;\u00a0T\u00fcm vatanda\u015flar\u0131n davetli oldu\u011fu anma program\u0131 27 \u015eubat Per\u015fembe g\u00fcn\u00fc (yar\u0131n) saat 20.00\u2019de Kocaeli Kongre Merkezi\u2019nde ger\u00e7ekle\u015ftirilecek. Tamamen \u00fccretsiz olarak d\u00fczenlenecek anma konserinde KO-MEK\u2019in m\u00fczik bran\u015f\u0131 e\u011fitmenleri sahne alacak. Usta sanat\u00e7\u0131n\u0131n birbirinden g\u00fczel 17 \u00f6l\u00fcms\u00fcz eserinin seslendirilece\u011fi anmada m\u00fczik e\u011fitmeni Refik U\u011fur Tan solist olarak eserleri seslendirecek.\u00a0 \u200bHaberin Al\u0131nt\u0131land\u0131\u011f\u0131 Kaynak: www.iskenderun.org"}