{"version":"1.0","provider_name":"Av. Deniz Can K\u0131z\u0131l","provider_url":"https:\/\/denizcankizil.tr\/uk","author_name":"Av. Deniz Can K\u0131z\u0131l","author_url":"https:\/\/denizcankizil.tr\/uk","title":"Kayyumlar i\u00e7in en 'Ba\u015f'\u0131ndan tepki","type":"rich","width":600,"height":338,"html":"<blockquote class=\"wp-embedded-content\" data-secret=\"xQkLnlYvm4\"><a href=\"https:\/\/denizcankizil.tr\/uk\/haberler\/gundem\/kayyumlar-icin-en-basindan-tepki\/\">Kayyumlar i\u00e7in en &#8216;Ba\u015f&#8217;\u0131ndan tepki<\/a><\/blockquote><iframe sandbox=\"allow-scripts\" security=\"restricted\" src=\"https:\/\/denizcankizil.tr\/uk\/haberler\/gundem\/kayyumlar-icin-en-basindan-tepki\/embed\/#?secret=xQkLnlYvm4\" width=\"600\" height=\"338\" title=\"&#8220;Kayyumlar i\u00e7in en &#8216;Ba\u015f&#8217;\u0131ndan tepki&#8221; &#8212; Av. Deniz Can K\u0131z\u0131l\" data-secret=\"xQkLnlYvm4\" frameborder=\"0\" marginwidth=\"0\" marginheight=\"0\" scrolling=\"no\" class=\"wp-embedded-content\"><\/iframe><script>\n\/*! This file is auto-generated *\/\n!function(d,l){\"use strict\";l.querySelector&&d.addEventListener&&\"undefined\"!=typeof URL&&(d.wp=d.wp||{},d.wp.receiveEmbedMessage||(d.wp.receiveEmbedMessage=function(e){var t=e.data;if((t||t.secret||t.message||t.value)&&!\/[^a-zA-Z0-9]\/.test(t.secret)){for(var s,r,n,a=l.querySelectorAll('iframe[data-secret=\"'+t.secret+'\"]'),o=l.querySelectorAll('blockquote[data-secret=\"'+t.secret+'\"]'),c=new RegExp(\"^https?:$\",\"i\"),i=0;i<o.length;i++)o[i].style.display=\"none\";for(i=0;i<a.length;i++)s=a[i],e.source===s.contentWindow&&(s.removeAttribute(\"style\"),\"height\"===t.message?(1e3<(r=parseInt(t.value,10))?r=1e3:~~r<200&&(r=200),s.height=r):\"link\"===t.message&&(r=new URL(s.getAttribute(\"src\")),n=new URL(t.value),c.test(n.protocol))&&n.host===r.host&&l.activeElement===s&&(d.top.location.href=t.value))}},d.addEventListener(\"message\",d.wp.receiveEmbedMessage,!1),l.addEventListener(\"DOMContentLoaded\",function(){for(var e,t,s=l.querySelectorAll(\"iframe.wp-embedded-content\"),r=0;r<s.length;r++)(t=(e=s[r]).getAttribute(\"data-secret\"))||(t=Math.random().toString(36).substring(2,12),e.src+=\"#?secret=\"+t,e.setAttribute(\"data-secret\",t)),e.contentWindow.postMessage({message:\"ready\",secret:t},\"*\")},!1)))}(window,document);\n\/\/# sourceURL=https:\/\/denizcankizil.tr\/wp-includes\/js\/wp-embed.min.js\n<\/script>","description":"TBB ve \u0130BB Ba\u015fkan\u0131 Ekrem \u0130mamo\u011flu, T\u00fcrkiye \u0130\u015f\u00e7i Partisi Genel Ba\u015fkan\u0131 Erkan Ba\u015f ile \u2018kayyum g\u00fcndemli\u2019 bir g\u00f6r\u00fc\u015fme ger\u00e7ekle\u015ftirdi.\u0130STANBUL (\u0130GFA) &#8211; \u0130kili g\u00f6r\u00fc\u015fmenin ard\u0131ndan kameralar\u0131n kar\u015f\u0131s\u0131na ge\u00e7en \u0130mamo\u011flu ve Ba\u015f, kamuoyuna bilgilendirmelerde bulundu. 2016 y\u0131l\u0131nda \u00e7\u0131kar\u0131lan bir kanun maddesine dayand\u0131r\u0131larak yap\u0131lan kayyum atamalar\u0131n\u0131 \u2018k\u00f6t\u00fc niyetli\u2019 ve \u2018\u00e7arp\u0131k\u2019 s\u00f6zleriyle tan\u0131mlayan \u0130mamo\u011flu, TBB olarak bu konuda yapt\u0131klar\u0131 \u00e7al\u0131\u015fmay\u0131 \u00f6n\u00fcm\u00fczdeki hafta ba\u015f\u0131nda siyasi parti genel ba\u015fkanlar\u0131 ve milletvekilleriyle payla\u015facaklar\u0131 bilgisini aktard\u0131. \u0130mamo\u011flu, \u201cYarg\u0131 eliyle y\u00fcr\u00fct\u00fclmesi gereken bir i\u015fin, bir ki\u015finin iki duda\u011f\u0131 aras\u0131nda y\u00fcr\u00fct\u00fclemeyece\u011fini, y\u00fcr\u00fct\u00fclememesi gerekti\u011fini biraz daha geni\u015f hatlar\u0131yla ifade ettik. Sa\u011f olsunlar Say\u0131n Genel Ba\u015fkan\u0131m\u0131z, bize destek verdi bu hususta. Bu bir yerel y\u00f6netim hukukunu korumakt\u0131r, yerel demokrasinin g\u00fc\u00e7lenmesini sa\u011flama yolculu\u011fudur. Ve tabii ki milletin iradesinin millete ait oldu\u011fu yakla\u015f\u0131m\u0131n\u0131n sa\u011flama al\u0131nmas\u0131d\u0131r\u201d dedi.\u00a0 \u0130ktidar\u0131n, 31 Mart 2024 yerel se\u00e7imlerinde tabanda olu\u015fan halk ittifak\u0131na yenildi\u011fini belirten Ba\u015f da \u201cO g\u00fcn bug\u00fcnd\u00fcr, bu yenilgiyi nas\u0131l tersine \u00e7evirece\u011fine ili\u015fkin \u00e7e\u015fitli aray\u0131\u015flar i\u00e7erisindelerdi. Ama topluma umut veremiyorlar, topluma heyecan veremiyorlar, topluma art\u0131k g\u00fczellik vaat edemiyorlar. Ancak bask\u0131yla, zorla bu i\u015fi yapmaya karar vermi\u015f gibi g\u00f6z\u00fck\u00fcyorlar. Buna kar\u015f\u0131 yap\u0131lacak tek \u015fey, hep birlikte durmakt\u0131r. \u015eunu da Ekrem Bey&#8217;in yan\u0131nda \u00f6zellikle ifade etmek istiyorum. Yani \u0130stanbul&#8217;dan bahsediyoruz arkada\u015flar. Sadece T\u00fcrkiye&#8217;nin de\u011fil, d\u00fcnyan\u0131n en k\u0131ymetli, say\u0131l\u0131 kentlerinden bir &hellip;"}