{"version":"1.0","provider_name":"Av. Deniz Can K\u0131z\u0131l","provider_url":"https:\/\/denizcankizil.tr\/uk","author_name":"Antalya K\u00f6rfez","author_url":"https:\/\/denizcankizil.tr\/uk\/author\/www-antalyakorfez-com\/","title":"Ka\u015f\u2019taki sit alan\u0131nda orman park\u0131 ya\u011fmas\u0131!","type":"rich","width":600,"height":338,"html":"<blockquote class=\"wp-embedded-content\" data-secret=\"bAlOL1gKAN\"><a href=\"https:\/\/denizcankizil.tr\/uk\/haberler\/gundem\/kastaki-sit-alaninda-orman-parki-yagmasi\/\">Ka\u015f\u2019taki sit alan\u0131nda orman park\u0131 ya\u011fmas\u0131!<\/a><\/blockquote><iframe sandbox=\"allow-scripts\" security=\"restricted\" src=\"https:\/\/denizcankizil.tr\/uk\/haberler\/gundem\/kastaki-sit-alaninda-orman-parki-yagmasi\/embed\/#?secret=bAlOL1gKAN\" width=\"600\" height=\"338\" title=\"&#8220;Ka\u015f\u2019taki sit alan\u0131nda orman park\u0131 ya\u011fmas\u0131!&#8221; &#8212; Av. Deniz Can K\u0131z\u0131l\" data-secret=\"bAlOL1gKAN\" frameborder=\"0\" marginwidth=\"0\" marginheight=\"0\" scrolling=\"no\" class=\"wp-embedded-content\"><\/iframe><script>\n\/*! This file is auto-generated *\/\n!function(d,l){\"use strict\";l.querySelector&&d.addEventListener&&\"undefined\"!=typeof URL&&(d.wp=d.wp||{},d.wp.receiveEmbedMessage||(d.wp.receiveEmbedMessage=function(e){var t=e.data;if((t||t.secret||t.message||t.value)&&!\/[^a-zA-Z0-9]\/.test(t.secret)){for(var s,r,n,a=l.querySelectorAll('iframe[data-secret=\"'+t.secret+'\"]'),o=l.querySelectorAll('blockquote[data-secret=\"'+t.secret+'\"]'),c=new RegExp(\"^https?:$\",\"i\"),i=0;i<o.length;i++)o[i].style.display=\"none\";for(i=0;i<a.length;i++)s=a[i],e.source===s.contentWindow&&(s.removeAttribute(\"style\"),\"height\"===t.message?(1e3<(r=parseInt(t.value,10))?r=1e3:~~r<200&&(r=200),s.height=r):\"link\"===t.message&&(r=new URL(s.getAttribute(\"src\")),n=new URL(t.value),c.test(n.protocol))&&n.host===r.host&&l.activeElement===s&&(d.top.location.href=t.value))}},d.addEventListener(\"message\",d.wp.receiveEmbedMessage,!1),l.addEventListener(\"DOMContentLoaded\",function(){for(var e,t,s=l.querySelectorAll(\"iframe.wp-embedded-content\"),r=0;r<s.length;r++)(t=(e=s[r]).getAttribute(\"data-secret\"))||(t=Math.random().toString(36).substring(2,12),e.src+=\"#?secret=\"+t,e.setAttribute(\"data-secret\",t)),e.contentWindow.postMessage({message:\"ready\",secret:t},\"*\")},!1)))}(window,document);\n\/\/# sourceURL=https:\/\/denizcankizil.tr\/wp-includes\/js\/wp-embed.min.js\n<\/script>","description":"Be\u015f y\u0131l \u00f6ncesine kadar T\u00fcrkiye\u2019nin el de\u011fmemi\u015f koylar\u0131ndan biri olan Gerenlik Koyu, ad\u0131n\u0131 deniz taban\u0131ndan \u00e7\u0131kan tatl\u0131 su kaynaklar\u0131ndan al\u0131yor. B\u00f6lgedeki karstik su kaynaklar\u0131, deniz suyunu daha serin hale getiriyor. Y\u00f6re halk\u0131 taraf\u0131ndan \u00c7\u0131\u011fl\u0131muar olarak da an\u0131lan koy, temiz denizi ve korunmu\u015f do\u011fal \u00e7evresiyle tekne turlar\u0131n\u0131n u\u011frak yerlerinden biriydi. GERENL\u0130K KOYU 5 YIL \u00d6NCE PLAJ YAPMAK U\u011eRUNA TAHR\u0130P ED\u0130LM\u0130\u015eT\u0130 Patara \u00d6\u00c7K B\u00f6lgesi s\u0131n\u0131rlar\u0131 i\u00e7indeki Gerenlik Koyu ve \u00e7evresi, sahip oldu\u011fu denizel ve karasal ekosistemler nedeniyle 1. Derece do\u011fal sit alan\u0131 olarak koruma alt\u0131na al\u0131nm\u0131\u015ft\u0131. Bakanlar Kurulu Karar\u0131 ile 5 \u015eubat 2018\u2019de \u2018Kesin Korunacak Hassas Alan\u2019 olarak tescil edilen koyda Haziran 2020\u2019de izinsiz olarak yol a\u00e7\u0131larak do\u011fal doku tahrip edildi. Daha \u00f6nce yol bulunmayan koya i\u015f makineleri sokularak yol a\u00e7\u0131l\u0131rken, \u00e7am ve zeytin a\u011fa\u00e7lar\u0131yla maki \u00f6rt\u00fcs\u00fc yok edildi. B\u00f6lgede emlak\u00e7\u0131l\u0131k yapan bir giri\u015fimci taraf\u0131ndan yap\u0131ld\u0131\u011f\u0131 \u00f6ne s\u00fcr\u00fclen tahribat, konuyu g\u00fcndeme getiren haberimizin ard\u0131ndan yetkililerin m\u00fcdahalesiyle durdurulmu\u015ftu. KORUNAN ALAN BU KEZ DE \u2018ORMAN PARKI\u2019 ADIYLA YA\u011eMALANACAK Antalya K\u00f6rfez Gazetesi muhabiri Yusuf Yavuz&#8217;un haberine g\u00f6re; ancak be\u015f y\u0131l \u00f6nce tahrip edilen bu cennet koydaki rant \u0131srar\u0131n\u0131n bir t\u00fcrl\u00fc sonu gelmedi. Gerenlik Koyu (\u00c7\u0131\u011fl\u0131muar) bu kez de orman idaresi eliyle orman park\u0131 olarak kiralanmak isteniyor. K\u0131y\u0131 \u015feridinin ve koyun bulundu\u011fu alan, 176\/1 nolu b\u00fcy\u00fck &hellip;"}