{"version":"1.0","provider_name":"Av. Deniz Can K\u0131z\u0131l","provider_url":"https:\/\/denizcankizil.tr\/uk","author_name":"Antalya K\u00f6rfez","author_url":"https:\/\/denizcankizil.tr\/uk\/author\/www-antalyakorfez-com\/","title":"Kargo \u00fccretinde yeni d\u00f6nem! Art\u0131k sat\u0131c\u0131 \u00f6deyecek","type":"rich","width":600,"height":338,"html":"<blockquote class=\"wp-embedded-content\" data-secret=\"PHBFLPSOGa\"><a href=\"https:\/\/denizcankizil.tr\/uk\/haberler\/gundem\/kargo-ucretinde-yeni-donem-artik-satici-odeyecek\/\">Kargo \u00fccretinde yeni d\u00f6nem! Art\u0131k sat\u0131c\u0131 \u00f6deyecek<\/a><\/blockquote><iframe sandbox=\"allow-scripts\" security=\"restricted\" src=\"https:\/\/denizcankizil.tr\/uk\/haberler\/gundem\/kargo-ucretinde-yeni-donem-artik-satici-odeyecek\/embed\/#?secret=PHBFLPSOGa\" width=\"600\" height=\"338\" title=\"&#8220;Kargo \u00fccretinde yeni d\u00f6nem! Art\u0131k sat\u0131c\u0131 \u00f6deyecek&#8221; &#8212; Av. Deniz Can K\u0131z\u0131l\" data-secret=\"PHBFLPSOGa\" frameborder=\"0\" marginwidth=\"0\" marginheight=\"0\" scrolling=\"no\" class=\"wp-embedded-content\"><\/iframe><script>\n\/*! This file is auto-generated *\/\n!function(d,l){\"use strict\";l.querySelector&&d.addEventListener&&\"undefined\"!=typeof URL&&(d.wp=d.wp||{},d.wp.receiveEmbedMessage||(d.wp.receiveEmbedMessage=function(e){var t=e.data;if((t||t.secret||t.message||t.value)&&!\/[^a-zA-Z0-9]\/.test(t.secret)){for(var s,r,n,a=l.querySelectorAll('iframe[data-secret=\"'+t.secret+'\"]'),o=l.querySelectorAll('blockquote[data-secret=\"'+t.secret+'\"]'),c=new RegExp(\"^https?:$\",\"i\"),i=0;i<o.length;i++)o[i].style.display=\"none\";for(i=0;i<a.length;i++)s=a[i],e.source===s.contentWindow&&(s.removeAttribute(\"style\"),\"height\"===t.message?(1e3<(r=parseInt(t.value,10))?r=1e3:~~r<200&&(r=200),s.height=r):\"link\"===t.message&&(r=new URL(s.getAttribute(\"src\")),n=new URL(t.value),c.test(n.protocol))&&n.host===r.host&&l.activeElement===s&&(d.top.location.href=t.value))}},d.addEventListener(\"message\",d.wp.receiveEmbedMessage,!1),l.addEventListener(\"DOMContentLoaded\",function(){for(var e,t,s=l.querySelectorAll(\"iframe.wp-embedded-content\"),r=0;r<s.length;r++)(t=(e=s[r]).getAttribute(\"data-secret\"))||(t=Math.random().toString(36).substring(2,12),e.src+=\"#?secret=\"+t,e.setAttribute(\"data-secret\",t)),e.contentWindow.postMessage({message:\"ready\",secret:t},\"*\")},!1)))}(window,document);\n\/\/# sourceURL=https:\/\/denizcankizil.tr\/wp-includes\/js\/wp-embed.min.js\n<\/script>","description":"Ticaret Bakanl\u0131\u011f\u0131, e-Ticaret&#8217;e y\u00f6nelik bir d\u00fczenleme yapt\u0131. Resm\u00ee Gazete&#8217;de yay\u0131nlanan Mesafeli S\u00f6zle\u015fmeler Y\u00f6netmeli\u011fi&#8217;nde yap\u0131lan de\u011fi\u015fikli\u011fe g\u00f6re art\u0131k, online al\u0131\u015fveri\u015flerde \u00fcr\u00fcn\u00fcn iadesinde kargo \u00fccreti t\u00fcketiciden de\u011fil, sat\u0131c\u0131dan al\u0131nacak. KARGO \u00dcCRET\u0130NDE YEN\u0130 D\u00d6NEM Sat\u0131c\u0131n\u0131n iade i\u00e7in belirtti\u011fi ta\u015f\u0131y\u0131c\u0131 arac\u0131l\u0131\u011f\u0131yla mal\u0131n geri g\u00f6nderilmesi h\u00e2linde, t\u00fcketici iadeye ili\u015fkin masraflardan sorumlu tutulamayacak. \u0130ade i\u00e7in \u00f6n bilgilendirmede belirtilen ta\u015f\u0131y\u0131c\u0131n\u0131n, t\u00fcketicinin bulundu\u011fu yerde \u015fubesinin olmamas\u0131 durumunda sat\u0131c\u0131, ilave hi\u00e7bir masraf talep etmeksizin iade edilmek istenen mal\u0131n t\u00fcketiciden al\u0131nmas\u0131n\u0131 sa\u011flamakla y\u00fck\u00fcml\u00fc olacak 2026 YILINDA UYGULANMAYA BA\u015eLANACAK Ayr\u0131ca parasal s\u0131n\u0131rlar d\u00e2hilindeki anla\u015fmazl\u0131klarda mahkemeye gitmeden \u00f6nce ara bulucuya ba\u015fvurulmas\u0131 gerekti\u011fine dair bilgi, sat\u0131\u015f \u00f6ncesinde sunulan \u00f6n bilgilendirme formunda a\u00e7\u0131k\u00e7a yer alacak. B\u00f6ylece t\u00fcketiciler, anla\u015fmazl\u0131k durumunda izlemesi gereken yollar\u0131 \u00f6nceden \u00f6\u011frenmi\u015f olacak. Yeni y\u00f6netmelikte yer alan h\u00fck\u00fcmler 1 Ocak 2026&#8217;da y\u00fcr\u00fcrl\u00fc\u011fe girecek. \u200b\u0130nternet \u00fczerinden al\u0131\u015fveri\u015f yapan vatanda\u015flar, art\u0131k ald\u0131klar\u0131 \u00fcr\u00fcn\u00fc geri iade etmek i\u00e7in kargo \u00fccretini \u00f6demeyecek. Resmi Gazete&#8217;de yay\u0131nlanan d\u00fczenlemeye g\u00f6re; kargo \u00fccreti art\u0131k sat\u0131c\u0131lardan al\u0131nacak.\u00a0 \u200bHaberin Al\u0131nt\u0131land\u0131\u011f\u0131 Kaynak: www.antalyakorfez.com"}