{"version":"1.0","provider_name":"Av. Deniz Can K\u0131z\u0131l","provider_url":"https:\/\/denizcankizil.tr\/uk","author_name":"admin","author_url":"https:\/\/denizcankizil.tr\/uk\/author\/admin\/","title":"\u0130zmit'te k\u00f6t\u00fc muameleli pazarc\u0131ya 'tezg\u00e2h men' cezas\u0131!","type":"rich","width":600,"height":338,"html":"<blockquote class=\"wp-embedded-content\" data-secret=\"eA8IiUIXv9\"><a href=\"https:\/\/denizcankizil.tr\/uk\/haberler\/gundem\/izmitte-kotu-muameleli-pazarciya-tezgah-men-cezasi\/\">\u0130zmit&#8217;te k\u00f6t\u00fc muameleli pazarc\u0131ya &#8216;tezg\u00e2h men&#8217; cezas\u0131!<\/a><\/blockquote><iframe sandbox=\"allow-scripts\" security=\"restricted\" src=\"https:\/\/denizcankizil.tr\/uk\/haberler\/gundem\/izmitte-kotu-muameleli-pazarciya-tezgah-men-cezasi\/embed\/#?secret=eA8IiUIXv9\" width=\"600\" height=\"338\" title=\"&#8220;\u0130zmit&#8217;te k\u00f6t\u00fc muameleli pazarc\u0131ya &#8216;tezg\u00e2h men&#8217; cezas\u0131!&#8221; &#8212; Av. Deniz Can K\u0131z\u0131l\" data-secret=\"eA8IiUIXv9\" frameborder=\"0\" marginwidth=\"0\" marginheight=\"0\" scrolling=\"no\" class=\"wp-embedded-content\"><\/iframe><script>\n\/*! This file is auto-generated *\/\n!function(d,l){\"use strict\";l.querySelector&&d.addEventListener&&\"undefined\"!=typeof URL&&(d.wp=d.wp||{},d.wp.receiveEmbedMessage||(d.wp.receiveEmbedMessage=function(e){var t=e.data;if((t||t.secret||t.message||t.value)&&!\/[^a-zA-Z0-9]\/.test(t.secret)){for(var s,r,n,a=l.querySelectorAll('iframe[data-secret=\"'+t.secret+'\"]'),o=l.querySelectorAll('blockquote[data-secret=\"'+t.secret+'\"]'),c=new RegExp(\"^https?:$\",\"i\"),i=0;i<o.length;i++)o[i].style.display=\"none\";for(i=0;i<a.length;i++)s=a[i],e.source===s.contentWindow&&(s.removeAttribute(\"style\"),\"height\"===t.message?(1e3<(r=parseInt(t.value,10))?r=1e3:~~r<200&&(r=200),s.height=r):\"link\"===t.message&&(r=new URL(s.getAttribute(\"src\")),n=new URL(t.value),c.test(n.protocol))&&n.host===r.host&&l.activeElement===s&&(d.top.location.href=t.value))}},d.addEventListener(\"message\",d.wp.receiveEmbedMessage,!1),l.addEventListener(\"DOMContentLoaded\",function(){for(var e,t,s=l.querySelectorAll(\"iframe.wp-embedded-content\"),r=0;r<s.length;r++)(t=(e=s[r]).getAttribute(\"data-secret\"))||(t=Math.random().toString(36).substring(2,12),e.src+=\"#?secret=\"+t,e.setAttribute(\"data-secret\",t)),e.contentWindow.postMessage({message:\"ready\",secret:t},\"*\")},!1)))}(window,document);\n\/\/# sourceURL=https:\/\/denizcankizil.tr\/wp-includes\/js\/wp-embed.min.js\n<\/script>","description":"\u0130zmit Do\u011fu K\u0131\u015fla Per\u015fembe Pazar\u0131\u2019nda vatanda\u015fa k\u00f6t\u00fc muamelede bulunan bir pazarc\u0131 esnaf\u0131, \u0130zmit zab\u0131ta ekiplerinin denetimi sonucu 1 hafta tezg\u00e2h a\u00e7maktan men edildiKOCAEL\u0130 (\u0130GFA) &#8211; \u0130zmit Belediyesi Zab\u0131ta M\u00fcd\u00fcrl\u00fc\u011f\u00fc ekipleri, pazar alanlar\u0131nda s\u00fcrd\u00fcrd\u00fc\u011f\u00fc denetimlerle halk\u0131n huzur ve g\u00fcvenli\u011fini sa\u011flamaya devam ediyor. Bu kapsamda Do\u011fu K\u0131\u015fla Per\u015fembe Pazar\u0131\u2019nda 29 May\u0131s tarihinde yap\u0131lan kontrollerde, bir pazarc\u0131 esnaf\u0131n\u0131n vatanda\u015fa s\u00f6zl\u00fc ve fiil\u00ee m\u00fcdahalede bulundu\u011fu tespit edildi. Yap\u0131lan tespitler do\u011frultusunda, s\u00f6z konusu esnaf\u0131n pazar tezg\u00e2h yeri, Pazar Yerleri Y\u00f6netmeli\u011fi h\u00fck\u00fcmlerine g\u00f6re \u0130zmit Belediyesi Enc\u00fcmeni taraf\u0131ndan 5 Haziran tarihinde al\u0131nan kararla 1 hafta s\u00fcreyle faaliyetten men edildi. Esnaf\u0131n tezg\u00e2h a\u00e7mas\u0131na izin verilmedi. Men edilen alan\u0131n \u00fczerine, vatanda\u015flar\u0131n bilgilendirilmesi amac\u0131yla, \u201cPazar yerinde t\u00fcketiciye kar\u015f\u0131 s\u00f6zl\u00fc ve fiil\u00ee k\u00f6t\u00fc muamelede bulunulmas\u0131 nedeniyle bu alan bir hafta s\u00fcreyle faaliyetten men edilmi\u015ftir\u201d yaz\u0131s\u0131 as\u0131ld\u0131. \u200b\u0130zmit Do\u011fu K\u0131\u015fla Per\u015fembe Pazar\u0131\u2019nda vatanda\u015fa k\u00f6t\u00fc muamelede bulunan bir pazarc\u0131 esnaf\u0131, \u0130zmit zab\u0131ta ekiplerinin denetimi sonucu 1 hafta tezg\u00e2h a\u00e7maktan men edildiKOCAEL\u0130 (\u0130GFA) &#8211; \u0130zmit Belediyesi Zab\u0131ta M\u00fcd\u00fcrl\u00fc\u011f\u00fc ekipleri, pazar alanlar\u0131nda s\u00fcrd\u00fcrd\u00fc\u011f\u00fc denetimlerle halk\u0131n huzur ve g\u00fcvenli\u011fini sa\u011flamaya devam ediyor. Bu kapsamda Do\u011fu K\u0131\u015fla Per\u015fembe Pazar\u0131\u2019nda 29 May\u0131s tarihinde yap\u0131lan kontrollerde, bir pazarc\u0131 esnaf\u0131n\u0131n vatanda\u015fa s\u00f6zl\u00fc ve fiil\u00ee m\u00fcdahalede bulundu\u011fu tespit edildi. Yap\u0131lan tespitler do\u011frultusunda, s\u00f6z konusu esnaf\u0131n pazar tezg\u00e2h yeri, Pazar Yerleri Y\u00f6netmeli\u011fi &hellip;"}