{"version":"1.0","provider_name":"Av. Deniz Can K\u0131z\u0131l","provider_url":"https:\/\/denizcankizil.tr\/uk","author_name":"Av. Deniz Can K\u0131z\u0131l","author_url":"https:\/\/denizcankizil.tr\/uk","title":"\u0130zmirli heykeltra\u015f \u015eevki K\u00f6se'nin \u2018Suretler\u2019i Ayval\u0131k'ta","type":"rich","width":600,"height":338,"html":"<blockquote class=\"wp-embedded-content\" data-secret=\"2CdDtyEykh\"><a href=\"https:\/\/denizcankizil.tr\/uk\/haberler\/gundem\/izmirli-heykeltras-sevki-kosenin-suretleri-ayvalikta\/\">\u0130zmirli heykeltra\u015f \u015eevki K\u00f6se&#8217;nin \u2018Suretler\u2019i Ayval\u0131k&#8217;ta<\/a><\/blockquote><iframe sandbox=\"allow-scripts\" security=\"restricted\" src=\"https:\/\/denizcankizil.tr\/uk\/haberler\/gundem\/izmirli-heykeltras-sevki-kosenin-suretleri-ayvalikta\/embed\/#?secret=2CdDtyEykh\" width=\"600\" height=\"338\" title=\"&#8220;\u0130zmirli heykeltra\u015f \u015eevki K\u00f6se&#8217;nin \u2018Suretler\u2019i Ayval\u0131k&#8217;ta&#8221; &#8212; Av. Deniz Can K\u0131z\u0131l\" data-secret=\"2CdDtyEykh\" frameborder=\"0\" marginwidth=\"0\" marginheight=\"0\" scrolling=\"no\" class=\"wp-embedded-content\"><\/iframe><script>\n\/*! This file is auto-generated *\/\n!function(d,l){\"use strict\";l.querySelector&&d.addEventListener&&\"undefined\"!=typeof URL&&(d.wp=d.wp||{},d.wp.receiveEmbedMessage||(d.wp.receiveEmbedMessage=function(e){var t=e.data;if((t||t.secret||t.message||t.value)&&!\/[^a-zA-Z0-9]\/.test(t.secret)){for(var s,r,n,a=l.querySelectorAll('iframe[data-secret=\"'+t.secret+'\"]'),o=l.querySelectorAll('blockquote[data-secret=\"'+t.secret+'\"]'),c=new RegExp(\"^https?:$\",\"i\"),i=0;i<o.length;i++)o[i].style.display=\"none\";for(i=0;i<a.length;i++)s=a[i],e.source===s.contentWindow&&(s.removeAttribute(\"style\"),\"height\"===t.message?(1e3<(r=parseInt(t.value,10))?r=1e3:~~r<200&&(r=200),s.height=r):\"link\"===t.message&&(r=new URL(s.getAttribute(\"src\")),n=new URL(t.value),c.test(n.protocol))&&n.host===r.host&&l.activeElement===s&&(d.top.location.href=t.value))}},d.addEventListener(\"message\",d.wp.receiveEmbedMessage,!1),l.addEventListener(\"DOMContentLoaded\",function(){for(var e,t,s=l.querySelectorAll(\"iframe.wp-embedded-content\"),r=0;r<s.length;r++)(t=(e=s[r]).getAttribute(\"data-secret\"))||(t=Math.random().toString(36).substring(2,12),e.src+=\"#?secret=\"+t,e.setAttribute(\"data-secret\",t)),e.contentWindow.postMessage({message:\"ready\",secret:t},\"*\")},!1)))}(window,document);\n\/\/# sourceURL=https:\/\/denizcankizil.tr\/wp-includes\/js\/wp-embed.min.js\n<\/script>","description":"\u0130zmir\u2019de \u00e7al\u0131\u015fmalar\u0131n\u0131 s\u00fcrd\u00fcren heykeltra\u015f \u015eevki K\u00f6se\u2019nin, \u201c\u00d6lmez a\u011fac\u0131n g\u00f6lgesinde, \u201cSURETLER\u201d adl\u0131 heykel sergisi 19. Uluslararas\u0131 Ayval\u0131k Zeytin Hasat ve Turizm Festivali\u2019nde yer ald\u0131.BALIKES\u0130R (\u0130GFA) &#8211; Ayval\u0131k Belediyesi\u2019nin davetiyle sergisini K\u0131rlang\u0131\u00e7 Sanat Galerisi\u2019nde a\u00e7an heykeltra\u015f \u015eevki K\u00f6se, bereketin, bilgeli\u011fin ve bar\u0131\u015f\u0131n simgesi zeytin a\u011fac\u0131n\u0131 esin kayna\u011f\u0131 olarak ald\u0131\u011f\u0131 serginin, sanatseverleri g\u00f6r\u00fcnenin \u00f6tesinde bir yolculu\u011fa \u00e7\u0131kard\u0131\u011f\u0131n\u0131 s\u00f6yledi. G\u00fcn\u00fcm\u00fcz\u00fcn bilim, sanat ve felsefesinin temellerinin zeytin a\u011fac\u0131n\u0131n g\u00f6lgesinde at\u0131ld\u0131\u011f\u0131na dikkat \u00e7eken heykeltr\u0131\u015f \u015eevki K\u00f6se, Homeros\u2019un \u0130layda destan\u0131ndaki \u201cHerkese aidim ve kimseye ait de\u011filim. Sen gelmeden \u00f6nce buradayd\u0131m ve sen gittikten sonra da burada olaca\u011f\u0131m\u201d\u2026\u2019 dizelerinin serginin ana temas\u0131n\u0131 olu\u015fturdu\u011funu ifade etti. K\u00f6se, \u201c\u0130nsano\u011flu, kadim uygarl\u0131klara hayat veren bu zeytin a\u011fac\u0131n\u0131n y\u00fczlerce y\u0131ll\u0131k ya\u015fam\u0131n\u0131n \u00e7ok k\u00fc\u00e7\u00fck bir b\u00f6l\u00fcm\u00fcne tan\u0131kl\u0131k ediyor. Zeytin a\u011fac\u0131 bilgeli\u011fi, \u00f6l\u00fcms\u00fczl\u00fc\u011f\u00fc, dayan\u0131kl\u0131l\u0131\u011f\u0131, dokusu, g\u00f6vdesindeki formlar\u0131yla da kendisine hayran b\u0131rak\u0131yor, \u00e7ok \u00f6zel bir a\u011fa\u00e7. Heykelde \u00e7al\u0131\u015f\u0131lmas\u0131 da \u00e7ok zor bir a\u011fa\u00e7t\u0131r. Ona uyum sa\u011flamak zorundas\u0131n\u0131z. Bu sergiyle insanl\u0131k tarihi i\u00e7in \u00e7ok \u00f6nemli olan zeytin a\u011fac\u0131na bir ba\u015fka boyutta bak\u0131lmas\u0131n\u0131, sa\u011flamak istedim. \u0130nsan\u0131n unuttu\u011fu do\u011fayla yeniden bar\u0131\u015fmas\u0131 gerek. Sergide yer alan fig\u00fcratif ve soyut \u00e7al\u0131\u015fmalar\u0131m\u0131n, hikayeleriyle de bu amaca katk\u0131 sa\u011flayaca\u011f\u0131na inan\u0131yorum\u201d diye konu\u015ftu. \u200b\u0130zmir\u2019de \u00e7al\u0131\u015fmalar\u0131n\u0131 s\u00fcrd\u00fcren heykeltra\u015f \u015eevki K\u00f6se\u2019nin, \u201c\u00d6lmez a\u011fac\u0131n g\u00f6lgesinde, \u201cSURETLER\u201d adl\u0131 heykel sergisi 19 Uluslararas\u0131 Ayval\u0131k Zeytin Hasat ve Turizm &hellip;"}