{"version":"1.0","provider_name":"Av. Deniz Can K\u0131z\u0131l","provider_url":"https:\/\/denizcankizil.tr\/uk","author_name":"Av. Deniz Can K\u0131z\u0131l","author_url":"https:\/\/denizcankizil.tr\/uk","title":"\u0130zmir'de at\u0131klar evlerde ayr\u0131\u015ft\u0131r\u0131lacak","type":"rich","width":600,"height":338,"html":"<blockquote class=\"wp-embedded-content\" data-secret=\"jZAcIhPTgY\"><a href=\"https:\/\/denizcankizil.tr\/uk\/haberler\/gundem\/izmirde-atiklar-evlerde-ayristirilacak\/\">\u0130zmir&#8217;de at\u0131klar evlerde ayr\u0131\u015ft\u0131r\u0131lacak<\/a><\/blockquote><iframe sandbox=\"allow-scripts\" security=\"restricted\" src=\"https:\/\/denizcankizil.tr\/uk\/haberler\/gundem\/izmirde-atiklar-evlerde-ayristirilacak\/embed\/#?secret=jZAcIhPTgY\" width=\"600\" height=\"338\" title=\"&#8220;\u0130zmir&#8217;de at\u0131klar evlerde ayr\u0131\u015ft\u0131r\u0131lacak&#8221; &#8212; Av. Deniz Can K\u0131z\u0131l\" data-secret=\"jZAcIhPTgY\" frameborder=\"0\" marginwidth=\"0\" marginheight=\"0\" scrolling=\"no\" class=\"wp-embedded-content\"><\/iframe><script>\n\/*! This file is auto-generated *\/\n!function(d,l){\"use strict\";l.querySelector&&d.addEventListener&&\"undefined\"!=typeof URL&&(d.wp=d.wp||{},d.wp.receiveEmbedMessage||(d.wp.receiveEmbedMessage=function(e){var t=e.data;if((t||t.secret||t.message||t.value)&&!\/[^a-zA-Z0-9]\/.test(t.secret)){for(var s,r,n,a=l.querySelectorAll('iframe[data-secret=\"'+t.secret+'\"]'),o=l.querySelectorAll('blockquote[data-secret=\"'+t.secret+'\"]'),c=new RegExp(\"^https?:$\",\"i\"),i=0;i<o.length;i++)o[i].style.display=\"none\";for(i=0;i<a.length;i++)s=a[i],e.source===s.contentWindow&&(s.removeAttribute(\"style\"),\"height\"===t.message?(1e3<(r=parseInt(t.value,10))?r=1e3:~~r<200&&(r=200),s.height=r):\"link\"===t.message&&(r=new URL(s.getAttribute(\"src\")),n=new URL(t.value),c.test(n.protocol))&&n.host===r.host&&l.activeElement===s&&(d.top.location.href=t.value))}},d.addEventListener(\"message\",d.wp.receiveEmbedMessage,!1),l.addEventListener(\"DOMContentLoaded\",function(){for(var e,t,s=l.querySelectorAll(\"iframe.wp-embedded-content\"),r=0;r<s.length;r++)(t=(e=s[r]).getAttribute(\"data-secret\"))||(t=Math.random().toString(36).substring(2,12),e.src+=\"#?secret=\"+t,e.setAttribute(\"data-secret\",t)),e.contentWindow.postMessage({message:\"ready\",secret:t},\"*\")},!1)))}(window,document);\n\/\/# sourceURL=https:\/\/denizcankizil.tr\/wp-includes\/js\/wp-embed.min.js\n<\/script>","description":"\u0130zmir B\u00fcy\u00fck\u015fehir Belediye Ba\u015fkan\u0131 Dr. Cemil Tugay, yeni haftaya G\u00fczelbah\u00e7e&#8217;de ba\u015flad\u0131. G\u00f6reve geldi\u011fi g\u00fcnden bu yana istek, proje ve sorunlar\u0131 yerinde dinleyen Ba\u015fkan Dr. Cemil Tugay, at\u0131klar\u0131n evlerde ayr\u0131\u015ft\u0131r\u0131lmas\u0131 ve geri d\u00f6n\u00fc\u015ft\u00fcr\u00fclmesi uygulamas\u0131na ba\u015flayacaklar\u0131n\u0131 belirterek, \u201cBu konuyu belki 1 ay i\u00e7inde \u0130zmir&#8217;de uygulan\u0131r hale getirece\u011fiz. Hi\u00e7 geri d\u00f6n\u00fc\u015ft\u00fcr\u00fclmeyen \u00e7\u00f6p kalmas\u0131n diye hayal ediyoruz\u201d dedi.\u0130ZM\u0130R (\u0130GFA) &#8211; \u0130zmir B\u00fcy\u00fck\u015fehir Belediye Ba\u015fkan\u0131 Dr. Cemil Tugay, koordinasyon toplant\u0131lar\u0131na G\u00fczelbah\u00e7e&#8217;de devam etti. G\u00fczelbah\u00e7e Belediye Ba\u015fkan\u0131 Mustafa G\u00fcnay ev sahipli\u011finde ger\u00e7ekle\u015fen toplant\u0131ya CHP \u0130zmir Milletvekili Ednan Arslan, \u0130zmir B\u00fcy\u00fck\u015fehir Belediyesi ve G\u00fczelbah\u00e7e Belediyesi b\u00fcrokratlar\u0131 kat\u0131ld\u0131. Ba\u015fkan Dr. Cemil Tugay, il\u00e7enin sorunlar\u0131n\u0131, ihtiya\u00e7lar\u0131n\u0131 dinledi ve gerekli \u00e7al\u0131\u015fmalar\u0131n h\u0131zla yap\u0131laca\u011f\u0131n\u0131 s\u00f6yledi. Ba\u015fkan Tugay, 2025 y\u0131l\u0131n\u0131n projeler y\u0131l\u0131 olaca\u011f\u0131n\u0131 kaydetti. \u0130l\u00e7eler ile koordinasyon toplant\u0131lar\u0131n\u0131 y\u0131lda iki kez yapacaklar\u0131n\u0131 belirten \u0130zmir B\u00fcy\u00fck\u015fehir Belediye Ba\u015fkan\u0131 Dr. Cemil Tugay, 2024\u2019te planlamalar\u0131 tamamlad\u0131klar\u0131n\u0131, 2025 y\u0131l\u0131nda ise daha da h\u0131zlanacaklar\u0131 ve daha fazla sorunu \u00e7\u00f6zeceklerini s\u00f6yledi. \u0130zmir&#8217;in 2030 y\u0131l\u0131na kadar karbon n\u00f6tr bir kent olmas\u0131 i\u00e7in \u00e7al\u0131\u015ft\u0131klar\u0131n\u0131 s\u00f6yleyen Ba\u015fkan Dr. Cemil Tugay,\u00a0 enerji t\u00fcketiminin makul seviyelere \u00e7ekilmesi gerekti\u011fini de belirterek \u201cBinalar\u0131n d\u0131\u015f cephelerinin ayd\u0131nlatmalar\u0131 ile ilgili baz\u0131 kurallar koyaca\u011f\u0131z ve baz\u0131 yasaklar getireceklerini s\u00f6yledi.\u00a0 Enerji t\u00fcketiminde biraz daha dikkatli olmay\u0131 ama\u00e7lad\u0131\u011f\u0131m\u0131z bir \u00e7al\u0131\u015fma olaca\u011f\u0131n\u0131 kaydeden Ba\u015fkan Dr. Tugay, &#8220;Bir de at\u0131klar\u0131n geri d\u00f6n\u00fc\u015f\u00fcm\u00fc &hellip;"}