{"version":"1.0","provider_name":"Av. Deniz Can K\u0131z\u0131l","provider_url":"https:\/\/denizcankizil.tr\/uk","author_name":"admin","author_url":"https:\/\/denizcankizil.tr\/uk\/author\/admin\/","title":"\u0130zmir Bornova\u2019da nakliyecilerin projesi hayata ge\u00e7iyor","type":"rich","width":600,"height":338,"html":"<blockquote class=\"wp-embedded-content\" data-secret=\"sAlWBXpgkg\"><a href=\"https:\/\/denizcankizil.tr\/uk\/haberler\/gundem\/izmir-bornovada-nakliyecilerin-projesi-hayata-geciyor\/\">\u0130zmir Bornova\u2019da nakliyecilerin projesi hayata ge\u00e7iyor<\/a><\/blockquote><iframe sandbox=\"allow-scripts\" security=\"restricted\" src=\"https:\/\/denizcankizil.tr\/uk\/haberler\/gundem\/izmir-bornovada-nakliyecilerin-projesi-hayata-geciyor\/embed\/#?secret=sAlWBXpgkg\" width=\"600\" height=\"338\" title=\"&#8220;\u0130zmir Bornova\u2019da nakliyecilerin projesi hayata ge\u00e7iyor&#8221; &#8212; Av. Deniz Can K\u0131z\u0131l\" data-secret=\"sAlWBXpgkg\" frameborder=\"0\" marginwidth=\"0\" marginheight=\"0\" scrolling=\"no\" class=\"wp-embedded-content\"><\/iframe><script>\n\/*! This file is auto-generated *\/\n!function(d,l){\"use strict\";l.querySelector&&d.addEventListener&&\"undefined\"!=typeof URL&&(d.wp=d.wp||{},d.wp.receiveEmbedMessage||(d.wp.receiveEmbedMessage=function(e){var t=e.data;if((t||t.secret||t.message||t.value)&&!\/[^a-zA-Z0-9]\/.test(t.secret)){for(var s,r,n,a=l.querySelectorAll('iframe[data-secret=\"'+t.secret+'\"]'),o=l.querySelectorAll('blockquote[data-secret=\"'+t.secret+'\"]'),c=new RegExp(\"^https?:$\",\"i\"),i=0;i<o.length;i++)o[i].style.display=\"none\";for(i=0;i<a.length;i++)s=a[i],e.source===s.contentWindow&&(s.removeAttribute(\"style\"),\"height\"===t.message?(1e3<(r=parseInt(t.value,10))?r=1e3:~~r<200&&(r=200),s.height=r):\"link\"===t.message&&(r=new URL(s.getAttribute(\"src\")),n=new URL(t.value),c.test(n.protocol))&&n.host===r.host&&l.activeElement===s&&(d.top.location.href=t.value))}},d.addEventListener(\"message\",d.wp.receiveEmbedMessage,!1),l.addEventListener(\"DOMContentLoaded\",function(){for(var e,t,s=l.querySelectorAll(\"iframe.wp-embedded-content\"),r=0;r<s.length;r++)(t=(e=s[r]).getAttribute(\"data-secret\"))||(t=Math.random().toString(36).substring(2,12),e.src+=\"#?secret=\"+t,e.setAttribute(\"data-secret\",t)),e.contentWindow.postMessage({message:\"ready\",secret:t},\"*\")},!1)))}(window,document);\n\/\/# sourceURL=https:\/\/denizcankizil.tr\/wp-includes\/js\/wp-embed.min.js\n<\/script>","description":"\u0130zmir&#8217;de Bornova Belediye Ba\u015fkan\u0131 \u00d6mer E\u015fki, I\u015f\u0131kkent\u2019te bulunan Kara Nakliyecileri Sitesi\u2019ni ziyaret ederek sekt\u00f6r temsilcileriyle bir araya geldi.\u0130ZM\u0130R (\u0130GFA) &#8211; Bornova\u2019da nakliyecilerin y\u0131llard\u0131r bekledi\u011fi proje hayata ge\u00e7iyor Kara Nakliyecileri Sitesi Ba\u015fkan\u0131 Adnan \u00c7etin ve y\u00f6netim kurulu \u00fcyeleriyle yap\u0131lan g\u00f6r\u00fc\u015fmede, esnaf\u0131n sorunlar\u0131 ve \u00e7\u00f6z\u00fcm \u00f6nerileri ele alan Belediye Ba\u015fkan\u0131 \u00d6mer E\u015fki, yap\u0131m\u0131 tamamlanmak \u00fczere olan ve Mart ay\u0131nda hizmete a\u00e7\u0131lmas\u0131 planlanan TIR Garaj\u0131\u2019nda incelemelerde bulundu. Modern TIR Garaj\u0131\u2019n\u0131n 100 araca ev sahipli\u011fi yapaca\u011f\u0131n\u0131 belirten Ba\u015fkan E\u015fki, tesisin b\u00f6lge trafi\u011fini rahatlataca\u011f\u0131n\u0131 ve lojistik sekt\u00f6r\u00fcne b\u00fcy\u00fck katk\u0131 sa\u011flayaca\u011f\u0131n\u0131 ifade etti. Yeme-i\u00e7me, tuvalet, du\u015f ve dinlenme alanlar\u0131n\u0131 i\u00e7eren modern tesisin, nakliyecilere uzun y\u0131llard\u0131r bekledikleri konforu sunaca\u011f\u0131n\u0131 vurgulad\u0131. Mevcut 14 d\u00f6n\u00fcml\u00fck parka ek olarak, Bornova\u2019da uygun bir alanda ikinci bir TIR Garaj\u0131 i\u00e7in de \u00e7al\u0131\u015fmalar\u0131n ba\u015flayaca\u011f\u0131n\u0131 belirten Ba\u015fkan E\u015fki, ayr\u0131ca site i\u00e7erisindeki yol ve temizlik konular\u0131ndaki talepleri de en k\u0131sa s\u00fcrede \u00e7\u00f6z\u00fcme kavu\u015fturacaklar\u0131n\u0131 s\u00f6yledi. Site Ba\u015fkan\u0131 Adnan \u00c7etin ise, &#8220;20 y\u0131ld\u0131r bekledi\u011fimiz TIR Garaj\u0131 sonunda hayata ge\u00e7iyor. Ba\u015fkan\u0131m\u0131za te\u015fekk\u00fcr ediyoruz. Bornova Belediyesi sayesinde sitemiz, \u0130zmir\u2019e ve Bornova\u2019ya yak\u0131\u015f\u0131r bir d\u00fczene kavu\u015fuyor&#8221; dedi. \u200b\u0130zmir&#8217;de Bornova Belediye Ba\u015fkan\u0131 \u00d6mer E\u015fki, I\u015f\u0131kkent\u2019te bulunan Kara Nakliyecileri Sitesi\u2019ni ziyaret ederek sekt\u00f6r temsilcileriyle bir araya geldi.\u0130ZM\u0130R (\u0130GFA) &#8211; Bornova\u2019da nakliyecilerin y\u0131llard\u0131r bekledi\u011fi proje hayata ge\u00e7iyor Kara Nakliyecileri Sitesi Ba\u015fkan\u0131 Adnan \u00c7etin &hellip;"}