{"version":"1.0","provider_name":"Av. Deniz Can K\u0131z\u0131l","provider_url":"https:\/\/denizcankizil.tr\/uk","author_name":"admin","author_url":"https:\/\/denizcankizil.tr\/uk\/author\/admin\/","title":"\u0130zmir Bornova\u2019da d\u00f6n\u00fc\u015f\u00fcm h\u0131z kesmiyor","type":"rich","width":600,"height":338,"html":"<blockquote class=\"wp-embedded-content\" data-secret=\"VhrXH6JGCb\"><a href=\"https:\/\/denizcankizil.tr\/uk\/haberler\/gundem\/izmir-bornovada-donusum-hiz-kesmiyor\/\">\u0130zmir Bornova\u2019da d\u00f6n\u00fc\u015f\u00fcm h\u0131z kesmiyor<\/a><\/blockquote><iframe sandbox=\"allow-scripts\" security=\"restricted\" src=\"https:\/\/denizcankizil.tr\/uk\/haberler\/gundem\/izmir-bornovada-donusum-hiz-kesmiyor\/embed\/#?secret=VhrXH6JGCb\" width=\"600\" height=\"338\" title=\"&#8220;\u0130zmir Bornova\u2019da d\u00f6n\u00fc\u015f\u00fcm h\u0131z kesmiyor&#8221; &#8212; Av. Deniz Can K\u0131z\u0131l\" data-secret=\"VhrXH6JGCb\" frameborder=\"0\" marginwidth=\"0\" marginheight=\"0\" scrolling=\"no\" class=\"wp-embedded-content\"><\/iframe><script>\n\/*! This file is auto-generated *\/\n!function(d,l){\"use strict\";l.querySelector&&d.addEventListener&&\"undefined\"!=typeof URL&&(d.wp=d.wp||{},d.wp.receiveEmbedMessage||(d.wp.receiveEmbedMessage=function(e){var t=e.data;if((t||t.secret||t.message||t.value)&&!\/[^a-zA-Z0-9]\/.test(t.secret)){for(var s,r,n,a=l.querySelectorAll('iframe[data-secret=\"'+t.secret+'\"]'),o=l.querySelectorAll('blockquote[data-secret=\"'+t.secret+'\"]'),c=new RegExp(\"^https?:$\",\"i\"),i=0;i<o.length;i++)o[i].style.display=\"none\";for(i=0;i<a.length;i++)s=a[i],e.source===s.contentWindow&&(s.removeAttribute(\"style\"),\"height\"===t.message?(1e3<(r=parseInt(t.value,10))?r=1e3:~~r<200&&(r=200),s.height=r):\"link\"===t.message&&(r=new URL(s.getAttribute(\"src\")),n=new URL(t.value),c.test(n.protocol))&&n.host===r.host&&l.activeElement===s&&(d.top.location.href=t.value))}},d.addEventListener(\"message\",d.wp.receiveEmbedMessage,!1),l.addEventListener(\"DOMContentLoaded\",function(){for(var e,t,s=l.querySelectorAll(\"iframe.wp-embedded-content\"),r=0;r<s.length;r++)(t=(e=s[r]).getAttribute(\"data-secret\"))||(t=Math.random().toString(36).substring(2,12),e.src+=\"#?secret=\"+t,e.setAttribute(\"data-secret\",t)),e.contentWindow.postMessage({message:\"ready\",secret:t},\"*\")},!1)))}(window,document);\n\/\/# sourceURL=https:\/\/denizcankizil.tr\/wp-includes\/js\/wp-embed.min.js\n<\/script>","description":"CHP \u0130zmir \u0130l Ba\u015fkan\u0131 \u015eenol Aslano\u011flu, Bornova Belediye Ba\u015fkan\u0131 \u00d6mer E\u015fki ile birlikte il\u00e7edeki projeleri yerinde inceledi. CHP Bornova \u0130l\u00e7e Ba\u015fkan\u0131 Ert\u00fcrk \u00c7ap\u0131n, il ve il\u00e7e y\u00f6neticileri ile meclis \u00fcyelerinin de kat\u0131ld\u0131\u011f\u0131 inceleme turunda, Bornova\u2019n\u0131n \u00e7ehresini de\u011fi\u015ftirecek projeler tan\u0131t\u0131ld\u0131.\u0130ZM\u0130R (\u0130GFA) &#8211; \u0130zmir&#8217;in Bornova il\u00e7esinde ilk olarak P\u0131narba\u015f\u0131\u2019nda y\u00fcr\u00fct\u00fclen yol yap\u0131m \u00e7al\u0131\u015fmalar\u0131 hakk\u0131nda bilgi veren Bornova Belediye Ba\u015fkan\u0131 \u00d6mer E\u015fki, iki etapta tamamlanacak 4 km\u2019lik yeni g\u00fczergah\u0131n b\u00f6lgenin ula\u015f\u0131m\u0131n\u0131 rahatlataca\u011f\u0131n\u0131 s\u00f6yledi. Kemalpa\u015fa Caddesi\u2019nden ba\u015flay\u0131p Ankara Asfalt\u0131\u2019na kadar uzanacak yolun tamamen yenilenece\u011fini belirten E\u015fki, s\u00f6k\u00fcm i\u015flemlerinin ba\u015flad\u0131\u011f\u0131n\u0131 ve \u0131\u015f\u0131kland\u0131rma ile peyzaj \u00e7al\u0131\u015fmalar\u0131yla b\u00f6lgeye modern bir g\u00f6r\u00fcn\u00fcm kazand\u0131r\u0131laca\u011f\u0131n\u0131 ifade etti. Ayr\u0131ca, Bornova Belediyesi Park ve Bah\u00e7eler M\u00fcd\u00fcrl\u00fc\u011f\u00fc\u2019ne ba\u011fl\u0131 fidanl\u0131k alan\u0131n\u0131n yenilendi\u011fini belirten E\u015fki, \u201cArtan kapasitemizle birlikte Bornova\u2019n\u0131n ihtiyac\u0131 olan \u00e7i\u00e7ek, bitki ve a\u011fa\u00e7lar\u0131 art\u0131k daha verimli \u015fekilde \u00fcretebiliyoruz\u201d dedi. I\u015eIKKENT\u2019TE NAKL\u0130YEC\u0130LERE MODERN TIR GARAJI \u0130nceleme turunun son dura\u011f\u0131 I\u015f\u0131kkent\u2019te yap\u0131m\u0131 tamamlanan modern TIR Garaj\u0131 oldu. 100 TIR kapasiteli tesisin, b\u00f6lgedeki lojistik sekt\u00f6r\u00fcne b\u00fcy\u00fck katk\u0131 sa\u011flayaca\u011f\u0131n\u0131 belirten Ba\u015fkan E\u015fki, \u201cBu garaj sadece bir park alan\u0131 de\u011fil, ayn\u0131 zamanda nakliyecilerimiz i\u00e7in bir dinlenme merkezi olacak. Yeme-i\u00e7me alanlar\u0131, tuvalet, du\u015f ve konforlu dinlenme yerleriyle uzun y\u0131llard\u0131r beklenen modernizasyonu sa\u011fl\u0131yoruz\u201d dedi. \u0130l\u00e7ede yap\u0131lan yat\u0131r\u0131mlar\u0131n Bornoval\u0131lar i\u00e7in oldu\u011funu belirten Ba\u015fkan \u00d6mer E\u015fki, \u201cG\u00f6reve geldi\u011fimiz g\u00fcnden bu yana ula\u015f\u0131m, &hellip;"}