{"version":"1.0","provider_name":"Av. Deniz Can K\u0131z\u0131l","provider_url":"https:\/\/denizcankizil.tr\/uk","author_name":"admin","author_url":"https:\/\/denizcankizil.tr\/uk\/author\/admin\/","title":"\u0130stanbul'da sanat bulu\u015fmalar\u0131 devam ediyor","type":"rich","width":600,"height":338,"html":"<blockquote class=\"wp-embedded-content\" data-secret=\"7YojmTczk8\"><a href=\"https:\/\/denizcankizil.tr\/uk\/haberler\/gundem\/istanbulda-sanat-bulusmalari-devam-ediyor\/\">\u0130stanbul&#8217;da sanat bulu\u015fmalar\u0131 devam ediyor<\/a><\/blockquote><iframe sandbox=\"allow-scripts\" security=\"restricted\" src=\"https:\/\/denizcankizil.tr\/uk\/haberler\/gundem\/istanbulda-sanat-bulusmalari-devam-ediyor\/embed\/#?secret=7YojmTczk8\" width=\"600\" height=\"338\" title=\"&#8220;\u0130stanbul&#8217;da sanat bulu\u015fmalar\u0131 devam ediyor&#8221; &#8212; Av. Deniz Can K\u0131z\u0131l\" data-secret=\"7YojmTczk8\" frameborder=\"0\" marginwidth=\"0\" marginheight=\"0\" scrolling=\"no\" class=\"wp-embedded-content\"><\/iframe><script>\n\/*! This file is auto-generated *\/\n!function(d,l){\"use strict\";l.querySelector&&d.addEventListener&&\"undefined\"!=typeof URL&&(d.wp=d.wp||{},d.wp.receiveEmbedMessage||(d.wp.receiveEmbedMessage=function(e){var t=e.data;if((t||t.secret||t.message||t.value)&&!\/[^a-zA-Z0-9]\/.test(t.secret)){for(var s,r,n,a=l.querySelectorAll('iframe[data-secret=\"'+t.secret+'\"]'),o=l.querySelectorAll('blockquote[data-secret=\"'+t.secret+'\"]'),c=new RegExp(\"^https?:$\",\"i\"),i=0;i<o.length;i++)o[i].style.display=\"none\";for(i=0;i<a.length;i++)s=a[i],e.source===s.contentWindow&&(s.removeAttribute(\"style\"),\"height\"===t.message?(1e3<(r=parseInt(t.value,10))?r=1e3:~~r<200&&(r=200),s.height=r):\"link\"===t.message&&(r=new URL(s.getAttribute(\"src\")),n=new URL(t.value),c.test(n.protocol))&&n.host===r.host&&l.activeElement===s&&(d.top.location.href=t.value))}},d.addEventListener(\"message\",d.wp.receiveEmbedMessage,!1),l.addEventListener(\"DOMContentLoaded\",function(){for(var e,t,s=l.querySelectorAll(\"iframe.wp-embedded-content\"),r=0;r<s.length;r++)(t=(e=s[r]).getAttribute(\"data-secret\"))||(t=Math.random().toString(36).substring(2,12),e.src+=\"#?secret=\"+t,e.setAttribute(\"data-secret\",t)),e.contentWindow.postMessage({message:\"ready\",secret:t},\"*\")},!1)))}(window,document);\n\/\/# sourceURL=https:\/\/denizcankizil.tr\/wp-includes\/js\/wp-embed.min.js\n<\/script>","description":"\u0130stanbul Beylikd\u00fcz\u00fc Belediyesi taraf\u0131ndan d\u00fczenlenen Beylikd\u00fcz\u00fc Sanat Bulu\u015fmalar\u0131 Sat\u0131r Aras\u0131 Sohbetleri\u2019nin ikinci konu\u011fu foto\u011fraf\u00e7\u0131 ve seyyah \u00d6zcan Yurdalan oldu. Beylikd\u00fcz\u00fc Atat\u00fcrk K\u00fclt\u00fcr ve Sanat Merkezi\u2019nde ger\u00e7ekle\u015fen s\u00f6yle\u015fide foto\u011fraf\u00e7\u0131l\u0131\u011f\u0131n optik bilimi ve resim sanat\u0131n\u0131n i\u00e7inde geli\u015fen tarihini anlatan Yurdalan, tarihte iz b\u0131rakm\u0131\u015f kad\u0131n foto\u011fraf\u00e7\u0131lar\u0131n hik\u00e2yelerine de de\u011findi. \u0130STANBUL (\u0130GFA) &#8211; \u0130stanbul\u00a0Beylikd\u00fcz\u00fc Belediyesi\u2019nin sanat\u0131n her alan\u0131ndan isimleri sanatseverlerle bulu\u015fturdu\u011fu \u201cSanat Bulu\u015fmalar\u0131\u201d devam ediyor. \u0130lk olarak oyuncu ve yazar Ercan Kesal\u2019\u0131 a\u011f\u0131rlayan Beylikd\u00fcz\u00fc Atat\u00fcrk K\u00fclt\u00fcr ve Sanat Merkezi\u2019nin (BAKSM) bu haftaki konu\u011fu foto\u011fraf sanat\u00e7\u0131s\u0131 \u00d6zcan Yurdalan oldu. Bir gezgin ve yazar olarak da tan\u0131nan Yurdalan, &#8220;Foto\u011fraf\u0131n Gizli B\u0131rak\u0131lm\u0131\u015f Tarihi&#8221; ba\u015fl\u0131kl\u0131 s\u00f6yle\u015fisinde dinleyicileri M\u00d6. 500\u2019lerden bug\u00fcne, MoZi\u2019den\u0130bn-i Heysem\u2019e, Da Vinci\u2019den dijital foto\u011fraf makinelerinin mucidi Steve Sassol\u2019a uzanan bir yolculu\u011fa \u00e7\u0131kard\u0131. Sanat\u00e7\u0131, konu\u015fmas\u0131n\u0131n bir b\u00f6l\u00fcm\u00fcn\u00fc de T\u00fcrkiye ve d\u00fcnyadaki tan\u0131nm\u0131\u015f kad\u0131n foto\u011fraf\u00e7\u0131lar\u0131n \u00f6nemine ay\u0131rd\u0131. Foto\u011fraf\u00e7\u0131l\u0131\u011f\u0131n toplumsal tarihine odaklanmak gerekti\u011fini belirten Yurdalan, s\u00f6yle\u015fisinde foto\u011fraf\u0131n bir sanat olman\u0131n \u00f6tesine ge\u00e7ip, belgeleme arac\u0131 olmas\u0131n\u0131n \u00fczerinde durdu. \u201cT\u00fcrkiye s\u00f6zl\u00fc bir k\u00fclt\u00fcre sahip, foto\u011frafa hak etti\u011fi de\u011fer verilmiyor\u201d \u201cFoto\u011fraf\u0131n tarihini sadece Bat\u0131\u2019daki geli\u015fmelerden ba\u015flatarak anlatmak do\u011fru de\u011fil\u201d diyen \u00d6zcan Yurdalan;Buda, Konf\u00fc\u00e7yus ve Sokrates\u2019ten ba\u015flayarak anlatt\u0131\u011f\u0131 foto\u011fraf\u00e7\u0131l\u0131k tarihini Sanayi Devrimi, Amerikan \u0130\u00e7 Sava\u015f\u0131 ve Afrika\u2019n\u0131n s\u00f6m\u00fcrgecilik tarihiyle i\u00e7e i\u00e7e ge\u00e7irip, her biri belge niteli\u011findeki unutulmaz foto\u011fraflar\u0131 bir slayt g\u00f6sterisi e\u015fli\u011findeBAKSM\u2019yi dolduran &hellip;"}