{"version":"1.0","provider_name":"Av. Deniz Can K\u0131z\u0131l","provider_url":"https:\/\/denizcankizil.tr\/uk","author_name":"admin","author_url":"https:\/\/denizcankizil.tr\/uk\/author\/admin\/","title":"\u0130\u015eKUR Ocak'ta 107 bin 582 ki\u015fiyi i\u015fe yerle\u015ftirdi","type":"rich","width":600,"height":338,"html":"<blockquote class=\"wp-embedded-content\" data-secret=\"YjoiOLaGnU\"><a href=\"https:\/\/denizcankizil.tr\/uk\/haberler\/gundem\/iskur-ocakta-107-bin-582-kisiyi-ise-yerlestirdi\/\">\u0130\u015eKUR Ocak&#8217;ta 107 bin 582 ki\u015fiyi i\u015fe yerle\u015ftirdi<\/a><\/blockquote><iframe sandbox=\"allow-scripts\" security=\"restricted\" src=\"https:\/\/denizcankizil.tr\/uk\/haberler\/gundem\/iskur-ocakta-107-bin-582-kisiyi-ise-yerlestirdi\/embed\/#?secret=YjoiOLaGnU\" width=\"600\" height=\"338\" title=\"&#8220;\u0130\u015eKUR Ocak&#8217;ta 107 bin 582 ki\u015fiyi i\u015fe yerle\u015ftirdi&#8221; &#8212; Av. Deniz Can K\u0131z\u0131l\" data-secret=\"YjoiOLaGnU\" frameborder=\"0\" marginwidth=\"0\" marginheight=\"0\" scrolling=\"no\" class=\"wp-embedded-content\"><\/iframe><script>\n\/*! This file is auto-generated *\/\n!function(d,l){\"use strict\";l.querySelector&&d.addEventListener&&\"undefined\"!=typeof URL&&(d.wp=d.wp||{},d.wp.receiveEmbedMessage||(d.wp.receiveEmbedMessage=function(e){var t=e.data;if((t||t.secret||t.message||t.value)&&!\/[^a-zA-Z0-9]\/.test(t.secret)){for(var s,r,n,a=l.querySelectorAll('iframe[data-secret=\"'+t.secret+'\"]'),o=l.querySelectorAll('blockquote[data-secret=\"'+t.secret+'\"]'),c=new RegExp(\"^https?:$\",\"i\"),i=0;i<o.length;i++)o[i].style.display=\"none\";for(i=0;i<a.length;i++)s=a[i],e.source===s.contentWindow&&(s.removeAttribute(\"style\"),\"height\"===t.message?(1e3<(r=parseInt(t.value,10))?r=1e3:~~r<200&&(r=200),s.height=r):\"link\"===t.message&&(r=new URL(s.getAttribute(\"src\")),n=new URL(t.value),c.test(n.protocol))&&n.host===r.host&&l.activeElement===s&&(d.top.location.href=t.value))}},d.addEventListener(\"message\",d.wp.receiveEmbedMessage,!1),l.addEventListener(\"DOMContentLoaded\",function(){for(var e,t,s=l.querySelectorAll(\"iframe.wp-embedded-content\"),r=0;r<s.length;r++)(t=(e=s[r]).getAttribute(\"data-secret\"))||(t=Math.random().toString(36).substring(2,12),e.src+=\"#?secret=\"+t,e.setAttribute(\"data-secret\",t)),e.contentWindow.postMessage({message:\"ready\",secret:t},\"*\")},!1)))}(window,document);\n\/\/# sourceURL=https:\/\/denizcankizil.tr\/wp-includes\/js\/wp-embed.min.js\n<\/script>","description":"D\u00fcn itibariyle \u0130\u015eKUR Gen\u00e7lik Program\u0131&#8217;na ba\u015fvurular\u0131 almaya ba\u015flad\u0131klar\u0131n\u0131 duyuran \u00c7al\u0131\u015fma ve Sosyal G\u00fcvenlik Bakan\u0131 Vedat I\u015f\u0131khan, y\u0131l\u0131n ilk ay\u0131na ili\u015fkin T\u00fcrkiye \u0130\u015f Kurumu&#8217;nun istatistiklerini payla\u015ft\u0131. Bakan I\u015f\u0131khan, 107 bin 582 vatanda\u015f\u0131n Ocak ay\u0131nda i\u015fe yerle\u015ftirilmesine arac\u0131l\u0131k edildi\u011fini duyurdu.ANKARA (\u0130GFA) &#8211; \u00c7al\u0131\u015fma ve Sosyal G\u00fcvenlik Bakan\u0131 Prof. Dr. Vedat I\u015f\u0131khan, sosyal medya hesab\u0131ndan 2025 y\u0131l\u0131 Ocak ay\u0131na ili\u015fkin \u0130\u015eKUR&#8217;un faaliyetlerini rakamlarla \u00f6zetledi. 265 bin 975 bireysel g\u00f6r\u00fc\u015fmenin yap\u0131ld\u0131\u011f\u0131 Ocak ay\u0131nda 107 bin 582 ki\u015finin i\u015fe yerle\u015ftirildi\u011fini a\u00e7\u0131klayan Bakan I\u015f\u0131khan, 73 bin 935 i\u015fyeri ziyareti yap\u0131ld\u0131\u011f\u0131n\u0131 belirtti. Bakan I\u015f\u0131khan, aktif i\u015fg\u00fcc\u00fc program\u0131ndan yararlananlar\u0131n say\u0131s\u0131n\u0131n 3 bin 830&#8217;a ula\u015ft\u0131\u011f\u0131n\u0131 duyururken, \u0130\u015f Kul\u00fcb\u00fc&#8217;nden 3 bin 692 ki\u015finin yararland\u0131\u011f\u0131n\u0131, i\u015fveren taraf\u0131ndan talep edilen i\u015fg\u00fcc\u00fcn\u00fc ifade eden a\u00e7\u0131k i\u015f say\u0131s\u0131n\u0131n ise 199 bin 405 olarak a\u00e7\u0131kland\u0131\u011f\u0131n\u0131 kaydetti. 2025 Ocak ay\u0131na \u0130\u015eKUR&#8217;un faaliyetlerini rakamlarla \u00f6zetleyen Vedat I\u015f\u0131khan infografik \u00e7al\u0131\u015fmas\u0131n\u0131\u00a0 &#8220;Unutma #\u0130\u015eKURda\u0130\u015fVar&#8221; etiketiyle payla\u015ft\u0131. \u200bD\u00fcn itibariyle \u0130\u015eKUR Gen\u00e7lik Program\u0131&#8217;na ba\u015fvurular\u0131 almaya ba\u015flad\u0131klar\u0131n\u0131 duyuran \u00c7al\u0131\u015fma ve Sosyal G\u00fcvenlik Bakan\u0131 Vedat I\u015f\u0131khan, y\u0131l\u0131n ilk ay\u0131na ili\u015fkin T\u00fcrkiye \u0130\u015f Kurumu&#8217;nun istatistiklerini payla\u015ft\u0131. Bakan I\u015f\u0131khan, 107 bin 582 vatanda\u015f\u0131n Ocak ay\u0131nda i\u015fe yerle\u015ftirilmesine arac\u0131l\u0131k edildi\u011fini duyurdu.ANKARA (\u0130GFA) &#8211; \u00c7al\u0131\u015fma ve Sosyal G\u00fcvenlik Bakan\u0131 Prof. Dr. Vedat I\u015f\u0131khan, sosyal medya hesab\u0131ndan 2025 y\u0131l\u0131 Ocak ay\u0131na ili\u015fkin \u0130\u015eKUR&#8217;un faaliyetlerini rakamlarla \u00f6zetledi. 265 bin 975 &hellip;"}