{"version":"1.0","provider_name":"Av. Deniz Can K\u0131z\u0131l","provider_url":"https:\/\/denizcankizil.tr\/uk","author_name":"admin","author_url":"https:\/\/denizcankizil.tr\/uk\/author\/admin\/","title":"\u0130skenderun\u2019da Teleferik Projesi \u0130\u00e7in \u0130lk Ad\u0131m\u2026","type":"rich","width":600,"height":338,"html":"<blockquote class=\"wp-embedded-content\" data-secret=\"yRR3ggzTAt\"><a href=\"https:\/\/denizcankizil.tr\/uk\/haberler\/gundem\/iskenderunda-teleferik-projesi-icin-ilk-adim\/\">\u0130skenderun\u2019da Teleferik Projesi \u0130\u00e7in \u0130lk Ad\u0131m\u2026<\/a><\/blockquote><iframe sandbox=\"allow-scripts\" security=\"restricted\" src=\"https:\/\/denizcankizil.tr\/uk\/haberler\/gundem\/iskenderunda-teleferik-projesi-icin-ilk-adim\/embed\/#?secret=yRR3ggzTAt\" width=\"600\" height=\"338\" title=\"&#8220;\u0130skenderun\u2019da Teleferik Projesi \u0130\u00e7in \u0130lk Ad\u0131m\u2026&#8221; &#8212; Av. Deniz Can K\u0131z\u0131l\" data-secret=\"yRR3ggzTAt\" frameborder=\"0\" marginwidth=\"0\" marginheight=\"0\" scrolling=\"no\" class=\"wp-embedded-content\"><\/iframe><script>\n\/*! This file is auto-generated *\/\n!function(d,l){\"use strict\";l.querySelector&&d.addEventListener&&\"undefined\"!=typeof URL&&(d.wp=d.wp||{},d.wp.receiveEmbedMessage||(d.wp.receiveEmbedMessage=function(e){var t=e.data;if((t||t.secret||t.message||t.value)&&!\/[^a-zA-Z0-9]\/.test(t.secret)){for(var s,r,n,a=l.querySelectorAll('iframe[data-secret=\"'+t.secret+'\"]'),o=l.querySelectorAll('blockquote[data-secret=\"'+t.secret+'\"]'),c=new RegExp(\"^https?:$\",\"i\"),i=0;i<o.length;i++)o[i].style.display=\"none\";for(i=0;i<a.length;i++)s=a[i],e.source===s.contentWindow&&(s.removeAttribute(\"style\"),\"height\"===t.message?(1e3<(r=parseInt(t.value,10))?r=1e3:~~r<200&&(r=200),s.height=r):\"link\"===t.message&&(r=new URL(s.getAttribute(\"src\")),n=new URL(t.value),c.test(n.protocol))&&n.host===r.host&&l.activeElement===s&&(d.top.location.href=t.value))}},d.addEventListener(\"message\",d.wp.receiveEmbedMessage,!1),l.addEventListener(\"DOMContentLoaded\",function(){for(var e,t,s=l.querySelectorAll(\"iframe.wp-embedded-content\"),r=0;r<s.length;r++)(t=(e=s[r]).getAttribute(\"data-secret\"))||(t=Math.random().toString(36).substring(2,12),e.src+=\"#?secret=\"+t,e.setAttribute(\"data-secret\",t)),e.contentWindow.postMessage({message:\"ready\",secret:t},\"*\")},!1)))}(window,document);\n\/\/# sourceURL=https:\/\/denizcankizil.tr\/wp-includes\/js\/wp-embed.min.js\n<\/script>","description":"Do\u011fu Akdeniz\u2019in en g\u00fczel yama\u00e7 para\u015f\u00fct\u00fc pistine sahip \u0130skenderun, bu potansiyelinin etki alan\u0131n\u0131 geni\u015fletmek \u00fczere b\u00f6lge turizmine \u00e7ok \u00f6nemli katk\u0131 sunmas\u0131 ve art\u0131rmay\u0131 hedefleyen proje kapsam\u0131nda ger\u00e7ekle\u015ftirilen saha gezisinde, teknik de\u011ferlendirmeler yap\u0131larak projenin fizibilite s\u00fcreci \u00fczerine g\u00f6r\u00fc\u015f al\u0131\u015fveri\u015finde bulunuldu. \u0130skenderun K\u00f6rfezi ve \u015fehir manzaras\u0131n\u0131 ku\u015f bak\u0131\u015f\u0131 g\u00f6rme f\u0131rsat\u0131 sunan, yama\u00e7 para\u015f\u00fct\u00fc pist alan\u0131 ile \u015fehir aras\u0131nda kurulmas\u0131 planlanan teleferik projesi kapsam\u0131nda Belediye Ba\u015fkan\u0131 Mehmet D\u00f6nmez ile Kaymakam Muhammet \u00d6nder b\u00f6lgeyi \u00e7e\u015fitli noktalarda gezdi ve inceledi. \u00a0 Kaymakam \u00d6nder\u2019le uygulanabilecek projeyle ilgili yerinde de\u011ferlendirmeler yapan Belediye Ba\u015fkan\u0131 Mehmet D\u00f6nmez, \u201c\u015eehrimizin yeniden in\u015fas\u0131 s\u00fcrecinde, turizm ve sosyal ya\u015fam alanlar\u0131na b\u00fcy\u00fck katk\u0131 sa\u011flayacak teleferik projesi ile \u0130skenderun\u2019a ayr\u0131 bir g\u00fczellik ve de\u011fer kazand\u0131rmay\u0131 ama\u00e7l\u0131yoruz. Fizibilite \u00e7al\u0131\u015fmalar\u0131n\u0131 bir an \u00f6nce tamamlayarak, k\u0131sa s\u00fcrede projeye start vermeyi hedefliyoruz\u201d dedi. Ba\u015fkan D\u00f6nmez, projenin hem yerel ekonomiye hem de kent esteti\u011fine \u00f6nemli katk\u0131lar sa\u011flayaca\u011f\u0131n\u0131 vurgularken, teleferik hatt\u0131n\u0131n do\u011fal g\u00fczelliklerle b\u00fct\u00fcnle\u015ferek ziyaret\u00e7ilere e\u015fsiz bir deneyim sunaca\u011f\u0131n\u0131 ifade etti. \u200b\u0130skenderun Belediye Ba\u015fkan\u0131 Mehmet D\u00f6nmez, \u0130skenderun Kaymakam\u0131 Muhammet \u00d6nder ile birlikte A\u015fkarbeyli Mahallesi\u2019nde yer alan yama\u00e7 para\u015f\u00fct\u00fc alan\u0131nda yap\u0131lmas\u0131 planlanan teleferik projesi i\u00e7in incelemelerde bulundu.\u00a0 \u200bHaberin Al\u0131nt\u0131land\u0131\u011f\u0131 Kaynak: www.iskenderun.org"}