{"version":"1.0","provider_name":"Av. Deniz Can K\u0131z\u0131l","provider_url":"https:\/\/denizcankizil.tr\/uk","author_name":"admin","author_url":"https:\/\/denizcankizil.tr\/uk\/author\/admin\/","title":"\u0130skenderun\u2019da Polis Haftas\u0131 Co\u015fkusu\u2026","type":"rich","width":600,"height":338,"html":"<blockquote class=\"wp-embedded-content\" data-secret=\"ALztjGSEad\"><a href=\"https:\/\/denizcankizil.tr\/uk\/haberler\/gundem\/iskenderunda-polis-haftasi-coskusu\/\">\u0130skenderun\u2019da Polis Haftas\u0131 Co\u015fkusu\u2026<\/a><\/blockquote><iframe sandbox=\"allow-scripts\" security=\"restricted\" src=\"https:\/\/denizcankizil.tr\/uk\/haberler\/gundem\/iskenderunda-polis-haftasi-coskusu\/embed\/#?secret=ALztjGSEad\" width=\"600\" height=\"338\" title=\"&#8220;\u0130skenderun\u2019da Polis Haftas\u0131 Co\u015fkusu\u2026&#8221; &#8212; Av. Deniz Can K\u0131z\u0131l\" data-secret=\"ALztjGSEad\" frameborder=\"0\" marginwidth=\"0\" marginheight=\"0\" scrolling=\"no\" class=\"wp-embedded-content\"><\/iframe><script>\n\/*! This file is auto-generated *\/\n!function(d,l){\"use strict\";l.querySelector&&d.addEventListener&&\"undefined\"!=typeof URL&&(d.wp=d.wp||{},d.wp.receiveEmbedMessage||(d.wp.receiveEmbedMessage=function(e){var t=e.data;if((t||t.secret||t.message||t.value)&&!\/[^a-zA-Z0-9]\/.test(t.secret)){for(var s,r,n,a=l.querySelectorAll('iframe[data-secret=\"'+t.secret+'\"]'),o=l.querySelectorAll('blockquote[data-secret=\"'+t.secret+'\"]'),c=new RegExp(\"^https?:$\",\"i\"),i=0;i<o.length;i++)o[i].style.display=\"none\";for(i=0;i<a.length;i++)s=a[i],e.source===s.contentWindow&&(s.removeAttribute(\"style\"),\"height\"===t.message?(1e3<(r=parseInt(t.value,10))?r=1e3:~~r<200&&(r=200),s.height=r):\"link\"===t.message&&(r=new URL(s.getAttribute(\"src\")),n=new URL(t.value),c.test(n.protocol))&&n.host===r.host&&l.activeElement===s&&(d.top.location.href=t.value))}},d.addEventListener(\"message\",d.wp.receiveEmbedMessage,!1),l.addEventListener(\"DOMContentLoaded\",function(){for(var e,t,s=l.querySelectorAll(\"iframe.wp-embedded-content\"),r=0;r<s.length;r++)(t=(e=s[r]).getAttribute(\"data-secret\"))||(t=Math.random().toString(36).substring(2,12),e.src+=\"#?secret=\"+t,e.setAttribute(\"data-secret\",t)),e.contentWindow.postMessage({message:\"ready\",secret:t},\"*\")},!1)))}(window,document);\n\/\/# sourceURL=https:\/\/denizcankizil.tr\/wp-includes\/js\/wp-embed.min.js\n<\/script>","description":"On Nisan Polis haftas\u0131 nedeniyle \u0130skenderun\u2019da \u0130l\u00e7e Emniyet M\u00fcd\u00fcrl\u00fc\u011f\u00fc amirleri ile personel, Arsuz \u0130l\u00e7e Emniyet M\u00fcd\u00fcr\u00fc Hasan G\u00fcn, Belen \u0130l\u00e7e Emniyet M\u00fcd\u00fcr\u00fc Soner \u00d6nder Lek \u015fehitli\u011fi ziyaret ettiler. Ayr\u0131ca \u015eehitlikteki d\u00fczenlenen t\u00f6ren, \u00e7elenk sunumuyla ba\u015flad\u0131, sayg\u0131 duru\u015fu ve istiklal mar\u015f\u0131m\u0131z\u0131n okundu. \u0130skenderun \u0130l\u00e7e M\u00fcft\u00fcs\u00fc Ramazan Avc\u0131 da t\u00fcm \u015fehitlerin ruhuna dualar okumas\u0131n\u0131n ard\u0131ndan g\u00fcn\u00fcn anlam ve \u00f6nemini belirten bir konu\u015fma yapan \u0130l\u00e7e Emniyet M\u00fcd\u00fcr\u00fc G\u00fcne\u015f, \u201cBug\u00fcn T\u00fcrk Polis Te\u015fkilat\u0131m\u0131z\u0131n 180. kurulu\u015f y\u0131l d\u00f6n\u00fcm\u00fcn\u00fc kutlamak i\u00e7in bir araya gelmi\u015f bulunmaktay\u0131z. Vatan\u0131m\u0131z\u0131n d\u00f6rt bir yan\u0131nda gece g\u00fcnd\u00fcz demeden fedak\u00e2rca g\u00f6rev yapan t\u00fcm emniyet mensuplar\u0131m\u0131z\u0131 sayg\u0131yla selaml\u0131yorum\u201d dedi. \u201c7\/24 G\u00d6REV BA\u015eINDAYIZ\u201d 1845 y\u0131l\u0131ndan bu yana T\u00fcrk Polis Te\u015fkilat\u0131n\u0131n halk\u0131n huzur ve g\u00fcvenli\u011finin teminat\u0131 oldu\u011funu belirten G\u00fcne\u015f, \u201cTe\u015fkilat hukukun \u00fcst\u00fcnl\u00fc\u011f\u00fc, insan haklar\u0131na sayg\u0131 ve demokratik de\u011ferlere ba\u011fl\u0131l\u0131k ilkeleriyle g\u00f6rev yapmaktad\u0131r. Meslekta\u015flar\u0131m: \u2018Sizler su\u00e7 ve su\u00e7luyla m\u00fccadelede, vatanda\u015flar\u0131m\u0131z\u0131n can ve mal g\u00fcvenli\u011fini sa\u011flamada, ter\u00f6rle m\u00fccadelede ve asayi\u015fin temininde b\u00fcy\u00fck bir \u00f6zveriyle \u00e7al\u0131\u015f\u0131yorsunuz. Kar\u015f\u0131la\u015ft\u0131\u011f\u0131n\u0131z zorluklar\u0131n fark\u0131nday\u0131m ancak azminiz, kararl\u0131l\u0131\u011f\u0131n\u0131z ve vatan sevginizle her t\u00fcrl\u00fc zorlu\u011fun \u00fcstesinden gelece\u011finize inan\u0131yorum\u201d diye konu\u015ftu. Emniyet te\u015fkilat\u0131n\u0131n g\u00f6revini yerine getirirken her zaman hukukun \u00fcst\u00fcnl\u00fc\u011f\u00fcne, insan haklar\u0131na ve etik de\u011ferlere ba\u011fl\u0131 kald\u0131\u011f\u0131n\u0131 belirten G\u00fcne\u015f, toplumun deste\u011fiyle T\u00fcrk Polis Te\u015fkilat\u0131n\u0131n daha g\u00fc\u00e7l\u00fc ve etkin \u015fekilde g\u00f6rev yapaca\u011f\u0131na inand\u0131\u011f\u0131n\u0131 dile getirdi. \u00dc\u00e7 il\u00e7enin Emniyet &hellip;"}