{"version":"1.0","provider_name":"Av. Deniz Can K\u0131z\u0131l","provider_url":"https:\/\/denizcankizil.tr\/uk","author_name":"admin","author_url":"https:\/\/denizcankizil.tr\/uk\/author\/admin\/","title":"\u0130skenderun\u2019da \u00c7al\u0131\u015fan Gazeteciler G\u00fcn\u00fc Kutland\u0131","type":"rich","width":600,"height":338,"html":"<blockquote class=\"wp-embedded-content\" data-secret=\"i2G6wK4puw\"><a href=\"https:\/\/denizcankizil.tr\/uk\/haberler\/gundem\/iskenderunda-calisan-gazeteciler-gunu-kutlandi\/\">\u0130skenderun\u2019da \u00c7al\u0131\u015fan Gazeteciler G\u00fcn\u00fc Kutland\u0131<\/a><\/blockquote><iframe sandbox=\"allow-scripts\" security=\"restricted\" src=\"https:\/\/denizcankizil.tr\/uk\/haberler\/gundem\/iskenderunda-calisan-gazeteciler-gunu-kutlandi\/embed\/#?secret=i2G6wK4puw\" width=\"600\" height=\"338\" title=\"&#8220;\u0130skenderun\u2019da \u00c7al\u0131\u015fan Gazeteciler G\u00fcn\u00fc Kutland\u0131&#8221; &#8212; Av. Deniz Can K\u0131z\u0131l\" data-secret=\"i2G6wK4puw\" frameborder=\"0\" marginwidth=\"0\" marginheight=\"0\" scrolling=\"no\" class=\"wp-embedded-content\"><\/iframe><script>\n\/*! This file is auto-generated *\/\n!function(d,l){\"use strict\";l.querySelector&&d.addEventListener&&\"undefined\"!=typeof URL&&(d.wp=d.wp||{},d.wp.receiveEmbedMessage||(d.wp.receiveEmbedMessage=function(e){var t=e.data;if((t||t.secret||t.message||t.value)&&!\/[^a-zA-Z0-9]\/.test(t.secret)){for(var s,r,n,a=l.querySelectorAll('iframe[data-secret=\"'+t.secret+'\"]'),o=l.querySelectorAll('blockquote[data-secret=\"'+t.secret+'\"]'),c=new RegExp(\"^https?:$\",\"i\"),i=0;i<o.length;i++)o[i].style.display=\"none\";for(i=0;i<a.length;i++)s=a[i],e.source===s.contentWindow&&(s.removeAttribute(\"style\"),\"height\"===t.message?(1e3<(r=parseInt(t.value,10))?r=1e3:~~r<200&&(r=200),s.height=r):\"link\"===t.message&&(r=new URL(s.getAttribute(\"src\")),n=new URL(t.value),c.test(n.protocol))&&n.host===r.host&&l.activeElement===s&&(d.top.location.href=t.value))}},d.addEventListener(\"message\",d.wp.receiveEmbedMessage,!1),l.addEventListener(\"DOMContentLoaded\",function(){for(var e,t,s=l.querySelectorAll(\"iframe.wp-embedded-content\"),r=0;r<s.length;r++)(t=(e=s[r]).getAttribute(\"data-secret\"))||(t=Math.random().toString(36).substring(2,12),e.src+=\"#?secret=\"+t,e.setAttribute(\"data-secret\",t)),e.contentWindow.postMessage({message:\"ready\",secret:t},\"*\")},!1)))}(window,document);\n\/\/# sourceURL=https:\/\/denizcankizil.tr\/wp-includes\/js\/wp-embed.min.js\n<\/script>","description":"T\u00f6ren kapsam\u0131nda, Atat\u00fcrk An\u0131t\u0131\u2019na \u00e7elenk b\u0131rak\u0131ld\u0131ktan sonra, ba\u015fta Gazi Mustafa Kemal Atat\u00fcrk ve silah arkada\u015flar\u0131 olmak \u00fczere, ebediyete intikal eden bas\u0131n emek\u00e7ileri i\u00e7in bir dakikal\u0131k sayg\u0131 duru\u015funda bulunuldu. Ard\u0131ndan \u0130stiklal Mar\u015f\u0131 okundu. \u201cBas\u0131n Emek\u00e7ilerinin G\u00fcn\u00fc Kutlu Olsun\u201d \u0130GC Ba\u015fkan\u0131 Diyap Atar, g\u00fcn\u00fcn anlam ve \u00f6nemine ili\u015fkin bir konu\u015fma yaparak, ebediyete intikal etmi\u015f bas\u0131n \u00e7al\u0131\u015fanlar\u0131n\u0131 rahmetle anarken, t\u00fcm gazetecilerin 10 Ocak \u00c7al\u0131\u015fan Gazeteciler G\u00fcn\u00fc\u2019n\u00fc kutlad\u0131. KAYMAKAM \u00d6NDER\u2019E Z\u0130YARET Etkinlikler kapsam\u0131nda, \u0130GC \u00fcyeleri \u0130skenderun Kaymakam\u0131 Muhammet \u00d6nder\u2019i ziyaret ederek, hem \u00c7al\u0131\u015fan Gazeteciler G\u00fcn\u00fc\u2019n\u00fc hem de ayn\u0131 tarihte kutlanan \u0130dareciler G\u00fcn\u00fc\u2019n\u00fc tebrik etti. Kaymakam \u00d6nder, bas\u0131n mensuplar\u0131yla keyifli bir sohbet ger\u00e7ekle\u015ftirdi. KAHVALTILI BULU\u015eMA D\u00dcZENLEND\u0130 \u0130skenderun Belediyesi\u2019nin ev sahipli\u011finde d\u00fczenlenen kahvalt\u0131 program\u0131nda da Kaymakam Muhammet \u00d6nder, bas\u0131n mensuplar\u0131n\u0131 tebrik ederek \u201c10 Ocak hem \u0130dareciler G\u00fcn\u00fc hem de \u00c7al\u0131\u015fan Gazeteciler G\u00fcn\u00fc olarak kutlan\u0131yor. 1961 y\u0131l\u0131nda bas\u0131n emek\u00e7ilerinin haklar\u0131n\u0131 kazand\u0131\u011f\u0131 yasan\u0131n y\u00fcr\u00fcrl\u00fc\u011fe girmesiyle bu anlaml\u0131 g\u00fcn kutlanmaya ba\u015flad\u0131. Bas\u0131n, yap\u0131lan hizmetlerin halka ula\u015ft\u0131r\u0131lmas\u0131nda ve vatanda\u015f\u0131n taleplerinin duyurulmas\u0131nda k\u00f6pr\u00fc vazifesi g\u00f6rmektedir. Bu nedenle bas\u0131n\u0131n yapt\u0131\u011f\u0131 i\u015f, \u00e7ok k\u0131ymetlidir\u201d diye konu\u015ftu. 10 Ocak \u00c7al\u0131\u015fan Gazeteciler G\u00fcn\u00fc dolay\u0131s\u0131yla d\u00fczenlenen etkinlikler, gazetecilerin mesleki de\u011ferlerini bir kez daha hat\u0131rlatarak birlik ve dayan\u0131\u015fma i\u00e7inde kutland\u0131. \u200bT\u00fcm yurtta oldu\u011fu gibi Hatay\u2019\u0131n \u0130skenderun il\u00e7esinde de 10 Ocak \u00c7al\u0131\u015fan Gazeteciler G\u00fcn\u00fc, d\u00fczenlenen etkinliklerle kutland\u0131. \u0130skenderun &hellip;"}